{"id":55197,"date":"2025-12-03T17:12:36","date_gmt":"2025-12-03T16:12:36","guid":{"rendered":"https:\/\/www.ifplants.eu\/datenschutzerklarung\/"},"modified":"2025-12-16T21:54:45","modified_gmt":"2025-12-16T20:54:45","slug":"datenschutzerklarung","status":"publish","type":"page","link":"https:\/\/www.ifplants.eu\/de\/datenschutzerklarung\/","title":{"rendered":"Datenschutzerkl\u00e4rung"},"content":{"rendered":"<div class=\"wpb-content-wrapper\"><p>[vc_row][vc_column][vc_column_text]<strong>MEDITERPLANTS, S.L.<\/strong>, als Verantwortlicher f\u00fcr die Datenverarbeitung, informiert Sie dar\u00fcber, dass Ihre personenbezogenen Daten gem\u00e4\u00df den Bestimmungen der Verordnung (EU) 2016\/679 vom 27. April (DSGVO) sowie des Gesetzes L.O. 3\/2018 vom 5. Dezember \u00fcber den Schutz personenbezogener Daten und die Gew\u00e4hrleistung digitaler Rechte (LOPDGDD) verarbeitet werden.<\/p>\n<p>In dieser Datenschutzerkl\u00e4rung erl\u00e4utern wir, wie und zu welchen Zwecken wir Ihre personenbezogenen Daten erheben und verarbeiten, an wen sie weitergegeben werden, wie wir sie sch\u00fctzen und welche Rechte Ihnen in Bezug auf deren Verarbeitung zustehen.<\/p>\n<p>Diese Richtlinie gilt f\u00fcr die Verarbeitung Ihrer personenbezogenen Daten, die vom Unternehmen zur Erbringung seiner Dienstleistungen erhoben werden. Durch die Nutzung unserer Dienstleistungen erkl\u00e4ren Sie sich mit der Verarbeitung Ihrer personenbezogenen Daten gem\u00e4\u00df dieser Datenschutzerkl\u00e4rung einverstanden. <\/p>\n<p>1. Kontakt<br \/>\nFirmenname: <strong>MEDITERPLANTS, S.L.<\/strong><br \/>\nHandelsname: <strong>IF PLANTS P\u00c9PINI\u00c8RES<\/strong><br \/>\nSteueridentifikationsnummer: B-67247726<br \/>\nSitz: <strong>C \/ Passatge Adolf Comeron, 18, 2. Etage, B\u00fcro 2-0, 08302 Matar\u00f3<\/strong><br \/>\nE-Mail-Adresse: info@ifplants.eu<\/p>\n<p><strong>2. Grunds\u00e4tze:<br \/>\n<\/strong><br \/>\nWir haben uns stets verpflichtet, unsere Dienstleistungen in ausgezeichneter Qualit\u00e4t zu erbringen, was auch die sichere und transparente Verarbeitung Ihrer Daten einschlie\u00dft. Unsere Grunds\u00e4tze: <\/p>\n<ul>\n<li>Rechtm\u00e4\u00dfigkeit der Verarbeitung: Wir werden Ihre personenbezogenen Daten nur f\u00fcr spezifische, ausdr\u00fcckliche und legitime Zwecke erheben.<\/li>\n<li>Datenminimierung: Wir beschr\u00e4nken die Erhebung personenbezogener Daten auf das, was f\u00fcr die Zwecke, f\u00fcr die sie erhoben wurden, unbedingt relevant und notwendig ist.<\/li>\n<li>Zweckbindung: Wir werden Ihre personenbezogenen Daten nur f\u00fcr die angegebenen Zwecke und nur gem\u00e4\u00df Ihren W\u00fcnschen erheben.<\/li>\n<li>Datensicherheit: Wir wenden geeignete und risikoproportionale technische und organisatorische Ma\u00dfnahmen an, um sicherzustellen, dass Ihre Daten keinen Sch\u00e4den wie unbefugter Offenlegung oder Zugriff, versehentlicher oder illegaler Zerst\u00f6rung, versehentlichem Verlust oder Ver\u00e4nderung und jeder anderen Form unrechtm\u00e4\u00dfiger Verarbeitung unterliegen.<\/li>\n<li>Zugang und Berichtigung: Wir stellen Ihnen die Mittel zur Verf\u00fcgung, um auf Ihre Daten zuzugreifen oder diese zu \u00e4ndern, wenn Sie dies f\u00fcr angemessen halten.<\/li>\n<li>Speicherbegrenzung: Wir speichern Ihre personenbezogenen Daten rechtm\u00e4\u00dfig und angemessen, so lange wie es f\u00fcr die Zwecke, f\u00fcr die sie erhoben wurden, erforderlich ist.<\/li>\n<li>Internationale \u00dcbermittlungen: Wenn Ihre Daten au\u00dferhalb der EU \/ des EWR \u00fcbermittelt werden, werden sie ordnungsgem\u00e4\u00df gesch\u00fctzt.<\/li>\n<li>Weitergabe an Dritte: Der Zugriff auf und die \u00dcbermittlung personenbezogener Daten an Dritte erfolgt gem\u00e4\u00df den geltenden Gesetzen und Vorschriften und unter Einhaltung der entsprechenden vertraglichen Garantien.<\/li>\n<li>Direktmarketing und Cookies: Wir halten uns an die geltende Gesetzgebung bez\u00fcglich Werbung und Cookies.<\/li>\n<\/ul>\n<p><strong>3. Erhebung und Verarbeitung Ihrer personenbezogenen Daten:<\/strong><br \/>\nDie Arten von Daten, die unser Unternehmen erhebt und verarbeitet, sind Identifikationsdaten, die f\u00fcr den Betrieb unserer Website notwendig sind. Neben den Identifikationsdaten werden auch die Daten Ihres Besuchs auf unserer Website automatisch erhoben, wie in der Cookie-Richtlinie angegeben. <\/p>\n<p>Jedes Mal, wenn wir Ihre personenbezogenen Daten anfordern, werden wir Sie \u00fcber den Zweck ihrer Verarbeitung informieren. Sofern keine gesetzliche Verpflichtung besteht, erfolgt keine Weitergabe personenbezogener Daten an Dritte. <\/p>\n<p><strong>4. Zweck der Verarbeitung personenbezogener Daten:<\/strong><\/p>\n<ul>\n<li><span style=\"font-size: 14px; letter-spacing: 0px;\">Versand kommerzieller Werbemitteilungen \u2013 Durch diese Mitteilungen werden die Nutzer \u00fcber alle Angebote, Aktionen und M\u00f6glichkeiten informiert, die unsere Website bietet. Im Newsletter-Bereich gibt der Nutzer an, dass er diese Art von Kommunikation in der vordefinierten H\u00e4ufigkeit erhalten m\u00f6chte. <\/span><\/li>\n<li>Durchf\u00fchrung statistischer Studien \u2013 Ihre Daten, Meinungen und Vorschl\u00e4ge k\u00f6nnen verwendet werden, um unsere Produktauswahl im Katalog zu erweitern oder zu verbessern.<\/li>\n<li>Verwaltung von Bestellungen, die von Nutzern auf unserer Website aufgegeben wurden \u2013 dies umfasst die Kommunikation und Datenverarbeitung, um den Kunden \u00fcber den Status seiner Bestellung zu informieren, Vorf\u00e4lle zu bearbeiten oder ihn bei Problemen zu kontaktieren.<\/li>\n<\/ul>\n<p><strong>5. Speicherdauer der Daten:<\/strong><br \/>\nDie Daten, die f\u00fcr den Versand kommerzieller Mitteilungen oder f\u00fcr statistische Zwecke (einschlie\u00dflich Umfrageinformationen) verwendet werden, werden f\u00fcr einen unbestimmten Zeitraum gespeichert, sofern der Nutzer der Verarbeitung nicht schriftlich \u00fcber eine der angegebenen Kontaktadressen widerspricht.<\/p>\n<ul>\n<li>Die Daten, die f\u00fcr die Registrierung auf der Website bereitgestellt werden, werden unbegrenzt gespeichert, bis der Nutzer deren L\u00f6schung beantragt.<\/li>\n<li>Die Daten, die zur Bearbeitung von Angebotsanfragen, Anfragen zu unserem Pflanzenmietservice oder unserem Service f\u00fcr Einzelpflanzen oder zur Durchf\u00fchrung von Landschaftsstudien verwendet werden, werden so lange gespeichert, wie es zur Beantwortung und zum Abschluss dieser Anfragen erforderlich ist. Danach werden sie so lange aufbewahrt, wie eine rechtliche Haftung aufgrund m\u00f6glicher Kundenbeschwerden geltend gemacht werden kann. <\/li>\n<li>Die Daten zur Verwaltung der von den Nutzern aufgegebenen Bestellungen werden f\u00fcr die gesamte Dauer der Dienstleistungserbringung und dar\u00fcber hinaus bis zum Verj\u00e4hren m\u00f6glicher Haftungsanspr\u00fcche aufbewahrt.<\/li>\n<\/ul>\n<p><strong>6. Rechte, die durch die Daten\u00fcbermittlung entstehen:<\/strong><br \/>\nHinsichtlich der Aus\u00fcbung der in der geltenden Datenschutz-Grundverordnung enthaltenen Rechte k\u00f6nnen folgende Ma\u00dfnahmen ergriffen werden.<\/p>\n<ul>\n<li>Zugriff auf Ihre personenbezogenen Daten und alle weiteren Informationen gem\u00e4\u00df Artikel 15.1 der DSGVO.<\/li>\n<li>Berichtigung Ihrer unrichtigen oder unvollst\u00e4ndigen personenbezogenen Daten gem\u00e4\u00df Artikel 16 der DSGVO.<\/li>\n<li>L\u00f6schung Ihrer personenbezogenen Daten gem\u00e4\u00df Artikel 17 der DSGVO.<\/li>\n<li>Einschr\u00e4nkung der Verarbeitung Ihrer personenbezogenen Daten gem\u00e4\u00df Artikel 18 der DSGVO.<\/li>\n<li>Beantragung der Daten\u00fcbertragbarkeit gem\u00e4\u00df Artikel 20 der DSGVO.<\/li>\n<li>Widerspruch gegen die Verarbeitung Ihrer personenbezogenen Daten gem\u00e4\u00df Artikel 21 der DSGVO.<\/li>\n<\/ul>\n<p>Um diese Rechte auszu\u00fcben, senden Sie bitte eine Mitteilung an folgende Adresse: info@ifplants.eu. Unser Team wird Sie innerhalb von 48 Stunden kontaktieren, um die angeforderte Bearbeitung vorzunehmen. <\/p>\n<p>Um diese Rechte auszu\u00fcben, k\u00f6nnen Sie eine Mitteilung an folgende Adresse senden: info@ifplants.eu<\/p>\n<p><strong>7. Abmeldung von Werbemitteilungen (Newsletter):<\/strong><br \/>\nWenn Sie sich abmelden und unsere Mitteilungen nicht mehr erhalten m\u00f6chten, k\u00f6nnen Sie dies tun, indem Sie eine E-Mail an info@ifplants.eu senden und Ihre Abmeldung sowie den Grund daf\u00fcr angeben.<\/p>\n<p><strong>8. Spezifikationen bei der Datenverwaltung:<\/strong><br \/>\nDer Nutzer ist daf\u00fcr verantwortlich, IF PLANTS P\u00e9pini\u00e8res Partner \u00fcber jede \u00c4nderung der zuvor bereitgestellten Daten zu informieren und garantiert, dass er allein f\u00fcr deren Richtigkeit verantwortlich ist. Sollte der Nutzer unwahre Daten bereitgestellt haben, beh\u00e4lt sich unser Team das Recht vor, ihm den Zugang zu unserer Website zu verwehren. <\/p>\n<p>PLANTS P\u00e9pini\u00e8res haftet nicht f\u00fcr m\u00f6gliche Sch\u00e4den, die aus Interferenzen, Auslassungen, Unterbrechungen, Computerviren, Telefonst\u00f6rungen oder Verbindungsabbr\u00fcchen im operativen Betrieb dieses elektronischen Systems resultieren k\u00f6nnen, sofern diese durch Ursachen au\u00dferhalb des Einflussbereichs von PLANTS P\u00e9pini\u00e8res verursacht wurden.<\/p>\n<p><strong>9. Rechtliche Hinweise:<\/strong><br \/>\nDie Anforderungen dieser Richtlinie erg\u00e4nzen, ohne sie zu ersetzen, alle anderen Anforderungen gem\u00e4\u00df dem geltenden Datenschutzgesetz. <\/p>\n<p>Diese Richtlinie unterliegt regelm\u00e4\u00dfigen \u00dcberarbeitungen und das Unternehmen kann sie jederzeit \u00e4ndern. In diesem Fall stimmt der Nutzer ausdr\u00fccklich der Verarbeitung und Einbeziehung der Daten zu, die beim Surfen auf dem Portal gesammelt oder durch Ausf\u00fcllen eines Formulars bereitgestellt werden, sowie der Daten, die aus der Gesch\u00e4ftsbeziehung stammen, gem\u00e4\u00df den Bestimmungen dieser Datenschutzrichtlinie. [\/vc_column_text][\/vc_column][\/vc_row]<\/p>\n<\/div>","protected":false},"excerpt":{"rendered":"<p>[vc_row][vc_column][vc_column_text]MEDITERPLANTS, S.L., als Verantwortlicher f\u00fcr die Datenverarbeitung, informiert Sie dar\u00fcber, dass Ihre personenbezogenen Daten gem\u00e4\u00df den Bestimmungen der Verordnung (EU) 2016\/679 vom 27. April (DSGVO) sowie des Gesetzes L.O. 3\/2018 vom 5. Dezember \u00fcber den Schutz personenbezogener Daten und die Gew\u00e4hrleistung digitaler Rechte (LOPDGDD) verarbeitet werden. In dieser Datenschutzerkl\u00e4rung erl\u00e4utern wir, wie und zu welchen [&hellip;]<\/p>\n","protected":false},"author":1,"featured_media":0,"parent":0,"menu_order":0,"comment_status":"closed","ping_status":"closed","template":"","meta":{"_joinchat":[],"footnotes":""},"class_list":["post-55197","page","type-page","status-publish","hentry"],"yoast_head":"<!-- This site is optimized with the Yoast SEO plugin v27.4 - https:\/\/yoast.com\/product\/yoast-seo-wordpress\/ -->\n<title>Datenschutzerkl\u00e4rung | ifplants<\/title>\n<meta name=\"robots\" content=\"noindex, follow\" \/>\n<meta property=\"og:locale\" content=\"de_DE\" \/>\n<meta property=\"og:type\" content=\"article\" \/>\n<meta property=\"og:title\" content=\"Datenschutzerkl\u00e4rung | ifplants\" \/>\n<meta property=\"og:description\" content=\"[vc_row][vc_column][vc_column_text]MEDITERPLANTS, S.L., als Verantwortlicher f\u00fcr die Datenverarbeitung, informiert Sie dar\u00fcber, dass Ihre personenbezogenen Daten gem\u00e4\u00df den Bestimmungen der Verordnung (EU) 2016\/679 vom 27. April (DSGVO) sowie des Gesetzes L.O. 3\/2018 vom 5. Dezember \u00fcber den Schutz personenbezogener Daten und die Gew\u00e4hrleistung digitaler Rechte (LOPDGDD) verarbeitet werden. In dieser Datenschutzerkl\u00e4rung erl\u00e4utern wir, wie und zu welchen [&hellip;]\" \/>\n<meta property=\"og:url\" content=\"https:\/\/www.ifplants.eu\/de\/datenschutzerklarung\/\" \/>\n<meta property=\"og:site_name\" content=\"ifplants\" \/>\n<meta property=\"article:publisher\" content=\"https:\/\/www.facebook.com\/ifplantspepinieres\/\" \/>\n<meta property=\"article:modified_time\" content=\"2025-12-16T20:54:45+00:00\" \/>\n<meta name=\"twitter:card\" content=\"summary_large_image\" \/>\n<meta name=\"twitter:label1\" content=\"Gesch\u00e4tzte Lesezeit\" \/>\n\t<meta name=\"twitter:data1\" content=\"6\u00a0Minuten\" \/>\n<script type=\"application\/ld+json\" class=\"yoast-schema-graph\">{\"@context\":\"https:\\\/\\\/schema.org\",\"@graph\":[{\"@type\":\"WebPage\",\"@id\":\"https:\\\/\\\/www.ifplants.eu\\\/de\\\/datenschutzerklarung\\\/\",\"url\":\"https:\\\/\\\/www.ifplants.eu\\\/de\\\/datenschutzerklarung\\\/\",\"name\":\"Datenschutzerkl\u00e4rung | ifplants\",\"isPartOf\":{\"@id\":\"https:\\\/\\\/www.ifplants.eu\\\/de\\\/#website\"},\"datePublished\":\"2025-12-03T16:12:36+00:00\",\"dateModified\":\"2025-12-16T20:54:45+00:00\",\"breadcrumb\":{\"@id\":\"https:\\\/\\\/www.ifplants.eu\\\/de\\\/datenschutzerklarung\\\/#breadcrumb\"},\"inLanguage\":\"de\",\"potentialAction\":[{\"@type\":\"ReadAction\",\"target\":[\"https:\\\/\\\/www.ifplants.eu\\\/de\\\/datenschutzerklarung\\\/\"]}]},{\"@type\":\"BreadcrumbList\",\"@id\":\"https:\\\/\\\/www.ifplants.eu\\\/de\\\/datenschutzerklarung\\\/#breadcrumb\",\"itemListElement\":[{\"@type\":\"ListItem\",\"position\":1,\"name\":\"Accueil\",\"item\":\"https:\\\/\\\/www.ifplants.eu\\\/de\\\/\"},{\"@type\":\"ListItem\",\"position\":2,\"name\":\"Datenschutzerkl\u00e4rung\"}]},{\"@type\":\"WebSite\",\"@id\":\"https:\\\/\\\/www.ifplants.eu\\\/de\\\/#website\",\"url\":\"https:\\\/\\\/www.ifplants.eu\\\/de\\\/\",\"name\":\"ifplants\",\"description\":\"Otro sitio realizado con WordPress\",\"publisher\":{\"@id\":\"https:\\\/\\\/www.ifplants.eu\\\/de\\\/#organization\"},\"potentialAction\":[{\"@type\":\"SearchAction\",\"target\":{\"@type\":\"EntryPoint\",\"urlTemplate\":\"https:\\\/\\\/www.ifplants.eu\\\/de\\\/?s={search_term_string}\"},\"query-input\":{\"@type\":\"PropertyValueSpecification\",\"valueRequired\":true,\"valueName\":\"search_term_string\"}}],\"inLanguage\":\"de\"},{\"@type\":\"Organization\",\"@id\":\"https:\\\/\\\/www.ifplants.eu\\\/de\\\/#organization\",\"name\":\"ifplants\",\"url\":\"https:\\\/\\\/www.ifplants.eu\\\/de\\\/\",\"logo\":{\"@type\":\"ImageObject\",\"inLanguage\":\"de\",\"@id\":\"https:\\\/\\\/www.ifplants.eu\\\/de\\\/#\\\/schema\\\/logo\\\/image\\\/\",\"url\":\"https:\\\/\\\/www.ifplants.eu\\\/wp-content\\\/uploads\\\/2021\\\/03\\\/logo.png\",\"contentUrl\":\"https:\\\/\\\/www.ifplants.eu\\\/wp-content\\\/uploads\\\/2021\\\/03\\\/logo.png\",\"width\":116,\"height\":70,\"caption\":\"ifplants\"},\"image\":{\"@id\":\"https:\\\/\\\/www.ifplants.eu\\\/de\\\/#\\\/schema\\\/logo\\\/image\\\/\"},\"sameAs\":[\"https:\\\/\\\/www.facebook.com\\\/ifplantspepinieres\\\/\",\"https:\\\/\\\/www.instagram.com\\\/ifplants\\\/\",\"https:\\\/\\\/www.linkedin.com\\\/company\\\/if-plants\\\/\",\"https:\\\/\\\/youtube.com\\\/channel\\\/UC69COSViXsi8cJQuMQlWRew\"]}]}<\/script>\n<!-- \/ Yoast SEO plugin. -->","yoast_head_json":{"title":"Datenschutzerkl\u00e4rung | ifplants","robots":{"index":"noindex","follow":"follow"},"og_locale":"de_DE","og_type":"article","og_title":"Datenschutzerkl\u00e4rung | ifplants","og_description":"[vc_row][vc_column][vc_column_text]MEDITERPLANTS, S.L., als Verantwortlicher f\u00fcr die Datenverarbeitung, informiert Sie dar\u00fcber, dass Ihre personenbezogenen Daten gem\u00e4\u00df den Bestimmungen der Verordnung (EU) 2016\/679 vom 27. April (DSGVO) sowie des Gesetzes L.O. 3\/2018 vom 5. Dezember \u00fcber den Schutz personenbezogener Daten und die Gew\u00e4hrleistung digitaler Rechte (LOPDGDD) verarbeitet werden. In dieser Datenschutzerkl\u00e4rung erl\u00e4utern wir, wie und zu welchen [&hellip;]","og_url":"https:\/\/www.ifplants.eu\/de\/datenschutzerklarung\/","og_site_name":"ifplants","article_publisher":"https:\/\/www.facebook.com\/ifplantspepinieres\/","article_modified_time":"2025-12-16T20:54:45+00:00","twitter_card":"summary_large_image","twitter_misc":{"Gesch\u00e4tzte Lesezeit":"6\u00a0Minuten"},"schema":{"@context":"https:\/\/schema.org","@graph":[{"@type":"WebPage","@id":"https:\/\/www.ifplants.eu\/de\/datenschutzerklarung\/","url":"https:\/\/www.ifplants.eu\/de\/datenschutzerklarung\/","name":"Datenschutzerkl\u00e4rung | ifplants","isPartOf":{"@id":"https:\/\/www.ifplants.eu\/de\/#website"},"datePublished":"2025-12-03T16:12:36+00:00","dateModified":"2025-12-16T20:54:45+00:00","breadcrumb":{"@id":"https:\/\/www.ifplants.eu\/de\/datenschutzerklarung\/#breadcrumb"},"inLanguage":"de","potentialAction":[{"@type":"ReadAction","target":["https:\/\/www.ifplants.eu\/de\/datenschutzerklarung\/"]}]},{"@type":"BreadcrumbList","@id":"https:\/\/www.ifplants.eu\/de\/datenschutzerklarung\/#breadcrumb","itemListElement":[{"@type":"ListItem","position":1,"name":"Accueil","item":"https:\/\/www.ifplants.eu\/de\/"},{"@type":"ListItem","position":2,"name":"Datenschutzerkl\u00e4rung"}]},{"@type":"WebSite","@id":"https:\/\/www.ifplants.eu\/de\/#website","url":"https:\/\/www.ifplants.eu\/de\/","name":"ifplants","description":"Otro sitio realizado con WordPress","publisher":{"@id":"https:\/\/www.ifplants.eu\/de\/#organization"},"potentialAction":[{"@type":"SearchAction","target":{"@type":"EntryPoint","urlTemplate":"https:\/\/www.ifplants.eu\/de\/?s={search_term_string}"},"query-input":{"@type":"PropertyValueSpecification","valueRequired":true,"valueName":"search_term_string"}}],"inLanguage":"de"},{"@type":"Organization","@id":"https:\/\/www.ifplants.eu\/de\/#organization","name":"ifplants","url":"https:\/\/www.ifplants.eu\/de\/","logo":{"@type":"ImageObject","inLanguage":"de","@id":"https:\/\/www.ifplants.eu\/de\/#\/schema\/logo\/image\/","url":"https:\/\/www.ifplants.eu\/wp-content\/uploads\/2021\/03\/logo.png","contentUrl":"https:\/\/www.ifplants.eu\/wp-content\/uploads\/2021\/03\/logo.png","width":116,"height":70,"caption":"ifplants"},"image":{"@id":"https:\/\/www.ifplants.eu\/de\/#\/schema\/logo\/image\/"},"sameAs":["https:\/\/www.facebook.com\/ifplantspepinieres\/","https:\/\/www.instagram.com\/ifplants\/","https:\/\/www.linkedin.com\/company\/if-plants\/","https:\/\/youtube.com\/channel\/UC69COSViXsi8cJQuMQlWRew"]}]}},"_links":{"self":[{"href":"https:\/\/www.ifplants.eu\/de\/wp-json\/wp\/v2\/pages\/55197","targetHints":{"allow":["GET"]}}],"collection":[{"href":"https:\/\/www.ifplants.eu\/de\/wp-json\/wp\/v2\/pages"}],"about":[{"href":"https:\/\/www.ifplants.eu\/de\/wp-json\/wp\/v2\/types\/page"}],"author":[{"embeddable":true,"href":"https:\/\/www.ifplants.eu\/de\/wp-json\/wp\/v2\/users\/1"}],"replies":[{"embeddable":true,"href":"https:\/\/www.ifplants.eu\/de\/wp-json\/wp\/v2\/comments?post=55197"}],"version-history":[{"count":5,"href":"https:\/\/www.ifplants.eu\/de\/wp-json\/wp\/v2\/pages\/55197\/revisions"}],"predecessor-version":[{"id":59620,"href":"https:\/\/www.ifplants.eu\/de\/wp-json\/wp\/v2\/pages\/55197\/revisions\/59620"}],"wp:attachment":[{"href":"https:\/\/www.ifplants.eu\/de\/wp-json\/wp\/v2\/media?parent=55197"}],"curies":[{"name":"wp","href":"https:\/\/api.w.org\/{rel}","templated":true}]}}