{"id":56673,"date":"2025-12-03T18:40:57","date_gmt":"2025-12-03T17:40:57","guid":{"rendered":"https:\/\/www.ifplants.eu\/if-plants-ihr-partner-fuer-die-abwicklung-des-pflanzenkaufs-in-spanien\/"},"modified":"2026-01-19T19:07:38","modified_gmt":"2026-01-19T18:07:38","slug":"if-plants-ihr-partner-fuer-die-abwicklung-des-pflanzenkaufs-in-spanien","status":"publish","type":"page","link":"https:\/\/www.ifplants.eu\/de\/","title":{"rendered":"If Plants | Ihr Partner f\u00fcr die Abwicklung des Pflanzenkaufs in Spanien"},"content":{"rendered":"<div class=\"wpb-content-wrapper\"><p>[vc_row][vc_column][rev_slider_vc alias=&#8220;home-de&#8220;][\/vc_column][\/vc_row][vc_row css=&#8220;.vc_custom_1614676183862{background-color: #ffffff !important;}&#8220;][vc_column]\t<div class=\"jws-logo text-center lolo-defaul  wpb_animate_when_almost_visible wpb_0 0\">\r\n      <div class=\"\">\r\n                  <div class=\"item-logo col-md-3 col-sm-6 col-xs-12\"><img decoding=\"async\" src=\"https:\/\/www.ifplants.eu\/wp-content\/uploads\/2021\/03\/paysalia-logo.png\" alt=\"logo\"><\/div>         <div class=\"item-logo col-md-3 col-sm-6 col-xs-12\"><img decoding=\"async\" src=\"https:\/\/www.ifplants.eu\/wp-content\/uploads\/2021\/03\/Landscape-Logo-Industry.jpg\" alt=\"logo\"><\/div>         <div class=\"item-logo col-md-3 col-sm-6 col-xs-12\"><img decoding=\"async\" src=\"https:\/\/www.ifplants.eu\/wp-content\/uploads\/2024\/05\/ipm-china.png\" alt=\"logo\"><\/div>         <div class=\"item-logo col-md-3 col-sm-6 col-xs-12\"><img decoding=\"async\" src=\"https:\/\/www.ifplants.eu\/wp-content\/uploads\/2021\/03\/Fepex-logo-web.jpg\" alt=\"logo\"><\/div>         <div class=\"item-logo col-md-3 col-sm-6 col-xs-12\"><img decoding=\"async\" src=\"https:\/\/www.ifplants.eu\/wp-content\/uploads\/2021\/03\/1Horiz.jpg\" alt=\"logo\"><\/div>      <\/div>\r\n\t<\/div>\r\n\r\n[\/vc_column][\/vc_row][vc_row css=&#8220;.vc_custom_1675644308995{padding-top: 30px !important;padding-bottom: 10px !important;background-color: #e2e8e8 !important;}&#8220;][vc_column][vc_column_text]<\/p>\n<h4 style=\"text-align: center;\">Erhalten Sie Preise und Verf\u00fcgbarkeit in weniger als 48 Stunden<\/h4>\n<p>[\/vc_column_text][vc_column_text]<\/p>\n<h2 style=\"text-align: center;\"><strong><span style=\"color: #333333;\">Vorteile<\/span><\/strong><\/h2>\n<p>[\/vc_column_text][vc_empty_space height=&#8220;42px&#8220;]        <div class=\"service clearfix service-carousel  hidden-dots service-carousel service-carousel4\">\r\n            <div class=\"list-service  owl-carousel\">\r\n                                    <div class=\"service-item \" style=\"animation-delay: 0s;\" >\r\n                        <div>\r\n                            \r\n                                <div class=\"thumbnail-service\">\r\n                                    <img decoding=\"async\" class=\"img-responsive \" src=\"https:\/\/www.ifplants.eu\/wp-content\/uploads\/2021\/03\/if-plants-LOGISTIQUE-370x270.jpeg\" width=\"370\" height=\"270\" alt=\"if-plants-LOGISTIQUE\" title=\"if-plants-LOGISTIQUE\" loading=\"lazy\" \/>                                <\/div>\r\n                                                                <div class=\"content\">\r\n                                                                        <a href=\"https:\/\/www.ifplants.eu\/de\/pourquoi-if-plants\/logistik\/\"><h4 class=\"title\">Logistik<\/h4><\/a>\r\n                                    <div class=\"description\">Wir sind Spezialisten f\u00fcr den Transport von Pflanzen und B\u00e4umen als Sch\u00fcttgut, auf Paletten oder in CC-Containern.<\/div>\r\n                                    <a class=\"btn-see-more\" href=\"https:\/\/www.ifplants.eu\/de\/pourquoi-if-plants\/logistik\/\"><span>mehr sehen  <i class=\"ion-android-arrow-forward\"><\/i><\/span> <\/a>\r\n                                <\/div>\r\n\r\n\r\n                                                    <\/div>\r\n                    <\/div>\r\n                                        <div class=\"service-item \" style=\"animation-delay: 0.1s;\" >\r\n                        <div>\r\n                            \r\n                                <div class=\"thumbnail-service\">\r\n                                    <img decoding=\"async\" class=\"img-responsive \" src=\"https:\/\/www.ifplants.eu\/wp-content\/uploads\/2021\/03\/if-plants-LOCALIZATION-RAPIDE-370x270.jpeg\" width=\"370\" height=\"270\" alt=\"if-plants-LOCALIZATION-RAPIDE\" title=\"if-plants-LOCALIZATION-RAPIDE\" loading=\"lazy\" \/>                                <\/div>\r\n                                                                <div class=\"content\">\r\n                                                                        <a href=\"https:\/\/www.ifplants.eu\/de\/pourquoi-if-plants\/schnelle-suche\/\"><h4 class=\"title\">Schnelle Suche<\/h4><\/a>\r\n                                    <div class=\"description\">Erhalten Sie Preise und Verf\u00fcgbarkeit f\u00fcr \u00fcber 3000 Pflanzen in weniger als 48 Stunden.<\/div>\r\n                                    <a class=\"btn-see-more\" href=\"https:\/\/www.ifplants.eu\/de\/pourquoi-if-plants\/schnelle-suche\/\"><span>mehr sehen  <i class=\"ion-android-arrow-forward\"><\/i><\/span> <\/a>\r\n                                <\/div>\r\n\r\n\r\n                                                    <\/div>\r\n                    <\/div>\r\n                                        <div class=\"service-item \" style=\"animation-delay: 0.2s;\" >\r\n                        <div>\r\n                            \r\n                                <div class=\"thumbnail-service\">\r\n                                    <img decoding=\"async\" class=\"img-responsive \" src=\"https:\/\/www.ifplants.eu\/wp-content\/uploads\/2021\/03\/Qualite.jpg\" width=\"370\" height=\"270\" alt=\"Qualite\" title=\"Qualite\" loading=\"lazy\" \/>                                <\/div>\r\n                                                                <div class=\"content\">\r\n                                                                        <a href=\"https:\/\/www.ifplants.eu\/de\/pourquoi-if-plants\/qualitaetskontrolle\/\"><h4 class=\"title\">Qualit\u00e4tskontrolle<\/h4><\/a>\r\n                                    <div class=\"description\">Wir gew\u00e4hrleisten einwandfreie Qualit\u00e4t dank unserer Pr\u00e4senz vor Ort.<\/div>\r\n                                    <a class=\"btn-see-more\" href=\"https:\/\/www.ifplants.eu\/de\/pourquoi-if-plants\/qualitaetskontrolle\/\"><span>mehr sehen  <i class=\"ion-android-arrow-forward\"><\/i><\/span> <\/a>\r\n                                <\/div>\r\n\r\n\r\n                                                    <\/div>\r\n                    <\/div>\r\n                                        <div class=\"service-item \" style=\"animation-delay: 0.3s;\" >\r\n                        <div>\r\n                            \r\n                                <div class=\"thumbnail-service\">\r\n                                    <img decoding=\"async\" class=\"img-responsive \" src=\"https:\/\/www.ifplants.eu\/wp-content\/uploads\/2023\/05\/centralized-370x270.jpeg\" width=\"370\" height=\"270\" alt=\"centralized\" title=\"centralized\" loading=\"lazy\" \/>                                <\/div>\r\n                                                                <div class=\"content\">\r\n                                                                        <a href=\"https:\/\/www.ifplants.eu\/de\/pourquoi-if-plants\/zentrale-beschaffung\/\"><h4 class=\"title\">Zentrale Beschaffung<\/h4><\/a>\r\n                                    <div class=\"description\">Ein einziger Ansprechpartner f\u00fcr all Ihre Bed\u00fcrfnisse, f\u00fcr eine einfache und effiziente Auftragsverwaltung.<\/div>\r\n                                    <a class=\"btn-see-more\" href=\"https:\/\/www.ifplants.eu\/de\/pourquoi-if-plants\/zentrale-beschaffung\/\"><span>mehr sehen  <i class=\"ion-android-arrow-forward\"><\/i><\/span> <\/a>\r\n                                <\/div>\r\n\r\n\r\n                                                    <\/div>\r\n                    <\/div>\r\n                                        <div class=\"service-item \" style=\"animation-delay: 0.4s;\" >\r\n                        <div>\r\n                            \r\n                                <div class=\"thumbnail-service\">\r\n                                    <img decoding=\"async\" class=\"img-responsive \" src=\"https:\/\/www.ifplants.eu\/wp-content\/uploads\/2018\/08\/if-plants-avantages-370x270.jpg\" width=\"370\" height=\"270\" alt=\"if-plants-avantages\" title=\"if-plants-avantages\" loading=\"lazy\" \/>                                <\/div>\r\n                                                                <div class=\"content\">\r\n                                                                        <a href=\"https:\/\/www.ifplants.eu\/de\/pourquoi-if-plants\/vorteile\/\"><h4 class=\"title\">Vorteile<\/h4><\/a>\r\n                                    <div class=\"description\">Wir sind der bevorzugte Exporteur f\u00fcr Fachleute im Pflanzenbereich.<\/div>\r\n                                    <a class=\"btn-see-more\" href=\"https:\/\/www.ifplants.eu\/de\/pourquoi-if-plants\/vorteile\/\"><span>mehr sehen  <i class=\"ion-android-arrow-forward\"><\/i><\/span> <\/a>\r\n                                <\/div>\r\n\r\n\r\n                                                    <\/div>\r\n                    <\/div>\r\n                                        <div class=\"service-item \" style=\"animation-delay: 0.5s;\" >\r\n                        <div>\r\n                            \r\n                                <div class=\"thumbnail-service\">\r\n                                    <img decoding=\"async\" class=\"img-responsive \" src=\"https:\/\/www.ifplants.eu\/wp-content\/uploads\/2018\/08\/exportateur-plantes-exterieur-ifplants-370x270.jpg\" width=\"370\" height=\"270\" alt=\"exportateur-plantes-exterieur-ifplants\" title=\"exportateur-plantes-exterieur-ifplants\" loading=\"lazy\" \/>                                <\/div>\r\n                                                                <div class=\"content\">\r\n                                                                        <a href=\"https:\/\/www.ifplants.eu\/de\/pourquoi-if-plants\/unsere-solidaritaet\/\"><h4 class=\"title\">Unsere Solidarit\u00e4t<\/h4><\/a>\r\n                                    <div class=\"description\">IF Plants tr\u00e4gt seit 2015 zur lokalen Gemeinschaft bei. Jedes Jahr finanzieren wir eine lokale NGO.  <\/div>\r\n                                    <a class=\"btn-see-more\" href=\"https:\/\/www.ifplants.eu\/de\/pourquoi-if-plants\/unsere-solidaritaet\/\"><span>mehr sehen  <i class=\"ion-android-arrow-forward\"><\/i><\/span> <\/a>\r\n                                <\/div>\r\n\r\n\r\n                                                    <\/div>\r\n                    <\/div>\r\n                                    <\/div>\r\n            <\/div>\r\n            [\/vc_column][\/vc_row][vc_row css=&#8220;.vc_custom_1632908084356{padding-top: 30px !important;padding-bottom: 30px !important;}&#8220;][vc_column][vc_column_text]<\/p>\n<h2 style=\"text-align: center;\"><strong>Unsere Pflanzen<\/strong><\/h2>\n<p>[\/vc_column_text]\t\t\t<div id=\"tb-list-project\" class=\"project-wrapper layout-default hidden-nav hidden-dots \">\r\n\t\t\t\t<ul class=\"controls-filter text-center hidden\">\r\n\t\t\t\t<li class=\"filter active\"  data-filter=\"*\"><a href=\"javascript:void(0);\">all<\/a><\/li>\r\n\t\t\t\t\t\t\t\t\t\t\t<li class=\"filter\"  data-filter=\".alle-formen-und-sorten\"><a href=\"javascript:void(0);\">Alle Formen und Sorten<\/a><\/li>\r\n\t\t\t\t\t\t\t\t\t\t\t\t\t<li class=\"filter\"  data-filter=\".aufzucht-und-rekultivierung\"><a href=\"javascript:void(0);\">Aufzucht und Rekultivierung<\/a><\/li>\r\n\t\t\t\t\t\t\t\t\t\t\t\t\t<li class=\"filter\"  data-filter=\".bluh-und-heckenstraucher-in-allen-grosen\"><a href=\"javascript:void(0);\">Bl\u00fch- und Heckenstr\u00e4ucher in allen Gr\u00f6\u00dfen<\/a><\/li>\r\n\t\t\t\t\t\t\t\t\t\t\t\t\t<li class=\"filter\"  data-filter=\".chamareops-phoenix-trachycarpus-washingtonia-und-andere-arten\"><a href=\"javascript:void(0);\">Chamareops, Phoenix, Trachycarpus, Washingtonia und andere Arten<\/a><\/li>\r\n\t\t\t\t\t\t\t\t\t\t\t\t\t<li class=\"filter\"  data-filter=\".grose-auswahl-an-ausergewohnlichen-pflanzen\"><a href=\"javascript:void(0);\">Gro\u00dfe Auswahl an au\u00dfergew\u00f6hnlichen Pflanzen<\/a><\/li>\r\n\t\t\t\t\t\t\t\t\t\t\t\t\t<li class=\"filter\"  data-filter=\".immergrune-und-laubabwerfende\"><a href=\"javascript:void(0);\">Immergr\u00fcne und Laubabwerfende<\/a><\/li>\r\n\t\t\t\t\t\t\t\t\t\t\t\t\t<li class=\"filter\"  data-filter=\".in-allen-sorten-und-grosen\"><a href=\"javascript:void(0);\">In allen Sorten und Gr\u00f6\u00dfen.<\/a><\/li>\r\n\t\t\t\t\t\t\t\t\t\t\t\t\t<li class=\"filter\"  data-filter=\".junge-hundertjahrige-und-tausendjahrige-olivenbaume\"><a href=\"javascript:void(0);\">Junge, hundertj\u00e4hrige und tausendj\u00e4hrige Olivenb\u00e4ume<\/a><\/li>\r\n\t\t\t\t\t\t\t\t\t\t\t\t\t<li class=\"filter\"  data-filter=\".uber-250-referenzen\"><a href=\"javascript:void(0);\">\u00dcber 250 Referenzen<\/a><\/li>\r\n\t\t\t\t\t\t\t\t\t\t<\/ul>\r\n\t\t\t\t<div id=\"block-project\" class=\"project   layout-isotop row\">\r\n\t\t\t\t\t<div class=\"grid-sizer col-xs-12 col-sm-6 col-md-4 col-lg-4\"><\/div>\t\t\t\t\t\r\n\t\t\t\t\t<div class=\"item  col-xs-12 col-sm-6 col-md-4 col-lg-4  effect-1\">\r\n\t<div class=\"item-port\">\r\n\t\t\t\t\t<div class=\"thumb\">\r\n\t\t\t\t<img decoding=\"async\" class=\"img-responsive \" src=\"https:\/\/www.ifplants.eu\/wp-content\/uploads\/2021\/04\/photo-1520931674431-de5b4b2cc562-740x540-1.jpg\" width=\"740\" height=\"540\" alt=\"photo-1520931674431-de5b4b2cc562-740x540\" title=\"photo-1520931674431-de5b4b2cc562-740x540\" loading=\"lazy\" \/>\t\t\t\t\t\t\t\t<div class=\"content effect-1\">\r\n\t\t\t\t\t<div class=\"info\">\r\n\t\t\t\t\t\t<a href=\"https:\/\/www.ifplants.eu\/de\/grossistes-plants-arbres-espagne\/palmen\/phoenixpalmen-aus-spanien\/\"><h4 class=\"title\">Phoenixpalmen aus Spanien<\/h4><\/a>\r\n\t\t\t\t\t\t<span class=\"skill\"><\/span>\r\n\t\t\t\t\t<\/div>\r\n\t\t\t\t<\/div>\r\n\t\t\t\t\t\t\t<\/div>\r\n\t\t\t\t<div class=\"content effect-1\">\r\n\t\t\t<div class=\"info\">\r\n\t\t\t\t<a href=\"https:\/\/www.ifplants.eu\/de\/grossistes-plants-arbres-espagne\/palmen\/phoenixpalmen-aus-spanien\/\"><h4 class=\"title\">Phoenixpalmen aus Spanien<\/h4><\/a>\r\n\t\t\t\t<span class=\"skill\"><\/span>\r\n\t\t\t<\/div>\r\n\t\t\t<a href=\"https:\/\/www.ifplants.eu\/de\/grossistes-plants-arbres-espagne\/palmen\/phoenixpalmen-aus-spanien\/\" class=\"btn-see-more\"><span>mehr sehen  <i class=\"ion-android-arrow-forward\"><\/i><\/span><\/a>\r\n\t\t<\/div>\r\n\t<\/div>\r\n<\/div><div class=\"item  col-xs-12 col-sm-6 col-md-4 col-lg-4  effect-1\">\r\n\t<div class=\"item-port\">\r\n\t\t\t\t\t<div class=\"thumb\">\r\n\t\t\t\t<img decoding=\"async\" class=\"img-responsive \" src=\"https:\/\/www.ifplants.eu\/wp-content\/uploads\/2021\/04\/photo-1520931674431-de5b4b2cc562-740x540-1.jpg\" width=\"740\" height=\"540\" alt=\"photo-1520931674431-de5b4b2cc562-740x540\" title=\"photo-1520931674431-de5b4b2cc562-740x540\" loading=\"lazy\" \/>\t\t\t\t\t\t\t\t<div class=\"content effect-1\">\r\n\t\t\t\t\t<div class=\"info\">\r\n\t\t\t\t\t\t<a href=\"https:\/\/www.ifplants.eu\/de\/grossistes-plants-arbres-espagne\/palmen\/andere-palmen-aus-spanien\/\"><h4 class=\"title\">Andere Palmen aus Spanien<\/h4><\/a>\r\n\t\t\t\t\t\t<span class=\"skill\"><\/span>\r\n\t\t\t\t\t<\/div>\r\n\t\t\t\t<\/div>\r\n\t\t\t\t\t\t\t<\/div>\r\n\t\t\t\t<div class=\"content effect-1\">\r\n\t\t\t<div class=\"info\">\r\n\t\t\t\t<a href=\"https:\/\/www.ifplants.eu\/de\/grossistes-plants-arbres-espagne\/palmen\/andere-palmen-aus-spanien\/\"><h4 class=\"title\">Andere Palmen aus Spanien<\/h4><\/a>\r\n\t\t\t\t<span class=\"skill\"><\/span>\r\n\t\t\t<\/div>\r\n\t\t\t<a href=\"https:\/\/www.ifplants.eu\/de\/grossistes-plants-arbres-espagne\/palmen\/andere-palmen-aus-spanien\/\" class=\"btn-see-more\"><span>mehr sehen  <i class=\"ion-android-arrow-forward\"><\/i><\/span><\/a>\r\n\t\t<\/div>\r\n\t<\/div>\r\n<\/div><div class=\"item  col-xs-12 col-sm-6 col-md-4 col-lg-4  effect-1\">\r\n\t<div class=\"item-port\">\r\n\t\t\t\t\t<div class=\"thumb\">\r\n\t\t\t\t<img decoding=\"async\" class=\"img-responsive \" src=\"https:\/\/www.ifplants.eu\/wp-content\/uploads\/2021\/04\/photo-1520931674431-de5b4b2cc562-740x540-1.jpg\" width=\"740\" height=\"540\" alt=\"photo-1520931674431-de5b4b2cc562-740x540\" title=\"photo-1520931674431-de5b4b2cc562-740x540\" loading=\"lazy\" \/>\t\t\t\t\t\t\t\t<div class=\"content effect-1\">\r\n\t\t\t\t\t<div class=\"info\">\r\n\t\t\t\t\t\t<a href=\"https:\/\/www.ifplants.eu\/de\/grossistes-plants-arbres-espagne\/palmen\/washingtonia-palmen-aus-spanien\/\"><h4 class=\"title\">Washingtonia-Palmen aus Spanien<\/h4><\/a>\r\n\t\t\t\t\t\t<span class=\"skill\"><\/span>\r\n\t\t\t\t\t<\/div>\r\n\t\t\t\t<\/div>\r\n\t\t\t\t\t\t\t<\/div>\r\n\t\t\t\t<div class=\"content effect-1\">\r\n\t\t\t<div class=\"info\">\r\n\t\t\t\t<a href=\"https:\/\/www.ifplants.eu\/de\/grossistes-plants-arbres-espagne\/palmen\/washingtonia-palmen-aus-spanien\/\"><h4 class=\"title\">Washingtonia-Palmen aus Spanien<\/h4><\/a>\r\n\t\t\t\t<span class=\"skill\"><\/span>\r\n\t\t\t<\/div>\r\n\t\t\t<a href=\"https:\/\/www.ifplants.eu\/de\/grossistes-plants-arbres-espagne\/palmen\/washingtonia-palmen-aus-spanien\/\" class=\"btn-see-more\"><span>mehr sehen  <i class=\"ion-android-arrow-forward\"><\/i><\/span><\/a>\r\n\t\t<\/div>\r\n\t<\/div>\r\n<\/div><div class=\"item  col-xs-12 col-sm-6 col-md-4 col-lg-4  effect-1\">\r\n\t<div class=\"item-port\">\r\n\t\t\t\t\t<div class=\"thumb\">\r\n\t\t\t\t<img decoding=\"async\" class=\"img-responsive \" src=\"https:\/\/www.ifplants.eu\/wp-content\/uploads\/2021\/04\/photo-1520931674431-de5b4b2cc562-740x540-1.jpg\" width=\"740\" height=\"540\" alt=\"photo-1520931674431-de5b4b2cc562-740x540\" title=\"photo-1520931674431-de5b4b2cc562-740x540\" loading=\"lazy\" \/>\t\t\t\t\t\t\t\t<div class=\"content effect-1\">\r\n\t\t\t\t\t<div class=\"info\">\r\n\t\t\t\t\t\t<a href=\"https:\/\/www.ifplants.eu\/de\/grossistes-plants-arbres-espagne\/palmen\/trachycarpus-palmen-aus-spanien\/\"><h4 class=\"title\">Trachycarpus-Palmen aus Spanien<\/h4><\/a>\r\n\t\t\t\t\t\t<span class=\"skill\"><\/span>\r\n\t\t\t\t\t<\/div>\r\n\t\t\t\t<\/div>\r\n\t\t\t\t\t\t\t<\/div>\r\n\t\t\t\t<div class=\"content effect-1\">\r\n\t\t\t<div class=\"info\">\r\n\t\t\t\t<a href=\"https:\/\/www.ifplants.eu\/de\/grossistes-plants-arbres-espagne\/palmen\/trachycarpus-palmen-aus-spanien\/\"><h4 class=\"title\">Trachycarpus-Palmen aus Spanien<\/h4><\/a>\r\n\t\t\t\t<span class=\"skill\"><\/span>\r\n\t\t\t<\/div>\r\n\t\t\t<a href=\"https:\/\/www.ifplants.eu\/de\/grossistes-plants-arbres-espagne\/palmen\/trachycarpus-palmen-aus-spanien\/\" class=\"btn-see-more\"><span>mehr sehen  <i class=\"ion-android-arrow-forward\"><\/i><\/span><\/a>\r\n\t\t<\/div>\r\n\t<\/div>\r\n<\/div><div class=\"item  col-xs-12 col-sm-6 col-md-4 col-lg-4 aufzucht-und-rekultivierung effect-1\">\r\n\t<div class=\"item-port\">\r\n\t\t\t\t\t<div class=\"thumb\">\r\n\t\t\t\t<img decoding=\"async\" class=\"img-responsive \" src=\"https:\/\/www.ifplants.eu\/wp-content\/uploads\/2021\/02\/if-plants-AGRUMES-ET-ARBRES-FRUITIERS-740x540.jpeg\" width=\"740\" height=\"540\" alt=\"if-plants-AGRUMES-ET-ARBRES-FRUITIERS\" title=\"if-plants-AGRUMES-ET-ARBRES-FRUITIERS\" loading=\"lazy\" \/>\t\t\t\t\t\t\t\t<div class=\"content effect-1\">\r\n\t\t\t\t\t<div class=\"info\">\r\n\t\t\t\t\t\t<a href=\"https:\/\/www.ifplants.eu\/de\/grossistes-plants-arbres-espagne\/zitrusfruechte-und-obstbaeume\/\"><h4 class=\"title\">Zitrusfr\u00fcchte und Obstb\u00e4ume<\/h4><\/a>\r\n\t\t\t\t\t\t<span class=\"skill\">Aufzucht und Rekultivierung<\/span>\r\n\t\t\t\t\t<\/div>\r\n\t\t\t\t<\/div>\r\n\t\t\t\t\t\t\t<\/div>\r\n\t\t\t\t<div class=\"content effect-1\">\r\n\t\t\t<div class=\"info\">\r\n\t\t\t\t<a href=\"https:\/\/www.ifplants.eu\/de\/grossistes-plants-arbres-espagne\/zitrusfruechte-und-obstbaeume\/\"><h4 class=\"title\">Zitrusfr\u00fcchte und Obstb\u00e4ume<\/h4><\/a>\r\n\t\t\t\t<span class=\"skill\">Aufzucht und Rekultivierung<\/span>\r\n\t\t\t<\/div>\r\n\t\t\t<a href=\"https:\/\/www.ifplants.eu\/de\/grossistes-plants-arbres-espagne\/zitrusfruechte-und-obstbaeume\/\" class=\"btn-see-more\"><span>mehr sehen  <i class=\"ion-android-arrow-forward\"><\/i><\/span><\/a>\r\n\t\t<\/div>\r\n\t<\/div>\r\n<\/div><div class=\"item  col-xs-12 col-sm-6 col-md-4 col-lg-4  effect-1\">\r\n\t<div class=\"item-port\">\r\n\t\t\t\t\t<div class=\"thumb\">\r\n\t\t\t\t<img decoding=\"async\" class=\"img-responsive \" src=\"https:\/\/www.ifplants.eu\/wp-content\/uploads\/2021\/04\/photo-1520931674431-de5b4b2cc562-740x540-1.jpg\" width=\"740\" height=\"540\" alt=\"photo-1520931674431-de5b4b2cc562-740x540\" title=\"photo-1520931674431-de5b4b2cc562-740x540\" loading=\"lazy\" \/>\t\t\t\t\t\t\t\t<div class=\"content effect-1\">\r\n\t\t\t\t\t<div class=\"info\">\r\n\t\t\t\t\t\t<a href=\"https:\/\/www.ifplants.eu\/de\/grossistes-plants-arbres-espagne\/olivenbaeume\/hundertjaehrige-olivenbaeume-spanien\/\"><h4 class=\"title\">Hundertj\u00e4hrige Olivenb\u00e4ume Spanien<\/h4><\/a>\r\n\t\t\t\t\t\t<span class=\"skill\"><\/span>\r\n\t\t\t\t\t<\/div>\r\n\t\t\t\t<\/div>\r\n\t\t\t\t\t\t\t<\/div>\r\n\t\t\t\t<div class=\"content effect-1\">\r\n\t\t\t<div class=\"info\">\r\n\t\t\t\t<a href=\"https:\/\/www.ifplants.eu\/de\/grossistes-plants-arbres-espagne\/olivenbaeume\/hundertjaehrige-olivenbaeume-spanien\/\"><h4 class=\"title\">Hundertj\u00e4hrige Olivenb\u00e4ume Spanien<\/h4><\/a>\r\n\t\t\t\t<span class=\"skill\"><\/span>\r\n\t\t\t<\/div>\r\n\t\t\t<a href=\"https:\/\/www.ifplants.eu\/de\/grossistes-plants-arbres-espagne\/olivenbaeume\/hundertjaehrige-olivenbaeume-spanien\/\" class=\"btn-see-more\"><span>mehr sehen  <i class=\"ion-android-arrow-forward\"><\/i><\/span><\/a>\r\n\t\t<\/div>\r\n\t<\/div>\r\n<\/div><div class=\"item  col-xs-12 col-sm-6 col-md-4 col-lg-4  effect-1\">\r\n\t<div class=\"item-port\">\r\n\t\t\t\t\t<div class=\"thumb\">\r\n\t\t\t\t<img decoding=\"async\" class=\"img-responsive \" src=\"https:\/\/www.ifplants.eu\/wp-content\/uploads\/2021\/04\/photo-1520931674431-de5b4b2cc562-740x540-1.jpg\" width=\"740\" height=\"540\" alt=\"photo-1520931674431-de5b4b2cc562-740x540\" title=\"photo-1520931674431-de5b4b2cc562-740x540\" loading=\"lazy\" \/>\t\t\t\t\t\t\t\t<div class=\"content effect-1\">\r\n\t\t\t\t\t<div class=\"info\">\r\n\t\t\t\t\t\t<a href=\"https:\/\/www.ifplants.eu\/de\/grossistes-plants-arbres-espagne\/olivenbaeume\/junge-olivenbaeume-aus-spanien\/\"><h4 class=\"title\">Junge Olivenb\u00e4ume aus Spanien<\/h4><\/a>\r\n\t\t\t\t\t\t<span class=\"skill\"><\/span>\r\n\t\t\t\t\t<\/div>\r\n\t\t\t\t<\/div>\r\n\t\t\t\t\t\t\t<\/div>\r\n\t\t\t\t<div class=\"content effect-1\">\r\n\t\t\t<div class=\"info\">\r\n\t\t\t\t<a href=\"https:\/\/www.ifplants.eu\/de\/grossistes-plants-arbres-espagne\/olivenbaeume\/junge-olivenbaeume-aus-spanien\/\"><h4 class=\"title\">Junge Olivenb\u00e4ume aus Spanien<\/h4><\/a>\r\n\t\t\t\t<span class=\"skill\"><\/span>\r\n\t\t\t<\/div>\r\n\t\t\t<a href=\"https:\/\/www.ifplants.eu\/de\/grossistes-plants-arbres-espagne\/olivenbaeume\/junge-olivenbaeume-aus-spanien\/\" class=\"btn-see-more\"><span>mehr sehen  <i class=\"ion-android-arrow-forward\"><\/i><\/span><\/a>\r\n\t\t<\/div>\r\n\t<\/div>\r\n<\/div><div class=\"item  col-xs-12 col-sm-6 col-md-4 col-lg-4  effect-1\">\r\n\t<div class=\"item-port\">\r\n\t\t\t\t\t<div class=\"thumb\">\r\n\t\t\t\t<img decoding=\"async\" class=\"img-responsive \" src=\"https:\/\/www.ifplants.eu\/wp-content\/uploads\/2021\/04\/photo-1520931674431-de5b4b2cc562-740x540-1.jpg\" width=\"740\" height=\"540\" alt=\"photo-1520931674431-de5b4b2cc562-740x540\" title=\"photo-1520931674431-de5b4b2cc562-740x540\" loading=\"lazy\" \/>\t\t\t\t\t\t\t\t<div class=\"content effect-1\">\r\n\t\t\t\t\t<div class=\"info\">\r\n\t\t\t\t\t\t<a href=\"https:\/\/www.ifplants.eu\/de\/grossistes-plants-arbres-espagne\/olivenbaeume\/jahrtausendealte-olivenbaeume-spanien\/\"><h4 class=\"title\">Jahrtausendealte Olivenb\u00e4ume Spanien<\/h4><\/a>\r\n\t\t\t\t\t\t<span class=\"skill\"><\/span>\r\n\t\t\t\t\t<\/div>\r\n\t\t\t\t<\/div>\r\n\t\t\t\t\t\t\t<\/div>\r\n\t\t\t\t<div class=\"content effect-1\">\r\n\t\t\t<div class=\"info\">\r\n\t\t\t\t<a href=\"https:\/\/www.ifplants.eu\/de\/grossistes-plants-arbres-espagne\/olivenbaeume\/jahrtausendealte-olivenbaeume-spanien\/\"><h4 class=\"title\">Jahrtausendealte Olivenb\u00e4ume Spanien<\/h4><\/a>\r\n\t\t\t\t<span class=\"skill\"><\/span>\r\n\t\t\t<\/div>\r\n\t\t\t<a href=\"https:\/\/www.ifplants.eu\/de\/grossistes-plants-arbres-espagne\/olivenbaeume\/jahrtausendealte-olivenbaeume-spanien\/\" class=\"btn-see-more\"><span>mehr sehen  <i class=\"ion-android-arrow-forward\"><\/i><\/span><\/a>\r\n\t\t<\/div>\r\n\t<\/div>\r\n<\/div><div class=\"item  col-xs-12 col-sm-6 col-md-4 col-lg-4  effect-1\">\r\n\t<div class=\"item-port\">\r\n\t\t\t\t\t<div class=\"thumb\">\r\n\t\t\t\t<img decoding=\"async\" class=\"img-responsive \" src=\"https:\/\/www.ifplants.eu\/wp-content\/uploads\/2021\/04\/photo-1520931674431-de5b4b2cc562-740x540-1.jpg\" width=\"740\" height=\"540\" alt=\"photo-1520931674431-de5b4b2cc562-740x540\" title=\"photo-1520931674431-de5b4b2cc562-740x540\" loading=\"lazy\" \/>\t\t\t\t\t\t\t\t<div class=\"content effect-1\">\r\n\t\t\t\t\t<div class=\"info\">\r\n\t\t\t\t\t\t<a href=\"https:\/\/www.ifplants.eu\/de\/grossistes-plants-arbres-espagne\/palmen\/chamareops-palmen-aus-spanien\/\"><h4 class=\"title\">Chamareops-Palmen aus Spanien<\/h4><\/a>\r\n\t\t\t\t\t\t<span class=\"skill\"><\/span>\r\n\t\t\t\t\t<\/div>\r\n\t\t\t\t<\/div>\r\n\t\t\t\t\t\t\t<\/div>\r\n\t\t\t\t<div class=\"content effect-1\">\r\n\t\t\t<div class=\"info\">\r\n\t\t\t\t<a href=\"https:\/\/www.ifplants.eu\/de\/grossistes-plants-arbres-espagne\/palmen\/chamareops-palmen-aus-spanien\/\"><h4 class=\"title\">Chamareops-Palmen aus Spanien<\/h4><\/a>\r\n\t\t\t\t<span class=\"skill\"><\/span>\r\n\t\t\t<\/div>\r\n\t\t\t<a href=\"https:\/\/www.ifplants.eu\/de\/grossistes-plants-arbres-espagne\/palmen\/chamareops-palmen-aus-spanien\/\" class=\"btn-see-more\"><span>mehr sehen  <i class=\"ion-android-arrow-forward\"><\/i><\/span><\/a>\r\n\t\t<\/div>\r\n\t<\/div>\r\n<\/div><div class=\"item  col-xs-12 col-sm-6 col-md-4 col-lg-4 immergrune-und-laubabwerfende effect-1\">\r\n\t<div class=\"item-port\">\r\n\t\t\t\t\t<div class=\"thumb\">\r\n\t\t\t\t<img decoding=\"async\" class=\"img-responsive \" src=\"https:\/\/www.ifplants.eu\/wp-content\/uploads\/2018\/08\/if-plants-ARBRES-EN-POT-ET-PLEINE-TERRE--740x540.jpeg\" width=\"740\" height=\"540\" alt=\"if-plants-ARBRES-EN-POT-ET-PLEINE-TERRE\" title=\"if-plants-ARBRES-EN-POT-ET-PLEINE-TERRE\" loading=\"lazy\" \/>\t\t\t\t\t\t\t\t<div class=\"content effect-1\">\r\n\t\t\t\t\t<div class=\"info\">\r\n\t\t\t\t\t\t<a href=\"https:\/\/www.ifplants.eu\/de\/grossistes-plants-arbres-espagne\/topfbaeume-und-freilandbaeume\/\"><h4 class=\"title\">Topfb\u00e4ume und Freilandb\u00e4ume<\/h4><\/a>\r\n\t\t\t\t\t\t<span class=\"skill\">Immergr\u00fcne und Laubabwerfende<\/span>\r\n\t\t\t\t\t<\/div>\r\n\t\t\t\t<\/div>\r\n\t\t\t\t\t\t\t<\/div>\r\n\t\t\t\t<div class=\"content effect-1\">\r\n\t\t\t<div class=\"info\">\r\n\t\t\t\t<a href=\"https:\/\/www.ifplants.eu\/de\/grossistes-plants-arbres-espagne\/topfbaeume-und-freilandbaeume\/\"><h4 class=\"title\">Topfb\u00e4ume und Freilandb\u00e4ume<\/h4><\/a>\r\n\t\t\t\t<span class=\"skill\">Immergr\u00fcne und Laubabwerfende<\/span>\r\n\t\t\t<\/div>\r\n\t\t\t<a href=\"https:\/\/www.ifplants.eu\/de\/grossistes-plants-arbres-espagne\/topfbaeume-und-freilandbaeume\/\" class=\"btn-see-more\"><span>mehr sehen  <i class=\"ion-android-arrow-forward\"><\/i><\/span><\/a>\r\n\t\t<\/div>\r\n\t<\/div>\r\n<\/div><div class=\"item  col-xs-12 col-sm-6 col-md-4 col-lg-4 chamareops-phoenix-trachycarpus-washingtonia-und-andere-arten effect-1\">\r\n\t<div class=\"item-port\">\r\n\t\t\t\t\t<div class=\"thumb\">\r\n\t\t\t\t<img decoding=\"async\" class=\"img-responsive \" src=\"https:\/\/www.ifplants.eu\/wp-content\/uploads\/2018\/08\/if-plants-PALMIERS-scaled-740x540.jpg\" width=\"740\" height=\"540\" alt=\"if-plants-PALMEN\" title=\"if-plants-PALMEN\" loading=\"lazy\" \/>\t\t\t\t\t\t\t\t<div class=\"content effect-1\">\r\n\t\t\t\t\t<div class=\"info\">\r\n\t\t\t\t\t\t<a href=\"https:\/\/www.ifplants.eu\/de\/grossistes-plants-arbres-espagne\/palmen\/\"><h4 class=\"title\">Palmen<\/h4><\/a>\r\n\t\t\t\t\t\t<span class=\"skill\">Chamareops, Phoenix, Trachycarpus, Washingtonia und andere Arten<\/span>\r\n\t\t\t\t\t<\/div>\r\n\t\t\t\t<\/div>\r\n\t\t\t\t\t\t\t<\/div>\r\n\t\t\t\t<div class=\"content effect-1\">\r\n\t\t\t<div class=\"info\">\r\n\t\t\t\t<a href=\"https:\/\/www.ifplants.eu\/de\/grossistes-plants-arbres-espagne\/palmen\/\"><h4 class=\"title\">Palmen<\/h4><\/a>\r\n\t\t\t\t<span class=\"skill\">Chamareops, Phoenix, Trachycarpus, Washingtonia und andere Arten<\/span>\r\n\t\t\t<\/div>\r\n\t\t\t<a href=\"https:\/\/www.ifplants.eu\/de\/grossistes-plants-arbres-espagne\/palmen\/\" class=\"btn-see-more\"><span>mehr sehen  <i class=\"ion-android-arrow-forward\"><\/i><\/span><\/a>\r\n\t\t<\/div>\r\n\t<\/div>\r\n<\/div><div class=\"item  col-xs-12 col-sm-6 col-md-4 col-lg-4 junge-hundertjahrige-und-tausendjahrige-olivenbaume effect-1\">\r\n\t<div class=\"item-port\">\r\n\t\t\t\t\t<div class=\"thumb\">\r\n\t\t\t\t<img decoding=\"async\" class=\"img-responsive \" src=\"https:\/\/www.ifplants.eu\/wp-content\/uploads\/2018\/08\/olea-europaea-bonsai-80-100-285l-23-scaled-740x540.jpg\" width=\"740\" height=\"540\" alt=\"Olea europaea - bonsai - 80-100 - 285L - 23\" title=\"Olea europaea - bonsai - 80-100 - 285L - 23\" loading=\"lazy\" \/>\t\t\t\t\t\t\t\t<div class=\"content effect-1\">\r\n\t\t\t\t\t<div class=\"info\">\r\n\t\t\t\t\t\t<a href=\"https:\/\/www.ifplants.eu\/de\/grossistes-plants-arbres-espagne\/olivenbaeume\/\"><h4 class=\"title\">Olivenb\u00e4ume<\/h4><\/a>\r\n\t\t\t\t\t\t<span class=\"skill\">Junge, hundertj\u00e4hrige und tausendj\u00e4hrige Olivenb\u00e4ume<\/span>\r\n\t\t\t\t\t<\/div>\r\n\t\t\t\t<\/div>\r\n\t\t\t\t\t\t\t<\/div>\r\n\t\t\t\t<div class=\"content effect-1\">\r\n\t\t\t<div class=\"info\">\r\n\t\t\t\t<a href=\"https:\/\/www.ifplants.eu\/de\/grossistes-plants-arbres-espagne\/olivenbaeume\/\"><h4 class=\"title\">Olivenb\u00e4ume<\/h4><\/a>\r\n\t\t\t\t<span class=\"skill\">Junge, hundertj\u00e4hrige und tausendj\u00e4hrige Olivenb\u00e4ume<\/span>\r\n\t\t\t<\/div>\r\n\t\t\t<a href=\"https:\/\/www.ifplants.eu\/de\/grossistes-plants-arbres-espagne\/olivenbaeume\/\" class=\"btn-see-more\"><span>mehr sehen  <i class=\"ion-android-arrow-forward\"><\/i><\/span><\/a>\r\n\t\t<\/div>\r\n\t<\/div>\r\n<\/div><div class=\"item  col-xs-12 col-sm-6 col-md-4 col-lg-4 uber-250-referenzen effect-1\">\r\n\t<div class=\"item-port\">\r\n\t\t\t\t\t<div class=\"thumb\">\r\n\t\t\t\t<img decoding=\"async\" class=\"img-responsive \" src=\"https:\/\/www.ifplants.eu\/wp-content\/uploads\/2021\/02\/if-plants-CACTUS-740x540.jpeg\" width=\"740\" height=\"540\" alt=\"if-plants-CACTUS\" title=\"if-plants-CACTUS\" loading=\"lazy\" \/>\t\t\t\t\t\t\t\t<div class=\"content effect-1\">\r\n\t\t\t\t\t<div class=\"info\">\r\n\t\t\t\t\t\t<a href=\"https:\/\/www.ifplants.eu\/de\/grossistes-plants-arbres-espagne\/yucca-kaktus-sukkulenten\/\"><h4 class=\"title\">Yucca | Kaktus | Sukkulenten<\/h4><\/a>\r\n\t\t\t\t\t\t<span class=\"skill\">\u00dcber 250 Referenzen<\/span>\r\n\t\t\t\t\t<\/div>\r\n\t\t\t\t<\/div>\r\n\t\t\t\t\t\t\t<\/div>\r\n\t\t\t\t<div class=\"content effect-1\">\r\n\t\t\t<div class=\"info\">\r\n\t\t\t\t<a href=\"https:\/\/www.ifplants.eu\/de\/grossistes-plants-arbres-espagne\/yucca-kaktus-sukkulenten\/\"><h4 class=\"title\">Yucca | Kaktus | Sukkulenten<\/h4><\/a>\r\n\t\t\t\t<span class=\"skill\">\u00dcber 250 Referenzen<\/span>\r\n\t\t\t<\/div>\r\n\t\t\t<a href=\"https:\/\/www.ifplants.eu\/de\/grossistes-plants-arbres-espagne\/yucca-kaktus-sukkulenten\/\" class=\"btn-see-more\"><span>mehr sehen  <i class=\"ion-android-arrow-forward\"><\/i><\/span><\/a>\r\n\t\t<\/div>\r\n\t<\/div>\r\n<\/div><div class=\"item  col-xs-12 col-sm-6 col-md-4 col-lg-4 grose-auswahl-an-ausergewohnlichen-pflanzen effect-1\">\r\n\t<div class=\"item-port\">\r\n\t\t\t\t\t<div class=\"thumb\">\r\n\t\t\t\t<img decoding=\"async\" class=\"img-responsive \" src=\"https:\/\/www.ifplants.eu\/wp-content\/uploads\/2018\/08\/if-plants-OLIVIERS-740x540.jpg\" width=\"740\" height=\"540\" alt=\"if-plants-OLIVIERS\" title=\"if-plants-OLIVIERS\" loading=\"lazy\" \/>\t\t\t\t\t\t\t\t<div class=\"content effect-1\">\r\n\t\t\t\t\t<div class=\"info\">\r\n\t\t\t\t\t\t<a href=\"https:\/\/www.ifplants.eu\/de\/grossistes-plants-arbres-espagne\/solitaerpflanzen-und-exemplare\/\"><h4 class=\"title\">Solit\u00e4rpflanzen und Exemplare<\/h4><\/a>\r\n\t\t\t\t\t\t<span class=\"skill\">Gro\u00dfe Auswahl an au\u00dfergew\u00f6hnlichen Pflanzen<\/span>\r\n\t\t\t\t\t<\/div>\r\n\t\t\t\t<\/div>\r\n\t\t\t\t\t\t\t<\/div>\r\n\t\t\t\t<div class=\"content effect-1\">\r\n\t\t\t<div class=\"info\">\r\n\t\t\t\t<a href=\"https:\/\/www.ifplants.eu\/de\/grossistes-plants-arbres-espagne\/solitaerpflanzen-und-exemplare\/\"><h4 class=\"title\">Solit\u00e4rpflanzen und Exemplare<\/h4><\/a>\r\n\t\t\t\t<span class=\"skill\">Gro\u00dfe Auswahl an au\u00dfergew\u00f6hnlichen Pflanzen<\/span>\r\n\t\t\t<\/div>\r\n\t\t\t<a href=\"https:\/\/www.ifplants.eu\/de\/grossistes-plants-arbres-espagne\/solitaerpflanzen-und-exemplare\/\" class=\"btn-see-more\"><span>mehr sehen  <i class=\"ion-android-arrow-forward\"><\/i><\/span><\/a>\r\n\t\t<\/div>\r\n\t<\/div>\r\n<\/div><div class=\"item  col-xs-12 col-sm-6 col-md-4 col-lg-4  effect-1\">\r\n\t<div class=\"item-port\">\r\n\t\t\t\t\t<div class=\"thumb\">\r\n\t\t\t\t<img decoding=\"async\" class=\"img-responsive \" src=\"https:\/\/www.ifplants.eu\/wp-content\/uploads\/2021\/04\/photo-1520931674431-de5b4b2cc562-740x540-1.jpg\" width=\"740\" height=\"540\" alt=\"photo-1520931674431-de5b4b2cc562-740x540\" title=\"photo-1520931674431-de5b4b2cc562-740x540\" loading=\"lazy\" \/>\t\t\t\t\t\t\t\t<div class=\"content effect-1\">\r\n\t\t\t\t\t<div class=\"info\">\r\n\t\t\t\t\t\t<a href=\"https:\/\/www.ifplants.eu\/de\/grossistes-plants-arbres-espagne\/topfbaeume-und-freilandbaeume\/topfbaeume\/\"><h4 class=\"title\">Topfb\u00e4ume<\/h4><\/a>\r\n\t\t\t\t\t\t<span class=\"skill\"><\/span>\r\n\t\t\t\t\t<\/div>\r\n\t\t\t\t<\/div>\r\n\t\t\t\t\t\t\t<\/div>\r\n\t\t\t\t<div class=\"content effect-1\">\r\n\t\t\t<div class=\"info\">\r\n\t\t\t\t<a href=\"https:\/\/www.ifplants.eu\/de\/grossistes-plants-arbres-espagne\/topfbaeume-und-freilandbaeume\/topfbaeume\/\"><h4 class=\"title\">Topfb\u00e4ume<\/h4><\/a>\r\n\t\t\t\t<span class=\"skill\"><\/span>\r\n\t\t\t<\/div>\r\n\t\t\t<a href=\"https:\/\/www.ifplants.eu\/de\/grossistes-plants-arbres-espagne\/topfbaeume-und-freilandbaeume\/topfbaeume\/\" class=\"btn-see-more\"><span>mehr sehen  <i class=\"ion-android-arrow-forward\"><\/i><\/span><\/a>\r\n\t\t<\/div>\r\n\t<\/div>\r\n<\/div>\t\t\t\t\t<\/div>\r\n\t\t\t\t\t<div class=\"tb-project-footer text-center\">\r\n\t\t\t\t\t\t\t\t\t\t\t<\/div>\r\n\t\t\t\t<\/div>\r\n\t\t\t\t[\/vc_column][\/vc_row][vc_row css=&#8220;.vc_custom_1680174250766{background-image: url(https:\/\/www.ifplants.eu\/wp-content\/uploads\/2023\/02\/if-plants-objetifs-1-scaled.jpg?id=4661) !important;background-position: center !important;background-repeat: no-repeat !important;background-size: cover !important;}&#8220; el_class=&#8220;counter-info&#8220;][vc_column width=&#8220;1\/5&#8243; offset=&#8220;vc_col-sm-offset-0&#8243;]\t<div class=\"counter counter-tpl2   text-center\">\r\n\t\t\t\t\t<div class=\"icon\"><img decoding=\"async\" src=\"https:\/\/www.ifplants.eu\/wp-content\/uploads\/2023\/02\/if-plants-HECTARES.png\" alt=\"background\"  class=\"img-responsive\"><\/div><p>Hektar in Produktion<\/p><h3 class=\"number font-2\">3000<\/h3>\t<\/div>\r\n\t[\/vc_column][vc_column width=&#8220;1\/5&#8243;]\t<div class=\"counter counter-tpl2   text-center\">\r\n\t\t\t\t\t<div class=\"icon\"><img decoding=\"async\" src=\"https:\/\/www.ifplants.eu\/wp-content\/uploads\/2023\/02\/if-plants-pepienieres.png\" alt=\"background\"  class=\"img-responsive\"><\/div><p>Partnerbaumschulen<\/p><h3 class=\"number font-2\">50<\/h3>\t<\/div>\r\n\t[\/vc_column][vc_column width=&#8220;1\/5&#8243;]\t<div class=\"counter counter-tpl2   text-center\">\r\n\t\t\t\t\t<div class=\"icon\"><img decoding=\"async\" src=\"https:\/\/www.ifplants.eu\/wp-content\/uploads\/2023\/02\/if-plants-PLANTES.png\" alt=\"background\"  class=\"img-responsive\"><\/div><p>Gelieferte Pflanzen 2025<\/p><h3 class=\"number font-2\">300.000<\/h3>\t<\/div>\r\n\t[\/vc_column][vc_column width=&#8220;1\/5&#8243;]\t<div class=\"counter counter-tpl2   text-center\">\r\n\t\t\t\t\t<div class=\"icon\"><img decoding=\"async\" src=\"https:\/\/www.ifplants.eu\/wp-content\/uploads\/2023\/02\/if-plants-CLIENTS.png\" alt=\"background\"  class=\"img-responsive\"><\/div><p>Kunden<\/p><h3 class=\"number font-2\">1450<\/h3>\t<\/div>\r\n\t[\/vc_column][vc_column width=&#8220;1\/5&#8243;]\t<div class=\"counter counter-tpl2   text-center\">\r\n\t\t\t\t\t<div class=\"icon\"><img decoding=\"async\" src=\"https:\/\/www.ifplants.eu\/wp-content\/uploads\/2023\/02\/if-plants-PAYS.png\" alt=\"background\"  class=\"img-responsive\"><\/div><p>L\u00e4nder<\/p><h3 class=\"number font-2\">30<\/h3>\t<\/div>\r\n\t[\/vc_column][vc_column][\/vc_column][\/vc_row][vc_row css=&#8220;.vc_custom_1686750485070{background: #e2e8e8 url(https:\/\/www.ifplants.eu\/wp-content\/uploads\/2023\/06\/if-plants-oliviers-en-vedette-ole-europaea-1200&#215;500-1.jpg?id=7906) !important;background-position: center !important;background-repeat: no-repeat !important;background-size: cover !important;}&#8220; el_class=&#8220;box-team&#8220;][vc_column][vc_column_text]<\/p>\n<h2 style=\"text-align: center;\"><span style=\"color: #ffffff;\"><strong>Spezialisten f\u00fcr den Vertrieb von Olivenb\u00e4umen<\/strong><\/span><\/h2>\n<p>[\/vc_column_text][vc_column_text]<\/p>\n<h4 style=\"text-align: center;\"><span style=\"color: #ffffff;\">Der Export lebender B\u00e4ume erfordert ein hohes Ma\u00df an Wissen und Detailgenauigkeit. Wir begleiten unsere Kunden w\u00e4hrend des gesamten Kaufprozesses: von der Auswahl der richtigen Olivensorte bis zur unerl\u00e4sslichen Dokumentation f\u00fcr den Export ins Ausland, einschlie\u00dflich aller erforderlichen Genehmigungen und Zertifikate. <\/span><\/h4>\n<p>[\/vc_column_text][vc_btn title=&#8220;MEHR ERFAHREN&#8220; style=&#8220;outline-custom&#8220; outline_custom_color=&#8220;#648184&#8243; outline_custom_hover_background=&#8220;#648184&#8243; outline_custom_hover_text=&#8220;#ffffff&#8220; shape=&#8220;round&#8220; align=&#8220;center&#8220; i_align=&#8220;right&#8220; i_icon_fontawesome=&#8220;fas fa-arrow-right&#8220; add_icon=&#8220;true&#8220; link=&#8220;url:https%3A%2F%2Fwww.ifplants.eu%2Ffr%2Foliviers-en-vedette%2F|title:Ausgew%C3%A4hlte%20Olivenb%C3%A4ume|&#8220;][\/vc_column][\/vc_row][vc_row el_class=&#8220;box-contact text-center ct-contact&#8220;][vc_column][vc_column_text]<\/p>\n<h2 style=\"text-align: center;\"><span style=\"color: #648184;\">Kontaktiere uns<\/span><\/h2>\n<p>[\/vc_column_text][vc_empty_space height=&#8220;42px&#8220;]\n<div class=\"wpcf7 no-js\" id=\"wpcf7-f59919-o1\" lang=\"de-DE\" dir=\"ltr\" data-wpcf7-id=\"59919\">\n<div class=\"screen-reader-response\"><p role=\"status\" aria-live=\"polite\" aria-atomic=\"true\"><\/p> <ul><\/ul><\/div>\n<form action=\"\/de\/wp-json\/wp\/v2\/pages\/56673#wpcf7-f59919-o1\" method=\"post\" class=\"wpcf7-form init\" aria-label=\"Kontaktformular\" novalidate=\"novalidate\" data-status=\"init\">\n<fieldset class=\"hidden-fields-container\"><input type=\"hidden\" name=\"_wpcf7\" value=\"59919\" \/><input type=\"hidden\" name=\"_wpcf7_version\" value=\"6.1.5\" \/><input type=\"hidden\" name=\"_wpcf7_locale\" value=\"de_DE\" \/><input type=\"hidden\" name=\"_wpcf7_unit_tag\" value=\"wpcf7-f59919-o1\" \/><input type=\"hidden\" name=\"_wpcf7_container_post\" value=\"0\" \/><input type=\"hidden\" name=\"_wpcf7_posted_data_hash\" value=\"\" \/><input type=\"hidden\" name=\"_wpcf7_recaptcha_response\" value=\"\" \/>\n<\/fieldset>\n<div class=\"row\">\n\t<div class=\"col-md-4\"><span class=\"wpcf7-form-control-wrap\" data-name=\"your-name\"><input size=\"40\" maxlength=\"400\" class=\"wpcf7-form-control wpcf7-text wpcf7-validates-as-required name\" id=\"name\" aria-required=\"true\" aria-invalid=\"false\" placeholder=\"VORNAME\" value=\"\" type=\"text\" name=\"your-name\" \/><\/span><\/div ><div class=\"col-md-4 col-sm-12\"><span class=\"wpcf7-form-control-wrap\" data-name=\"your-company\"><input size=\"40\" maxlength=\"400\" class=\"wpcf7-form-control wpcf7-text\" id=\"company\" aria-invalid=\"false\" placeholder=\"NAME DER FIRMA\" value=\"\" type=\"text\" name=\"your-company\" \/><\/span><\/div><div class=\"col-md-4 col-sm-12\"><span class=\"wpcf7-form-control-wrap\" data-name=\"your-country\"><input size=\"40\" class=\"wpcf7-form-control wpcf7-countrytext wpcf7-validates-as-required wpcf7-text wpcf7-validates-as-countrytext\" id=\"country\" aria-required=\"true\" aria-invalid=\"false\" placeholder=\"LAND\" value=\"\" type=\"text\" name=\"your-country\" \/><\/span><\/div >\n<\/div>\n<div class=\"row\">\n\t<div class=\"col-md-4\"><span class=\"wpcf7-form-control-wrap\" data-name=\"your-activity\"><select class=\"wpcf7-form-control wpcf7-select wpcf7-validates-as-required\" id=\"activity\" aria-required=\"true\" aria-invalid=\"false\" name=\"your-activity\"><option value=\"HAUPTAKTIVIT\u00c4T\">HAUPTAKTIVIT\u00c4T<\/option><option value=\"Gro\u00dfh\u00e4ndler\">Gro\u00dfh\u00e4ndler<\/option><option value=\"Ponto de venda \/ Revendedor\">Ponto de venda \/ Revendedor<\/option><option value=\"Produzent \/ G\u00e4rtner\">Produzent \/ G\u00e4rtner<\/option><option value=\"Paisagista\">Paisagista<\/option><option value=\"Gr\u00fcnfl\u00e4chen\">Gr\u00fcnfl\u00e4chen<\/option><option value=\"Gartencenter\">Gartencenter<\/option><option value=\"Zentrales Einkaufsb\u00fcro\">Zentrales Einkaufsb\u00fcro<\/option><\/select><\/span><\/div ><div class=\"col-md-4 col-sm-12\"><span class=\"wpcf7-form-control-wrap\" data-name=\"your-email\"><input size=\"40\" maxlength=\"400\" class=\"wpcf7-form-control wpcf7-email wpcf7-validates-as-required wpcf7-text wpcf7-validates-as-email email\" id=\"email\" aria-required=\"true\" aria-invalid=\"false\" placeholder=\"EMAIL\" value=\"\" type=\"email\" name=\"your-email\" \/><\/span><\/div ><div class=\"col-md-4 col-sm-12\"><span class=\"wpcf7-form-control-wrap\" data-name=\"your-phone\"><input size=\"40\" class=\"wpcf7-form-control wpcf7-phonetext wpcf7-validates-as-required wpcf7-text wpcf7-validates-as-phonetext\" aria-required=\"true\" aria-invalid=\"false\" placeholder=\"TELEFON\" value=\"\" type=\"text\" name=\"your-phone\" \/><input type=\"hidden\" name=\"your-phone-country-code\" class=\"wpcf7-phonetext-country-code\" \/><\/span><\/div >\n<\/div>\n<div class=\"row\">\n\t<div class=\"col-md-12\"><span class=\"wpcf7-form-control-wrap\" data-name=\"your-message\"><textarea cols=\"40\" rows=\"10\" maxlength=\"2000\" class=\"wpcf7-form-control wpcf7-textarea wpcf7-validates-as-required message\" id=\"message\" aria-required=\"true\" aria-invalid=\"false\" placeholder=\"Schreiben Sie hier Ihre Nachricht\" name=\"your-message\"><\/textarea><\/span><\/div >\n<\/div>\n<div class=\"row\">\n\t<div class=\"col-md-12\"><span class=\"wpcf7-form-control-wrap\" data-name=\"legal-check\"><span class=\"wpcf7-form-control wpcf7-checkbox wpcf7-validates-as-required\" id=\"legal\"><span class=\"wpcf7-list-item first last\"><label><input type=\"checkbox\" name=\"legal-check[]\" value=\"Ich habe die\" \/><span class=\"wpcf7-list-item-label\">Ich habe die<\/span><\/label><\/span><\/span><\/span> <a href=\"https:\/\/www.ifplants.eu\/de\/impressum\/\" target=\"_blank\">Rechtlichen Hinweise gelesen und stimme ihnen zu<\/a><\/div >\n<\/div>\n<div class=\"row\">\n\t<div class=\"col-md-12\"><div class=\"btn-submit\"><input class=\"wpcf7-form-control wpcf7-submit has-spinner submit\" id=\"submit\" type=\"submit\" value=\"Schicken\" \/><i class=\"ion-android-arrow-forward\"><\/i><\/div><\/div >\n<\/div><div class=\"wpcf7-response-output\" aria-hidden=\"true\"><\/div>\n<\/form>\n<\/div>\n[\/vc_column][\/vc_row]<\/p>\n<\/div>","protected":false},"excerpt":{"rendered":"<p>[vc_row][vc_column][rev_slider_vc alias=&#8220;home-de&#8220;][\/vc_column][\/vc_row][vc_row css=&#8220;.vc_custom_1614676183862{background-color: #ffffff !important;}&#8220;][vc_column][\/vc_column][\/vc_row][vc_row css=&#8220;.vc_custom_1675644308995{padding-top: 30px !important;padding-bottom: 10px !important;background-color: #e2e8e8 !important;}&#8220;][vc_column][vc_column_text] Erhalten Sie Preise und Verf\u00fcgbarkeit in weniger als 48 Stunden [\/vc_column_text][vc_column_text] Vorteile [\/vc_column_text][vc_empty_space height=&#8220;42px&#8220;][\/vc_column][\/vc_row][vc_row css=&#8220;.vc_custom_1632908084356{padding-top: 30px !important;padding-bottom: 30px !important;}&#8220;][vc_column][vc_column_text] Unsere Pflanzen [\/vc_column_text][\/vc_column][\/vc_row][vc_row css=&#8220;.vc_custom_1680174250766{background-image: url(https:\/\/www.ifplants.eu\/wp-content\/uploads\/2023\/02\/if-plants-objetifs-1-scaled.jpg?id=4661) !important;background-position: center !important;background-repeat: no-repeat !important;background-size: cover !important;}&#8220; el_class=&#8220;counter-info&#8220;][vc_column width=&#8220;1\/5&#8243; offset=&#8220;vc_col-sm-offset-0&#8243;][\/vc_column][vc_column width=&#8220;1\/5&#8243;][\/vc_column][vc_column width=&#8220;1\/5&#8243;][\/vc_column][vc_column width=&#8220;1\/5&#8243;][\/vc_column][vc_column width=&#8220;1\/5&#8243;][\/vc_column][vc_column][\/vc_column][\/vc_row][vc_row css=&#8220;.vc_custom_1686750485070{background: #e2e8e8 url(https:\/\/www.ifplants.eu\/wp-content\/uploads\/2023\/06\/if-plants-oliviers-en-vedette-ole-europaea-1200&#215;500-1.jpg?id=7906) !important;background-position: center [&hellip;]<\/p>\n","protected":false},"author":1,"featured_media":0,"parent":0,"menu_order":0,"comment_status":"closed","ping_status":"closed","template":"","meta":{"_joinchat":[],"footnotes":""},"class_list":["post-56673","page","type-page","status-publish","hentry"],"yoast_head":"<!-- This site is optimized with the Yoast SEO plugin v27.4 - https:\/\/yoast.com\/product\/yoast-seo-wordpress\/ -->\n<title>If Plants | Ihr Partner f\u00fcr die Abwicklung des Pflanzenkaufs in Spanien<\/title>\n<meta name=\"description\" content=\"Baumschule in Spanien mit der gr\u00f6\u00dften Auswahl an Pflanzen. Produzent von Pflanzen au\u00dfergew\u00f6hnlicher Qualit\u00e4t.\" \/>\n<meta name=\"robots\" content=\"index, follow, max-snippet:-1, max-image-preview:large, max-video-preview:-1\" \/>\n<link rel=\"canonical\" href=\"https:\/\/www.ifplants.eu\/de\/\" \/>\n<meta property=\"og:locale\" content=\"de_DE\" \/>\n<meta property=\"og:type\" content=\"article\" \/>\n<meta property=\"og:title\" content=\"If Plants | Ihr Partner f\u00fcr die Abwicklung des Pflanzenkaufs in Spanien\" \/>\n<meta property=\"og:description\" content=\"Baumschule in Spanien mit der gr\u00f6\u00dften Auswahl an Pflanzen. Produzent von Pflanzen au\u00dfergew\u00f6hnlicher Qualit\u00e4t.\" \/>\n<meta property=\"og:url\" content=\"https:\/\/www.ifplants.eu\/de\/\" \/>\n<meta property=\"og:site_name\" content=\"ifplants\" \/>\n<meta property=\"article:publisher\" content=\"https:\/\/www.facebook.com\/ifplantspepinieres\/\" \/>\n<meta property=\"article:modified_time\" content=\"2026-01-19T18:07:38+00:00\" \/>\n<meta name=\"twitter:card\" content=\"summary_large_image\" \/>\n<meta name=\"twitter:label1\" content=\"Gesch\u00e4tzte Lesezeit\" \/>\n\t<meta name=\"twitter:data1\" content=\"1\u00a0Minute\" \/>\n<script type=\"application\/ld+json\" class=\"yoast-schema-graph\">{\"@context\":\"https:\\\/\\\/schema.org\",\"@graph\":[{\"@type\":\"WebPage\",\"@id\":\"https:\\\/\\\/www.ifplants.eu\\\/de\\\/\",\"url\":\"https:\\\/\\\/www.ifplants.eu\\\/de\\\/\",\"name\":\"If Plants | Ihr Partner f\u00fcr die Abwicklung des Pflanzenkaufs in Spanien\",\"isPartOf\":{\"@id\":\"https:\\\/\\\/www.ifplants.eu\\\/de\\\/#website\"},\"datePublished\":\"2025-12-03T17:40:57+00:00\",\"dateModified\":\"2026-01-19T18:07:38+00:00\",\"description\":\"Baumschule in Spanien mit der gr\u00f6\u00dften Auswahl an Pflanzen. Produzent von Pflanzen au\u00dfergew\u00f6hnlicher Qualit\u00e4t.\",\"breadcrumb\":{\"@id\":\"https:\\\/\\\/www.ifplants.eu\\\/de\\\/#breadcrumb\"},\"inLanguage\":\"de\",\"potentialAction\":[{\"@type\":\"ReadAction\",\"target\":[\"https:\\\/\\\/www.ifplants.eu\\\/de\\\/\"]}]},{\"@type\":\"BreadcrumbList\",\"@id\":\"https:\\\/\\\/www.ifplants.eu\\\/de\\\/#breadcrumb\",\"itemListElement\":[{\"@type\":\"ListItem\",\"position\":1,\"name\":\"Accueil\",\"item\":\"https:\\\/\\\/www.ifplants.eu\\\/de\\\/\"},{\"@type\":\"ListItem\",\"position\":2,\"name\":\"If Plants | Ihr Partner f\u00fcr die Abwicklung des Pflanzenkaufs in Spanien\"}]},{\"@type\":\"WebSite\",\"@id\":\"https:\\\/\\\/www.ifplants.eu\\\/de\\\/#website\",\"url\":\"https:\\\/\\\/www.ifplants.eu\\\/de\\\/\",\"name\":\"ifplants\",\"description\":\"Otro sitio realizado con WordPress\",\"publisher\":{\"@id\":\"https:\\\/\\\/www.ifplants.eu\\\/de\\\/#organization\"},\"potentialAction\":[{\"@type\":\"SearchAction\",\"target\":{\"@type\":\"EntryPoint\",\"urlTemplate\":\"https:\\\/\\\/www.ifplants.eu\\\/de\\\/?s={search_term_string}\"},\"query-input\":{\"@type\":\"PropertyValueSpecification\",\"valueRequired\":true,\"valueName\":\"search_term_string\"}}],\"inLanguage\":\"de\"},{\"@type\":\"Organization\",\"@id\":\"https:\\\/\\\/www.ifplants.eu\\\/de\\\/#organization\",\"name\":\"ifplants\",\"url\":\"https:\\\/\\\/www.ifplants.eu\\\/de\\\/\",\"logo\":{\"@type\":\"ImageObject\",\"inLanguage\":\"de\",\"@id\":\"https:\\\/\\\/www.ifplants.eu\\\/de\\\/#\\\/schema\\\/logo\\\/image\\\/\",\"url\":\"https:\\\/\\\/www.ifplants.eu\\\/wp-content\\\/uploads\\\/2021\\\/03\\\/logo.png\",\"contentUrl\":\"https:\\\/\\\/www.ifplants.eu\\\/wp-content\\\/uploads\\\/2021\\\/03\\\/logo.png\",\"width\":116,\"height\":70,\"caption\":\"ifplants\"},\"image\":{\"@id\":\"https:\\\/\\\/www.ifplants.eu\\\/de\\\/#\\\/schema\\\/logo\\\/image\\\/\"},\"sameAs\":[\"https:\\\/\\\/www.facebook.com\\\/ifplantspepinieres\\\/\",\"https:\\\/\\\/www.instagram.com\\\/ifplants\\\/\",\"https:\\\/\\\/www.linkedin.com\\\/company\\\/if-plants\\\/\",\"https:\\\/\\\/youtube.com\\\/channel\\\/UC69COSViXsi8cJQuMQlWRew\"]}]}<\/script>\n<!-- \/ Yoast SEO plugin. -->","yoast_head_json":{"title":"If Plants | Ihr Partner f\u00fcr die Abwicklung des Pflanzenkaufs in Spanien","description":"Baumschule in Spanien mit der gr\u00f6\u00dften Auswahl an Pflanzen. Produzent von Pflanzen au\u00dfergew\u00f6hnlicher Qualit\u00e4t.","robots":{"index":"index","follow":"follow","max-snippet":"max-snippet:-1","max-image-preview":"max-image-preview:large","max-video-preview":"max-video-preview:-1"},"canonical":"https:\/\/www.ifplants.eu\/de\/","og_locale":"de_DE","og_type":"article","og_title":"If Plants | Ihr Partner f\u00fcr die Abwicklung des Pflanzenkaufs in Spanien","og_description":"Baumschule in Spanien mit der gr\u00f6\u00dften Auswahl an Pflanzen. Produzent von Pflanzen au\u00dfergew\u00f6hnlicher Qualit\u00e4t.","og_url":"https:\/\/www.ifplants.eu\/de\/","og_site_name":"ifplants","article_publisher":"https:\/\/www.facebook.com\/ifplantspepinieres\/","article_modified_time":"2026-01-19T18:07:38+00:00","twitter_card":"summary_large_image","twitter_misc":{"Gesch\u00e4tzte Lesezeit":"1\u00a0Minute"},"schema":{"@context":"https:\/\/schema.org","@graph":[{"@type":"WebPage","@id":"https:\/\/www.ifplants.eu\/de\/","url":"https:\/\/www.ifplants.eu\/de\/","name":"If Plants | Ihr Partner f\u00fcr die Abwicklung des Pflanzenkaufs in Spanien","isPartOf":{"@id":"https:\/\/www.ifplants.eu\/de\/#website"},"datePublished":"2025-12-03T17:40:57+00:00","dateModified":"2026-01-19T18:07:38+00:00","description":"Baumschule in Spanien mit der gr\u00f6\u00dften Auswahl an Pflanzen. Produzent von Pflanzen au\u00dfergew\u00f6hnlicher Qualit\u00e4t.","breadcrumb":{"@id":"https:\/\/www.ifplants.eu\/de\/#breadcrumb"},"inLanguage":"de","potentialAction":[{"@type":"ReadAction","target":["https:\/\/www.ifplants.eu\/de\/"]}]},{"@type":"BreadcrumbList","@id":"https:\/\/www.ifplants.eu\/de\/#breadcrumb","itemListElement":[{"@type":"ListItem","position":1,"name":"Accueil","item":"https:\/\/www.ifplants.eu\/de\/"},{"@type":"ListItem","position":2,"name":"If Plants | Ihr Partner f\u00fcr die Abwicklung des Pflanzenkaufs in Spanien"}]},{"@type":"WebSite","@id":"https:\/\/www.ifplants.eu\/de\/#website","url":"https:\/\/www.ifplants.eu\/de\/","name":"ifplants","description":"Otro sitio realizado con WordPress","publisher":{"@id":"https:\/\/www.ifplants.eu\/de\/#organization"},"potentialAction":[{"@type":"SearchAction","target":{"@type":"EntryPoint","urlTemplate":"https:\/\/www.ifplants.eu\/de\/?s={search_term_string}"},"query-input":{"@type":"PropertyValueSpecification","valueRequired":true,"valueName":"search_term_string"}}],"inLanguage":"de"},{"@type":"Organization","@id":"https:\/\/www.ifplants.eu\/de\/#organization","name":"ifplants","url":"https:\/\/www.ifplants.eu\/de\/","logo":{"@type":"ImageObject","inLanguage":"de","@id":"https:\/\/www.ifplants.eu\/de\/#\/schema\/logo\/image\/","url":"https:\/\/www.ifplants.eu\/wp-content\/uploads\/2021\/03\/logo.png","contentUrl":"https:\/\/www.ifplants.eu\/wp-content\/uploads\/2021\/03\/logo.png","width":116,"height":70,"caption":"ifplants"},"image":{"@id":"https:\/\/www.ifplants.eu\/de\/#\/schema\/logo\/image\/"},"sameAs":["https:\/\/www.facebook.com\/ifplantspepinieres\/","https:\/\/www.instagram.com\/ifplants\/","https:\/\/www.linkedin.com\/company\/if-plants\/","https:\/\/youtube.com\/channel\/UC69COSViXsi8cJQuMQlWRew"]}]}},"_links":{"self":[{"href":"https:\/\/www.ifplants.eu\/de\/wp-json\/wp\/v2\/pages\/56673","targetHints":{"allow":["GET"]}}],"collection":[{"href":"https:\/\/www.ifplants.eu\/de\/wp-json\/wp\/v2\/pages"}],"about":[{"href":"https:\/\/www.ifplants.eu\/de\/wp-json\/wp\/v2\/types\/page"}],"author":[{"embeddable":true,"href":"https:\/\/www.ifplants.eu\/de\/wp-json\/wp\/v2\/users\/1"}],"replies":[{"embeddable":true,"href":"https:\/\/www.ifplants.eu\/de\/wp-json\/wp\/v2\/comments?post=56673"}],"version-history":[{"count":6,"href":"https:\/\/www.ifplants.eu\/de\/wp-json\/wp\/v2\/pages\/56673\/revisions"}],"predecessor-version":[{"id":59912,"href":"https:\/\/www.ifplants.eu\/de\/wp-json\/wp\/v2\/pages\/56673\/revisions\/59912"}],"wp:attachment":[{"href":"https:\/\/www.ifplants.eu\/de\/wp-json\/wp\/v2\/media?parent=56673"}],"curies":[{"name":"wp","href":"https:\/\/api.w.org\/{rel}","templated":true}]}}