{"id":56729,"date":"2025-12-03T18:41:06","date_gmt":"2025-12-03T17:41:06","guid":{"rendered":"https:\/\/www.ifplants.eu\/pflanzen-und-baumgrosshaendler-in-spanien\/"},"modified":"2025-12-16T23:09:21","modified_gmt":"2025-12-16T22:09:21","slug":"pflanzen-und-baumgrosshaendler-in-spanien","status":"publish","type":"page","link":"https:\/\/www.ifplants.eu\/de\/pflanzen-und-baumgrosshaendler-in-spanien\/","title":{"rendered":"Pflanzen- und Baumgro\u00dfh\u00e4ndler in Spanien"},"content":{"rendered":"<div class=\"wpb-content-wrapper\"><p>[vc_row css=&#8220;.vc_custom_1536561033548{padding-bottom: 50px !important;}&#8220;][vc_column]\t\t\t<div id=\"tb-list-project\" class=\"project-wrapper layout-default hidden-nav hidden-dots \">\r\n\t\t\t\t<ul class=\"controls-filter text-center hidden\">\r\n\t\t\t\t<li class=\"filter active\"  data-filter=\"*\"><a href=\"javascript:void(0);\">all<\/a><\/li>\r\n\t\t\t\t\t\t\t\t\t\t\t<li class=\"filter\"  data-filter=\".alle-formen-und-sorten\"><a href=\"javascript:void(0);\">Alle Formen und Sorten<\/a><\/li>\r\n\t\t\t\t\t\t\t\t\t\t\t\t\t<li class=\"filter\"  data-filter=\".aufzucht-und-rekultivierung\"><a href=\"javascript:void(0);\">Aufzucht und Rekultivierung<\/a><\/li>\r\n\t\t\t\t\t\t\t\t\t\t\t\t\t<li class=\"filter\"  data-filter=\".bluh-und-heckenstraucher-in-allen-grosen\"><a href=\"javascript:void(0);\">Bl\u00fch- und Heckenstr\u00e4ucher in allen Gr\u00f6\u00dfen<\/a><\/li>\r\n\t\t\t\t\t\t\t\t\t\t\t\t\t<li class=\"filter\"  data-filter=\".chamareops-phoenix-trachycarpus-washingtonia-und-andere-arten\"><a href=\"javascript:void(0);\">Chamareops, Phoenix, Trachycarpus, Washingtonia und andere Arten<\/a><\/li>\r\n\t\t\t\t\t\t\t\t\t\t\t\t\t<li class=\"filter\"  data-filter=\".grose-auswahl-an-ausergewohnlichen-pflanzen\"><a href=\"javascript:void(0);\">Gro\u00dfe Auswahl an au\u00dfergew\u00f6hnlichen Pflanzen<\/a><\/li>\r\n\t\t\t\t\t\t\t\t\t\t\t\t\t<li class=\"filter\"  data-filter=\".immergrune-und-laubabwerfende\"><a href=\"javascript:void(0);\">Immergr\u00fcne und Laubabwerfende<\/a><\/li>\r\n\t\t\t\t\t\t\t\t\t\t\t\t\t<li class=\"filter\"  data-filter=\".in-allen-sorten-und-grosen\"><a href=\"javascript:void(0);\">In allen Sorten und Gr\u00f6\u00dfen.<\/a><\/li>\r\n\t\t\t\t\t\t\t\t\t\t\t\t\t<li class=\"filter\"  data-filter=\".junge-hundertjahrige-und-tausendjahrige-olivenbaume\"><a href=\"javascript:void(0);\">Junge, hundertj\u00e4hrige und tausendj\u00e4hrige Olivenb\u00e4ume<\/a><\/li>\r\n\t\t\t\t\t\t\t\t\t\t\t\t\t<li class=\"filter\"  data-filter=\".uber-250-referenzen\"><a href=\"javascript:void(0);\">\u00dcber 250 Referenzen<\/a><\/li>\r\n\t\t\t\t\t\t\t\t\t\t<\/ul>\r\n\t\t\t\t<div id=\"block-project\" class=\"project   layout-isotop row\">\r\n\t\t\t\t\t<div class=\"grid-sizer col-xs-12 col-sm-6 col-md-4 col-lg-4\"><\/div>\t\t\t\t\t\r\n\t\t\t\t\t<div class=\"item  col-xs-12 col-sm-6 col-md-4 col-lg-4  effect-1\">\r\n\t<div class=\"item-port\">\r\n\t\t\t\t\t<div class=\"thumb\">\r\n\t\t\t\t<img decoding=\"async\" class=\"img-responsive \" src=\"https:\/\/www.ifplants.eu\/wp-content\/uploads\/2021\/04\/photo-1520931674431-de5b4b2cc562-740x540-1.jpg\" width=\"740\" height=\"540\" alt=\"photo-1520931674431-de5b4b2cc562-740x540\" title=\"photo-1520931674431-de5b4b2cc562-740x540\" loading=\"lazy\" \/>\t\t\t\t\t\t\t\t<div class=\"content effect-1\">\r\n\t\t\t\t\t<div class=\"info\">\r\n\t\t\t\t\t\t<a href=\"https:\/\/www.ifplants.eu\/de\/grossistes-plants-arbres-espagne\/palmen\/phoenixpalmen-aus-spanien\/\"><h4 class=\"title\">Phoenixpalmen aus Spanien<\/h4><\/a>\r\n\t\t\t\t\t\t<span class=\"skill\"><\/span>\r\n\t\t\t\t\t<\/div>\r\n\t\t\t\t<\/div>\r\n\t\t\t\t\t\t\t<\/div>\r\n\t\t\t\t<div class=\"content effect-1\">\r\n\t\t\t<div class=\"info\">\r\n\t\t\t\t<a href=\"https:\/\/www.ifplants.eu\/de\/grossistes-plants-arbres-espagne\/palmen\/phoenixpalmen-aus-spanien\/\"><h4 class=\"title\">Phoenixpalmen aus Spanien<\/h4><\/a>\r\n\t\t\t\t<span class=\"skill\"><\/span>\r\n\t\t\t<\/div>\r\n\t\t\t<a href=\"https:\/\/www.ifplants.eu\/de\/grossistes-plants-arbres-espagne\/palmen\/phoenixpalmen-aus-spanien\/\" class=\"btn-see-more\"><span>mehr sehen  <i class=\"ion-android-arrow-forward\"><\/i><\/span><\/a>\r\n\t\t<\/div>\r\n\t<\/div>\r\n<\/div><div class=\"item  col-xs-12 col-sm-6 col-md-4 col-lg-4  effect-1\">\r\n\t<div class=\"item-port\">\r\n\t\t\t\t\t<div class=\"thumb\">\r\n\t\t\t\t<img decoding=\"async\" class=\"img-responsive \" src=\"https:\/\/www.ifplants.eu\/wp-content\/uploads\/2021\/04\/photo-1520931674431-de5b4b2cc562-740x540-1.jpg\" width=\"740\" height=\"540\" alt=\"photo-1520931674431-de5b4b2cc562-740x540\" title=\"photo-1520931674431-de5b4b2cc562-740x540\" loading=\"lazy\" \/>\t\t\t\t\t\t\t\t<div class=\"content effect-1\">\r\n\t\t\t\t\t<div class=\"info\">\r\n\t\t\t\t\t\t<a href=\"https:\/\/www.ifplants.eu\/de\/grossistes-plants-arbres-espagne\/palmen\/andere-palmen-aus-spanien\/\"><h4 class=\"title\">Andere Palmen aus Spanien<\/h4><\/a>\r\n\t\t\t\t\t\t<span class=\"skill\"><\/span>\r\n\t\t\t\t\t<\/div>\r\n\t\t\t\t<\/div>\r\n\t\t\t\t\t\t\t<\/div>\r\n\t\t\t\t<div class=\"content effect-1\">\r\n\t\t\t<div class=\"info\">\r\n\t\t\t\t<a href=\"https:\/\/www.ifplants.eu\/de\/grossistes-plants-arbres-espagne\/palmen\/andere-palmen-aus-spanien\/\"><h4 class=\"title\">Andere Palmen aus Spanien<\/h4><\/a>\r\n\t\t\t\t<span class=\"skill\"><\/span>\r\n\t\t\t<\/div>\r\n\t\t\t<a href=\"https:\/\/www.ifplants.eu\/de\/grossistes-plants-arbres-espagne\/palmen\/andere-palmen-aus-spanien\/\" class=\"btn-see-more\"><span>mehr sehen  <i class=\"ion-android-arrow-forward\"><\/i><\/span><\/a>\r\n\t\t<\/div>\r\n\t<\/div>\r\n<\/div><div class=\"item  col-xs-12 col-sm-6 col-md-4 col-lg-4  effect-1\">\r\n\t<div class=\"item-port\">\r\n\t\t\t\t\t<div class=\"thumb\">\r\n\t\t\t\t<img decoding=\"async\" class=\"img-responsive \" src=\"https:\/\/www.ifplants.eu\/wp-content\/uploads\/2021\/04\/photo-1520931674431-de5b4b2cc562-740x540-1.jpg\" width=\"740\" height=\"540\" alt=\"photo-1520931674431-de5b4b2cc562-740x540\" title=\"photo-1520931674431-de5b4b2cc562-740x540\" loading=\"lazy\" \/>\t\t\t\t\t\t\t\t<div class=\"content effect-1\">\r\n\t\t\t\t\t<div class=\"info\">\r\n\t\t\t\t\t\t<a href=\"https:\/\/www.ifplants.eu\/de\/grossistes-plants-arbres-espagne\/palmen\/washingtonia-palmen-aus-spanien\/\"><h4 class=\"title\">Washingtonia-Palmen aus Spanien<\/h4><\/a>\r\n\t\t\t\t\t\t<span class=\"skill\"><\/span>\r\n\t\t\t\t\t<\/div>\r\n\t\t\t\t<\/div>\r\n\t\t\t\t\t\t\t<\/div>\r\n\t\t\t\t<div class=\"content effect-1\">\r\n\t\t\t<div class=\"info\">\r\n\t\t\t\t<a href=\"https:\/\/www.ifplants.eu\/de\/grossistes-plants-arbres-espagne\/palmen\/washingtonia-palmen-aus-spanien\/\"><h4 class=\"title\">Washingtonia-Palmen aus Spanien<\/h4><\/a>\r\n\t\t\t\t<span class=\"skill\"><\/span>\r\n\t\t\t<\/div>\r\n\t\t\t<a href=\"https:\/\/www.ifplants.eu\/de\/grossistes-plants-arbres-espagne\/palmen\/washingtonia-palmen-aus-spanien\/\" class=\"btn-see-more\"><span>mehr sehen  <i class=\"ion-android-arrow-forward\"><\/i><\/span><\/a>\r\n\t\t<\/div>\r\n\t<\/div>\r\n<\/div><div class=\"item  col-xs-12 col-sm-6 col-md-4 col-lg-4  effect-1\">\r\n\t<div class=\"item-port\">\r\n\t\t\t\t\t<div class=\"thumb\">\r\n\t\t\t\t<img decoding=\"async\" class=\"img-responsive \" src=\"https:\/\/www.ifplants.eu\/wp-content\/uploads\/2021\/04\/photo-1520931674431-de5b4b2cc562-740x540-1.jpg\" width=\"740\" height=\"540\" alt=\"photo-1520931674431-de5b4b2cc562-740x540\" title=\"photo-1520931674431-de5b4b2cc562-740x540\" loading=\"lazy\" \/>\t\t\t\t\t\t\t\t<div class=\"content effect-1\">\r\n\t\t\t\t\t<div class=\"info\">\r\n\t\t\t\t\t\t<a href=\"https:\/\/www.ifplants.eu\/de\/grossistes-plants-arbres-espagne\/palmen\/trachycarpus-palmen-aus-spanien\/\"><h4 class=\"title\">Trachycarpus-Palmen aus Spanien<\/h4><\/a>\r\n\t\t\t\t\t\t<span class=\"skill\"><\/span>\r\n\t\t\t\t\t<\/div>\r\n\t\t\t\t<\/div>\r\n\t\t\t\t\t\t\t<\/div>\r\n\t\t\t\t<div class=\"content effect-1\">\r\n\t\t\t<div class=\"info\">\r\n\t\t\t\t<a href=\"https:\/\/www.ifplants.eu\/de\/grossistes-plants-arbres-espagne\/palmen\/trachycarpus-palmen-aus-spanien\/\"><h4 class=\"title\">Trachycarpus-Palmen aus Spanien<\/h4><\/a>\r\n\t\t\t\t<span class=\"skill\"><\/span>\r\n\t\t\t<\/div>\r\n\t\t\t<a href=\"https:\/\/www.ifplants.eu\/de\/grossistes-plants-arbres-espagne\/palmen\/trachycarpus-palmen-aus-spanien\/\" class=\"btn-see-more\"><span>mehr sehen  <i class=\"ion-android-arrow-forward\"><\/i><\/span><\/a>\r\n\t\t<\/div>\r\n\t<\/div>\r\n<\/div><div class=\"item  col-xs-12 col-sm-6 col-md-4 col-lg-4 aufzucht-und-rekultivierung effect-1\">\r\n\t<div class=\"item-port\">\r\n\t\t\t\t\t<div class=\"thumb\">\r\n\t\t\t\t<img decoding=\"async\" class=\"img-responsive \" src=\"https:\/\/www.ifplants.eu\/wp-content\/uploads\/2021\/02\/if-plants-AGRUMES-ET-ARBRES-FRUITIERS-740x540.jpeg\" width=\"740\" height=\"540\" alt=\"if-plants-AGRUMES-ET-ARBRES-FRUITIERS\" title=\"if-plants-AGRUMES-ET-ARBRES-FRUITIERS\" loading=\"lazy\" \/>\t\t\t\t\t\t\t\t<div class=\"content effect-1\">\r\n\t\t\t\t\t<div class=\"info\">\r\n\t\t\t\t\t\t<a href=\"https:\/\/www.ifplants.eu\/de\/grossistes-plants-arbres-espagne\/zitrusfruechte-und-obstbaeume\/\"><h4 class=\"title\">Zitrusfr\u00fcchte und Obstb\u00e4ume<\/h4><\/a>\r\n\t\t\t\t\t\t<span class=\"skill\">Aufzucht und Rekultivierung<\/span>\r\n\t\t\t\t\t<\/div>\r\n\t\t\t\t<\/div>\r\n\t\t\t\t\t\t\t<\/div>\r\n\t\t\t\t<div class=\"content effect-1\">\r\n\t\t\t<div class=\"info\">\r\n\t\t\t\t<a href=\"https:\/\/www.ifplants.eu\/de\/grossistes-plants-arbres-espagne\/zitrusfruechte-und-obstbaeume\/\"><h4 class=\"title\">Zitrusfr\u00fcchte und Obstb\u00e4ume<\/h4><\/a>\r\n\t\t\t\t<span class=\"skill\">Aufzucht und Rekultivierung<\/span>\r\n\t\t\t<\/div>\r\n\t\t\t<a href=\"https:\/\/www.ifplants.eu\/de\/grossistes-plants-arbres-espagne\/zitrusfruechte-und-obstbaeume\/\" class=\"btn-see-more\"><span>mehr sehen  <i class=\"ion-android-arrow-forward\"><\/i><\/span><\/a>\r\n\t\t<\/div>\r\n\t<\/div>\r\n<\/div><div class=\"item  col-xs-12 col-sm-6 col-md-4 col-lg-4  effect-1\">\r\n\t<div class=\"item-port\">\r\n\t\t\t\t\t<div class=\"thumb\">\r\n\t\t\t\t<img decoding=\"async\" class=\"img-responsive \" src=\"https:\/\/www.ifplants.eu\/wp-content\/uploads\/2021\/04\/photo-1520931674431-de5b4b2cc562-740x540-1.jpg\" width=\"740\" height=\"540\" alt=\"photo-1520931674431-de5b4b2cc562-740x540\" title=\"photo-1520931674431-de5b4b2cc562-740x540\" loading=\"lazy\" \/>\t\t\t\t\t\t\t\t<div class=\"content effect-1\">\r\n\t\t\t\t\t<div class=\"info\">\r\n\t\t\t\t\t\t<a href=\"https:\/\/www.ifplants.eu\/de\/grossistes-plants-arbres-espagne\/olivenbaeume\/hundertjaehrige-olivenbaeume-spanien\/\"><h4 class=\"title\">Hundertj\u00e4hrige Olivenb\u00e4ume Spanien<\/h4><\/a>\r\n\t\t\t\t\t\t<span class=\"skill\"><\/span>\r\n\t\t\t\t\t<\/div>\r\n\t\t\t\t<\/div>\r\n\t\t\t\t\t\t\t<\/div>\r\n\t\t\t\t<div class=\"content effect-1\">\r\n\t\t\t<div class=\"info\">\r\n\t\t\t\t<a href=\"https:\/\/www.ifplants.eu\/de\/grossistes-plants-arbres-espagne\/olivenbaeume\/hundertjaehrige-olivenbaeume-spanien\/\"><h4 class=\"title\">Hundertj\u00e4hrige Olivenb\u00e4ume Spanien<\/h4><\/a>\r\n\t\t\t\t<span class=\"skill\"><\/span>\r\n\t\t\t<\/div>\r\n\t\t\t<a href=\"https:\/\/www.ifplants.eu\/de\/grossistes-plants-arbres-espagne\/olivenbaeume\/hundertjaehrige-olivenbaeume-spanien\/\" class=\"btn-see-more\"><span>mehr sehen  <i class=\"ion-android-arrow-forward\"><\/i><\/span><\/a>\r\n\t\t<\/div>\r\n\t<\/div>\r\n<\/div><div class=\"item  col-xs-12 col-sm-6 col-md-4 col-lg-4  effect-1\">\r\n\t<div class=\"item-port\">\r\n\t\t\t\t\t<div class=\"thumb\">\r\n\t\t\t\t<img decoding=\"async\" class=\"img-responsive \" src=\"https:\/\/www.ifplants.eu\/wp-content\/uploads\/2021\/04\/photo-1520931674431-de5b4b2cc562-740x540-1.jpg\" width=\"740\" height=\"540\" alt=\"photo-1520931674431-de5b4b2cc562-740x540\" title=\"photo-1520931674431-de5b4b2cc562-740x540\" loading=\"lazy\" \/>\t\t\t\t\t\t\t\t<div class=\"content effect-1\">\r\n\t\t\t\t\t<div class=\"info\">\r\n\t\t\t\t\t\t<a href=\"https:\/\/www.ifplants.eu\/de\/grossistes-plants-arbres-espagne\/olivenbaeume\/junge-olivenbaeume-aus-spanien\/\"><h4 class=\"title\">Junge Olivenb\u00e4ume aus Spanien<\/h4><\/a>\r\n\t\t\t\t\t\t<span class=\"skill\"><\/span>\r\n\t\t\t\t\t<\/div>\r\n\t\t\t\t<\/div>\r\n\t\t\t\t\t\t\t<\/div>\r\n\t\t\t\t<div class=\"content effect-1\">\r\n\t\t\t<div class=\"info\">\r\n\t\t\t\t<a href=\"https:\/\/www.ifplants.eu\/de\/grossistes-plants-arbres-espagne\/olivenbaeume\/junge-olivenbaeume-aus-spanien\/\"><h4 class=\"title\">Junge Olivenb\u00e4ume aus Spanien<\/h4><\/a>\r\n\t\t\t\t<span class=\"skill\"><\/span>\r\n\t\t\t<\/div>\r\n\t\t\t<a href=\"https:\/\/www.ifplants.eu\/de\/grossistes-plants-arbres-espagne\/olivenbaeume\/junge-olivenbaeume-aus-spanien\/\" class=\"btn-see-more\"><span>mehr sehen  <i class=\"ion-android-arrow-forward\"><\/i><\/span><\/a>\r\n\t\t<\/div>\r\n\t<\/div>\r\n<\/div><div class=\"item  col-xs-12 col-sm-6 col-md-4 col-lg-4  effect-1\">\r\n\t<div class=\"item-port\">\r\n\t\t\t\t\t<div class=\"thumb\">\r\n\t\t\t\t<img decoding=\"async\" class=\"img-responsive \" src=\"https:\/\/www.ifplants.eu\/wp-content\/uploads\/2021\/04\/photo-1520931674431-de5b4b2cc562-740x540-1.jpg\" width=\"740\" height=\"540\" alt=\"photo-1520931674431-de5b4b2cc562-740x540\" title=\"photo-1520931674431-de5b4b2cc562-740x540\" loading=\"lazy\" \/>\t\t\t\t\t\t\t\t<div class=\"content effect-1\">\r\n\t\t\t\t\t<div class=\"info\">\r\n\t\t\t\t\t\t<a href=\"https:\/\/www.ifplants.eu\/de\/grossistes-plants-arbres-espagne\/olivenbaeume\/jahrtausendealte-olivenbaeume-spanien\/\"><h4 class=\"title\">Jahrtausendealte Olivenb\u00e4ume Spanien<\/h4><\/a>\r\n\t\t\t\t\t\t<span class=\"skill\"><\/span>\r\n\t\t\t\t\t<\/div>\r\n\t\t\t\t<\/div>\r\n\t\t\t\t\t\t\t<\/div>\r\n\t\t\t\t<div class=\"content effect-1\">\r\n\t\t\t<div class=\"info\">\r\n\t\t\t\t<a href=\"https:\/\/www.ifplants.eu\/de\/grossistes-plants-arbres-espagne\/olivenbaeume\/jahrtausendealte-olivenbaeume-spanien\/\"><h4 class=\"title\">Jahrtausendealte Olivenb\u00e4ume Spanien<\/h4><\/a>\r\n\t\t\t\t<span class=\"skill\"><\/span>\r\n\t\t\t<\/div>\r\n\t\t\t<a href=\"https:\/\/www.ifplants.eu\/de\/grossistes-plants-arbres-espagne\/olivenbaeume\/jahrtausendealte-olivenbaeume-spanien\/\" class=\"btn-see-more\"><span>mehr sehen  <i class=\"ion-android-arrow-forward\"><\/i><\/span><\/a>\r\n\t\t<\/div>\r\n\t<\/div>\r\n<\/div><div class=\"item  col-xs-12 col-sm-6 col-md-4 col-lg-4  effect-1\">\r\n\t<div class=\"item-port\">\r\n\t\t\t\t\t<div class=\"thumb\">\r\n\t\t\t\t<img decoding=\"async\" class=\"img-responsive \" src=\"https:\/\/www.ifplants.eu\/wp-content\/uploads\/2021\/04\/photo-1520931674431-de5b4b2cc562-740x540-1.jpg\" width=\"740\" height=\"540\" alt=\"photo-1520931674431-de5b4b2cc562-740x540\" title=\"photo-1520931674431-de5b4b2cc562-740x540\" loading=\"lazy\" \/>\t\t\t\t\t\t\t\t<div class=\"content effect-1\">\r\n\t\t\t\t\t<div class=\"info\">\r\n\t\t\t\t\t\t<a href=\"https:\/\/www.ifplants.eu\/de\/grossistes-plants-arbres-espagne\/palmen\/chamareops-palmen-aus-spanien\/\"><h4 class=\"title\">Chamareops-Palmen aus Spanien<\/h4><\/a>\r\n\t\t\t\t\t\t<span class=\"skill\"><\/span>\r\n\t\t\t\t\t<\/div>\r\n\t\t\t\t<\/div>\r\n\t\t\t\t\t\t\t<\/div>\r\n\t\t\t\t<div class=\"content effect-1\">\r\n\t\t\t<div class=\"info\">\r\n\t\t\t\t<a href=\"https:\/\/www.ifplants.eu\/de\/grossistes-plants-arbres-espagne\/palmen\/chamareops-palmen-aus-spanien\/\"><h4 class=\"title\">Chamareops-Palmen aus Spanien<\/h4><\/a>\r\n\t\t\t\t<span class=\"skill\"><\/span>\r\n\t\t\t<\/div>\r\n\t\t\t<a href=\"https:\/\/www.ifplants.eu\/de\/grossistes-plants-arbres-espagne\/palmen\/chamareops-palmen-aus-spanien\/\" class=\"btn-see-more\"><span>mehr sehen  <i class=\"ion-android-arrow-forward\"><\/i><\/span><\/a>\r\n\t\t<\/div>\r\n\t<\/div>\r\n<\/div><div class=\"item  col-xs-12 col-sm-6 col-md-4 col-lg-4 immergrune-und-laubabwerfende effect-1\">\r\n\t<div class=\"item-port\">\r\n\t\t\t\t\t<div class=\"thumb\">\r\n\t\t\t\t<img decoding=\"async\" class=\"img-responsive \" src=\"https:\/\/www.ifplants.eu\/wp-content\/uploads\/2018\/08\/if-plants-ARBRES-EN-POT-ET-PLEINE-TERRE--740x540.jpeg\" width=\"740\" height=\"540\" alt=\"if-plants-ARBRES-EN-POT-ET-PLEINE-TERRE\" title=\"if-plants-ARBRES-EN-POT-ET-PLEINE-TERRE\" loading=\"lazy\" \/>\t\t\t\t\t\t\t\t<div class=\"content effect-1\">\r\n\t\t\t\t\t<div class=\"info\">\r\n\t\t\t\t\t\t<a href=\"https:\/\/www.ifplants.eu\/de\/grossistes-plants-arbres-espagne\/topfbaeume-und-freilandbaeume\/\"><h4 class=\"title\">Topfb\u00e4ume und Freilandb\u00e4ume<\/h4><\/a>\r\n\t\t\t\t\t\t<span class=\"skill\">Immergr\u00fcne und Laubabwerfende<\/span>\r\n\t\t\t\t\t<\/div>\r\n\t\t\t\t<\/div>\r\n\t\t\t\t\t\t\t<\/div>\r\n\t\t\t\t<div class=\"content effect-1\">\r\n\t\t\t<div class=\"info\">\r\n\t\t\t\t<a href=\"https:\/\/www.ifplants.eu\/de\/grossistes-plants-arbres-espagne\/topfbaeume-und-freilandbaeume\/\"><h4 class=\"title\">Topfb\u00e4ume und Freilandb\u00e4ume<\/h4><\/a>\r\n\t\t\t\t<span class=\"skill\">Immergr\u00fcne und Laubabwerfende<\/span>\r\n\t\t\t<\/div>\r\n\t\t\t<a href=\"https:\/\/www.ifplants.eu\/de\/grossistes-plants-arbres-espagne\/topfbaeume-und-freilandbaeume\/\" class=\"btn-see-more\"><span>mehr sehen  <i class=\"ion-android-arrow-forward\"><\/i><\/span><\/a>\r\n\t\t<\/div>\r\n\t<\/div>\r\n<\/div><div class=\"item  col-xs-12 col-sm-6 col-md-4 col-lg-4 chamareops-phoenix-trachycarpus-washingtonia-und-andere-arten effect-1\">\r\n\t<div class=\"item-port\">\r\n\t\t\t\t\t<div class=\"thumb\">\r\n\t\t\t\t<img decoding=\"async\" class=\"img-responsive \" src=\"https:\/\/www.ifplants.eu\/wp-content\/uploads\/2018\/08\/if-plants-PALMIERS-scaled-740x540.jpg\" width=\"740\" height=\"540\" alt=\"if-plants-PALMEN\" title=\"if-plants-PALMEN\" loading=\"lazy\" \/>\t\t\t\t\t\t\t\t<div class=\"content effect-1\">\r\n\t\t\t\t\t<div class=\"info\">\r\n\t\t\t\t\t\t<a href=\"https:\/\/www.ifplants.eu\/de\/grossistes-plants-arbres-espagne\/palmen\/\"><h4 class=\"title\">Palmen<\/h4><\/a>\r\n\t\t\t\t\t\t<span class=\"skill\">Chamareops, Phoenix, Trachycarpus, Washingtonia und andere Arten<\/span>\r\n\t\t\t\t\t<\/div>\r\n\t\t\t\t<\/div>\r\n\t\t\t\t\t\t\t<\/div>\r\n\t\t\t\t<div class=\"content effect-1\">\r\n\t\t\t<div class=\"info\">\r\n\t\t\t\t<a href=\"https:\/\/www.ifplants.eu\/de\/grossistes-plants-arbres-espagne\/palmen\/\"><h4 class=\"title\">Palmen<\/h4><\/a>\r\n\t\t\t\t<span class=\"skill\">Chamareops, Phoenix, Trachycarpus, Washingtonia und andere Arten<\/span>\r\n\t\t\t<\/div>\r\n\t\t\t<a href=\"https:\/\/www.ifplants.eu\/de\/grossistes-plants-arbres-espagne\/palmen\/\" class=\"btn-see-more\"><span>mehr sehen  <i class=\"ion-android-arrow-forward\"><\/i><\/span><\/a>\r\n\t\t<\/div>\r\n\t<\/div>\r\n<\/div><div class=\"item  col-xs-12 col-sm-6 col-md-4 col-lg-4 junge-hundertjahrige-und-tausendjahrige-olivenbaume effect-1\">\r\n\t<div class=\"item-port\">\r\n\t\t\t\t\t<div class=\"thumb\">\r\n\t\t\t\t<img decoding=\"async\" class=\"img-responsive \" src=\"https:\/\/www.ifplants.eu\/wp-content\/uploads\/2018\/08\/olea-europaea-bonsai-80-100-285l-23-scaled-740x540.jpg\" width=\"740\" height=\"540\" alt=\"Olea europaea - bonsai - 80-100 - 285L - 23\" title=\"Olea europaea - bonsai - 80-100 - 285L - 23\" loading=\"lazy\" \/>\t\t\t\t\t\t\t\t<div class=\"content effect-1\">\r\n\t\t\t\t\t<div class=\"info\">\r\n\t\t\t\t\t\t<a href=\"https:\/\/www.ifplants.eu\/de\/grossistes-plants-arbres-espagne\/olivenbaeume\/\"><h4 class=\"title\">Olivenb\u00e4ume<\/h4><\/a>\r\n\t\t\t\t\t\t<span class=\"skill\">Junge, hundertj\u00e4hrige und tausendj\u00e4hrige Olivenb\u00e4ume<\/span>\r\n\t\t\t\t\t<\/div>\r\n\t\t\t\t<\/div>\r\n\t\t\t\t\t\t\t<\/div>\r\n\t\t\t\t<div class=\"content effect-1\">\r\n\t\t\t<div class=\"info\">\r\n\t\t\t\t<a href=\"https:\/\/www.ifplants.eu\/de\/grossistes-plants-arbres-espagne\/olivenbaeume\/\"><h4 class=\"title\">Olivenb\u00e4ume<\/h4><\/a>\r\n\t\t\t\t<span class=\"skill\">Junge, hundertj\u00e4hrige und tausendj\u00e4hrige Olivenb\u00e4ume<\/span>\r\n\t\t\t<\/div>\r\n\t\t\t<a href=\"https:\/\/www.ifplants.eu\/de\/grossistes-plants-arbres-espagne\/olivenbaeume\/\" class=\"btn-see-more\"><span>mehr sehen  <i class=\"ion-android-arrow-forward\"><\/i><\/span><\/a>\r\n\t\t<\/div>\r\n\t<\/div>\r\n<\/div><div class=\"item  col-xs-12 col-sm-6 col-md-4 col-lg-4 uber-250-referenzen effect-1\">\r\n\t<div class=\"item-port\">\r\n\t\t\t\t\t<div class=\"thumb\">\r\n\t\t\t\t<img decoding=\"async\" class=\"img-responsive \" src=\"https:\/\/www.ifplants.eu\/wp-content\/uploads\/2021\/02\/if-plants-CACTUS-740x540.jpeg\" width=\"740\" height=\"540\" alt=\"if-plants-CACTUS\" title=\"if-plants-CACTUS\" loading=\"lazy\" \/>\t\t\t\t\t\t\t\t<div class=\"content effect-1\">\r\n\t\t\t\t\t<div class=\"info\">\r\n\t\t\t\t\t\t<a href=\"https:\/\/www.ifplants.eu\/de\/grossistes-plants-arbres-espagne\/yucca-kaktus-sukkulenten\/\"><h4 class=\"title\">Yucca | Kaktus | Sukkulenten<\/h4><\/a>\r\n\t\t\t\t\t\t<span class=\"skill\">\u00dcber 250 Referenzen<\/span>\r\n\t\t\t\t\t<\/div>\r\n\t\t\t\t<\/div>\r\n\t\t\t\t\t\t\t<\/div>\r\n\t\t\t\t<div class=\"content effect-1\">\r\n\t\t\t<div class=\"info\">\r\n\t\t\t\t<a href=\"https:\/\/www.ifplants.eu\/de\/grossistes-plants-arbres-espagne\/yucca-kaktus-sukkulenten\/\"><h4 class=\"title\">Yucca | Kaktus | Sukkulenten<\/h4><\/a>\r\n\t\t\t\t<span class=\"skill\">\u00dcber 250 Referenzen<\/span>\r\n\t\t\t<\/div>\r\n\t\t\t<a href=\"https:\/\/www.ifplants.eu\/de\/grossistes-plants-arbres-espagne\/yucca-kaktus-sukkulenten\/\" class=\"btn-see-more\"><span>mehr sehen  <i class=\"ion-android-arrow-forward\"><\/i><\/span><\/a>\r\n\t\t<\/div>\r\n\t<\/div>\r\n<\/div><div class=\"item  col-xs-12 col-sm-6 col-md-4 col-lg-4 grose-auswahl-an-ausergewohnlichen-pflanzen effect-1\">\r\n\t<div class=\"item-port\">\r\n\t\t\t\t\t<div class=\"thumb\">\r\n\t\t\t\t<img decoding=\"async\" class=\"img-responsive \" src=\"https:\/\/www.ifplants.eu\/wp-content\/uploads\/2018\/08\/if-plants-OLIVIERS-740x540.jpg\" width=\"740\" height=\"540\" alt=\"if-plants-OLIVIERS\" title=\"if-plants-OLIVIERS\" loading=\"lazy\" \/>\t\t\t\t\t\t\t\t<div class=\"content effect-1\">\r\n\t\t\t\t\t<div class=\"info\">\r\n\t\t\t\t\t\t<a href=\"https:\/\/www.ifplants.eu\/de\/grossistes-plants-arbres-espagne\/solitaerpflanzen-und-exemplare\/\"><h4 class=\"title\">Solit\u00e4rpflanzen und Exemplare<\/h4><\/a>\r\n\t\t\t\t\t\t<span class=\"skill\">Gro\u00dfe Auswahl an au\u00dfergew\u00f6hnlichen Pflanzen<\/span>\r\n\t\t\t\t\t<\/div>\r\n\t\t\t\t<\/div>\r\n\t\t\t\t\t\t\t<\/div>\r\n\t\t\t\t<div class=\"content effect-1\">\r\n\t\t\t<div class=\"info\">\r\n\t\t\t\t<a href=\"https:\/\/www.ifplants.eu\/de\/grossistes-plants-arbres-espagne\/solitaerpflanzen-und-exemplare\/\"><h4 class=\"title\">Solit\u00e4rpflanzen und Exemplare<\/h4><\/a>\r\n\t\t\t\t<span class=\"skill\">Gro\u00dfe Auswahl an au\u00dfergew\u00f6hnlichen Pflanzen<\/span>\r\n\t\t\t<\/div>\r\n\t\t\t<a href=\"https:\/\/www.ifplants.eu\/de\/grossistes-plants-arbres-espagne\/solitaerpflanzen-und-exemplare\/\" class=\"btn-see-more\"><span>mehr sehen  <i class=\"ion-android-arrow-forward\"><\/i><\/span><\/a>\r\n\t\t<\/div>\r\n\t<\/div>\r\n<\/div><div class=\"item  col-xs-12 col-sm-6 col-md-4 col-lg-4  effect-1\">\r\n\t<div class=\"item-port\">\r\n\t\t\t\t\t<div class=\"thumb\">\r\n\t\t\t\t<img decoding=\"async\" class=\"img-responsive \" src=\"https:\/\/www.ifplants.eu\/wp-content\/uploads\/2021\/04\/photo-1520931674431-de5b4b2cc562-740x540-1.jpg\" width=\"740\" height=\"540\" alt=\"photo-1520931674431-de5b4b2cc562-740x540\" title=\"photo-1520931674431-de5b4b2cc562-740x540\" loading=\"lazy\" \/>\t\t\t\t\t\t\t\t<div class=\"content effect-1\">\r\n\t\t\t\t\t<div class=\"info\">\r\n\t\t\t\t\t\t<a href=\"https:\/\/www.ifplants.eu\/de\/grossistes-plants-arbres-espagne\/topfbaeume-und-freilandbaeume\/topfbaeume\/\"><h4 class=\"title\">Topfb\u00e4ume<\/h4><\/a>\r\n\t\t\t\t\t\t<span class=\"skill\"><\/span>\r\n\t\t\t\t\t<\/div>\r\n\t\t\t\t<\/div>\r\n\t\t\t\t\t\t\t<\/div>\r\n\t\t\t\t<div class=\"content effect-1\">\r\n\t\t\t<div class=\"info\">\r\n\t\t\t\t<a href=\"https:\/\/www.ifplants.eu\/de\/grossistes-plants-arbres-espagne\/topfbaeume-und-freilandbaeume\/topfbaeume\/\"><h4 class=\"title\">Topfb\u00e4ume<\/h4><\/a>\r\n\t\t\t\t<span class=\"skill\"><\/span>\r\n\t\t\t<\/div>\r\n\t\t\t<a href=\"https:\/\/www.ifplants.eu\/de\/grossistes-plants-arbres-espagne\/topfbaeume-und-freilandbaeume\/topfbaeume\/\" class=\"btn-see-more\"><span>mehr sehen  <i class=\"ion-android-arrow-forward\"><\/i><\/span><\/a>\r\n\t\t<\/div>\r\n\t<\/div>\r\n<\/div>\t\t\t\t\t<\/div>\r\n\t\t\t\t\t<div class=\"tb-project-footer text-center\">\r\n\t\t\t\t\t\t\t\t\t\t\t<\/div>\r\n\t\t\t\t<\/div>\r\n\t\t\t\t[\/vc_column][\/vc_row]<\/p>\n<\/div>","protected":false},"excerpt":{"rendered":"<p>[vc_row css=&#8220;.vc_custom_1536561033548{padding-bottom: 50px !important;}&#8220;][vc_column][\/vc_column][\/vc_row]<\/p>\n","protected":false},"author":1,"featured_media":0,"parent":0,"menu_order":0,"comment_status":"closed","ping_status":"closed","template":"","meta":{"_joinchat":[],"footnotes":""},"class_list":["post-56729","page","type-page","status-publish","hentry"],"yoast_head":"<!-- This site is optimized with the Yoast SEO plugin v27.4 - https:\/\/yoast.com\/product\/yoast-seo-wordpress\/ -->\n<title>Pflanzen- \/ Baumgro\u00dfh\u00e4ndler in Spanien | ifplants<\/title>\n<meta name=\"description\" content=\"Entdecken Sie den umfangreichen Pflanzen- und Baumkatalog von IF Plants, Ihrem zuverl\u00e4ssigen Pflanzengro\u00dfh\u00e4ndler in Spanien. Erkunden Sie die gro\u00dfe Auswahl an Pflanzen und B\u00e4umen, die IF Plants als Gro\u00dfh\u00e4ndler in Spanien anbietet. Profitieren Sie von wettbewerbsf\u00e4higen Preisen, einer 48-Stunden-Verf\u00fcgbarkeit sowie dem umfangreichsten Pflanzenkatalog, der all Ihre beruflichen Anforderungen im Bereich Gartenbau optimal erf\u00fcllt.\" \/>\n<meta name=\"robots\" content=\"index, follow, max-snippet:-1, max-image-preview:large, max-video-preview:-1\" \/>\n<link rel=\"canonical\" href=\"https:\/\/www.ifplants.eu\/de\/pflanzen-und-baumgrosshaendler-in-spanien\/\" \/>\n<meta property=\"og:locale\" content=\"de_DE\" \/>\n<meta property=\"og:type\" content=\"article\" \/>\n<meta property=\"og:title\" content=\"Pflanzen- \/ Baumgro\u00dfh\u00e4ndler in Spanien | ifplants\" \/>\n<meta property=\"og:description\" content=\"Entdecken Sie den umfangreichen Pflanzen- und Baumkatalog von IF Plants, Ihrem zuverl\u00e4ssigen Pflanzengro\u00dfh\u00e4ndler in Spanien. Erkunden Sie die gro\u00dfe Auswahl an Pflanzen und B\u00e4umen, die IF Plants als Gro\u00dfh\u00e4ndler in Spanien anbietet. Profitieren Sie von wettbewerbsf\u00e4higen Preisen, einer 48-Stunden-Verf\u00fcgbarkeit sowie dem umfangreichsten Pflanzenkatalog, der all Ihre beruflichen Anforderungen im Bereich Gartenbau optimal erf\u00fcllt.\" \/>\n<meta property=\"og:url\" content=\"https:\/\/www.ifplants.eu\/de\/pflanzen-und-baumgrosshaendler-in-spanien\/\" \/>\n<meta property=\"og:site_name\" content=\"ifplants\" \/>\n<meta property=\"article:publisher\" content=\"https:\/\/www.facebook.com\/ifplantspepinieres\/\" \/>\n<meta property=\"article:modified_time\" content=\"2025-12-16T22:09:21+00:00\" \/>\n<meta name=\"twitter:card\" content=\"summary_large_image\" \/>\n<script type=\"application\/ld+json\" class=\"yoast-schema-graph\">{\"@context\":\"https:\\\/\\\/schema.org\",\"@graph\":[{\"@type\":\"WebPage\",\"@id\":\"https:\\\/\\\/www.ifplants.eu\\\/de\\\/pflanzen-und-baumgrosshaendler-in-spanien\\\/\",\"url\":\"https:\\\/\\\/www.ifplants.eu\\\/de\\\/pflanzen-und-baumgrosshaendler-in-spanien\\\/\",\"name\":\"Pflanzen- \\\/ Baumgro\u00dfh\u00e4ndler in Spanien | ifplants\",\"isPartOf\":{\"@id\":\"https:\\\/\\\/www.ifplants.eu\\\/de\\\/#website\"},\"datePublished\":\"2025-12-03T17:41:06+00:00\",\"dateModified\":\"2025-12-16T22:09:21+00:00\",\"description\":\"Entdecken Sie den umfangreichen Pflanzen- und Baumkatalog von IF Plants, Ihrem zuverl\u00e4ssigen Pflanzengro\u00dfh\u00e4ndler in Spanien. Erkunden Sie die gro\u00dfe Auswahl an Pflanzen und B\u00e4umen, die IF Plants als Gro\u00dfh\u00e4ndler in Spanien anbietet. Profitieren Sie von wettbewerbsf\u00e4higen Preisen, einer 48-Stunden-Verf\u00fcgbarkeit sowie dem umfangreichsten Pflanzenkatalog, der all Ihre beruflichen Anforderungen im Bereich Gartenbau optimal erf\u00fcllt.\",\"breadcrumb\":{\"@id\":\"https:\\\/\\\/www.ifplants.eu\\\/de\\\/pflanzen-und-baumgrosshaendler-in-spanien\\\/#breadcrumb\"},\"inLanguage\":\"de\",\"potentialAction\":[{\"@type\":\"ReadAction\",\"target\":[\"https:\\\/\\\/www.ifplants.eu\\\/de\\\/pflanzen-und-baumgrosshaendler-in-spanien\\\/\"]}]},{\"@type\":\"BreadcrumbList\",\"@id\":\"https:\\\/\\\/www.ifplants.eu\\\/de\\\/pflanzen-und-baumgrosshaendler-in-spanien\\\/#breadcrumb\",\"itemListElement\":[{\"@type\":\"ListItem\",\"position\":1,\"name\":\"Accueil\",\"item\":\"https:\\\/\\\/www.ifplants.eu\\\/de\\\/\"},{\"@type\":\"ListItem\",\"position\":2,\"name\":\"Pflanzen- und Baumgro\u00dfh\u00e4ndler in Spanien\"}]},{\"@type\":\"WebSite\",\"@id\":\"https:\\\/\\\/www.ifplants.eu\\\/de\\\/#website\",\"url\":\"https:\\\/\\\/www.ifplants.eu\\\/de\\\/\",\"name\":\"ifplants\",\"description\":\"Otro sitio realizado con WordPress\",\"publisher\":{\"@id\":\"https:\\\/\\\/www.ifplants.eu\\\/de\\\/#organization\"},\"potentialAction\":[{\"@type\":\"SearchAction\",\"target\":{\"@type\":\"EntryPoint\",\"urlTemplate\":\"https:\\\/\\\/www.ifplants.eu\\\/de\\\/?s={search_term_string}\"},\"query-input\":{\"@type\":\"PropertyValueSpecification\",\"valueRequired\":true,\"valueName\":\"search_term_string\"}}],\"inLanguage\":\"de\"},{\"@type\":\"Organization\",\"@id\":\"https:\\\/\\\/www.ifplants.eu\\\/de\\\/#organization\",\"name\":\"ifplants\",\"url\":\"https:\\\/\\\/www.ifplants.eu\\\/de\\\/\",\"logo\":{\"@type\":\"ImageObject\",\"inLanguage\":\"de\",\"@id\":\"https:\\\/\\\/www.ifplants.eu\\\/de\\\/#\\\/schema\\\/logo\\\/image\\\/\",\"url\":\"https:\\\/\\\/www.ifplants.eu\\\/wp-content\\\/uploads\\\/2021\\\/03\\\/logo.png\",\"contentUrl\":\"https:\\\/\\\/www.ifplants.eu\\\/wp-content\\\/uploads\\\/2021\\\/03\\\/logo.png\",\"width\":116,\"height\":70,\"caption\":\"ifplants\"},\"image\":{\"@id\":\"https:\\\/\\\/www.ifplants.eu\\\/de\\\/#\\\/schema\\\/logo\\\/image\\\/\"},\"sameAs\":[\"https:\\\/\\\/www.facebook.com\\\/ifplantspepinieres\\\/\",\"https:\\\/\\\/www.instagram.com\\\/ifplants\\\/\",\"https:\\\/\\\/www.linkedin.com\\\/company\\\/if-plants\\\/\",\"https:\\\/\\\/youtube.com\\\/channel\\\/UC69COSViXsi8cJQuMQlWRew\"]}]}<\/script>\n<!-- \/ Yoast SEO plugin. -->","yoast_head_json":{"title":"Pflanzen- \/ Baumgro\u00dfh\u00e4ndler in Spanien | ifplants","description":"Entdecken Sie den umfangreichen Pflanzen- und Baumkatalog von IF Plants, Ihrem zuverl\u00e4ssigen Pflanzengro\u00dfh\u00e4ndler in Spanien. Erkunden Sie die gro\u00dfe Auswahl an Pflanzen und B\u00e4umen, die IF Plants als Gro\u00dfh\u00e4ndler in Spanien anbietet. Profitieren Sie von wettbewerbsf\u00e4higen Preisen, einer 48-Stunden-Verf\u00fcgbarkeit sowie dem umfangreichsten Pflanzenkatalog, der all Ihre beruflichen Anforderungen im Bereich Gartenbau optimal erf\u00fcllt.","robots":{"index":"index","follow":"follow","max-snippet":"max-snippet:-1","max-image-preview":"max-image-preview:large","max-video-preview":"max-video-preview:-1"},"canonical":"https:\/\/www.ifplants.eu\/de\/pflanzen-und-baumgrosshaendler-in-spanien\/","og_locale":"de_DE","og_type":"article","og_title":"Pflanzen- \/ Baumgro\u00dfh\u00e4ndler in Spanien | ifplants","og_description":"Entdecken Sie den umfangreichen Pflanzen- und Baumkatalog von IF Plants, Ihrem zuverl\u00e4ssigen Pflanzengro\u00dfh\u00e4ndler in Spanien. Erkunden Sie die gro\u00dfe Auswahl an Pflanzen und B\u00e4umen, die IF Plants als Gro\u00dfh\u00e4ndler in Spanien anbietet. Profitieren Sie von wettbewerbsf\u00e4higen Preisen, einer 48-Stunden-Verf\u00fcgbarkeit sowie dem umfangreichsten Pflanzenkatalog, der all Ihre beruflichen Anforderungen im Bereich Gartenbau optimal erf\u00fcllt.","og_url":"https:\/\/www.ifplants.eu\/de\/pflanzen-und-baumgrosshaendler-in-spanien\/","og_site_name":"ifplants","article_publisher":"https:\/\/www.facebook.com\/ifplantspepinieres\/","article_modified_time":"2025-12-16T22:09:21+00:00","twitter_card":"summary_large_image","schema":{"@context":"https:\/\/schema.org","@graph":[{"@type":"WebPage","@id":"https:\/\/www.ifplants.eu\/de\/pflanzen-und-baumgrosshaendler-in-spanien\/","url":"https:\/\/www.ifplants.eu\/de\/pflanzen-und-baumgrosshaendler-in-spanien\/","name":"Pflanzen- \/ Baumgro\u00dfh\u00e4ndler in Spanien | ifplants","isPartOf":{"@id":"https:\/\/www.ifplants.eu\/de\/#website"},"datePublished":"2025-12-03T17:41:06+00:00","dateModified":"2025-12-16T22:09:21+00:00","description":"Entdecken Sie den umfangreichen Pflanzen- und Baumkatalog von IF Plants, Ihrem zuverl\u00e4ssigen Pflanzengro\u00dfh\u00e4ndler in Spanien. Erkunden Sie die gro\u00dfe Auswahl an Pflanzen und B\u00e4umen, die IF Plants als Gro\u00dfh\u00e4ndler in Spanien anbietet. Profitieren Sie von wettbewerbsf\u00e4higen Preisen, einer 48-Stunden-Verf\u00fcgbarkeit sowie dem umfangreichsten Pflanzenkatalog, der all Ihre beruflichen Anforderungen im Bereich Gartenbau optimal erf\u00fcllt.","breadcrumb":{"@id":"https:\/\/www.ifplants.eu\/de\/pflanzen-und-baumgrosshaendler-in-spanien\/#breadcrumb"},"inLanguage":"de","potentialAction":[{"@type":"ReadAction","target":["https:\/\/www.ifplants.eu\/de\/pflanzen-und-baumgrosshaendler-in-spanien\/"]}]},{"@type":"BreadcrumbList","@id":"https:\/\/www.ifplants.eu\/de\/pflanzen-und-baumgrosshaendler-in-spanien\/#breadcrumb","itemListElement":[{"@type":"ListItem","position":1,"name":"Accueil","item":"https:\/\/www.ifplants.eu\/de\/"},{"@type":"ListItem","position":2,"name":"Pflanzen- und Baumgro\u00dfh\u00e4ndler in Spanien"}]},{"@type":"WebSite","@id":"https:\/\/www.ifplants.eu\/de\/#website","url":"https:\/\/www.ifplants.eu\/de\/","name":"ifplants","description":"Otro sitio realizado con WordPress","publisher":{"@id":"https:\/\/www.ifplants.eu\/de\/#organization"},"potentialAction":[{"@type":"SearchAction","target":{"@type":"EntryPoint","urlTemplate":"https:\/\/www.ifplants.eu\/de\/?s={search_term_string}"},"query-input":{"@type":"PropertyValueSpecification","valueRequired":true,"valueName":"search_term_string"}}],"inLanguage":"de"},{"@type":"Organization","@id":"https:\/\/www.ifplants.eu\/de\/#organization","name":"ifplants","url":"https:\/\/www.ifplants.eu\/de\/","logo":{"@type":"ImageObject","inLanguage":"de","@id":"https:\/\/www.ifplants.eu\/de\/#\/schema\/logo\/image\/","url":"https:\/\/www.ifplants.eu\/wp-content\/uploads\/2021\/03\/logo.png","contentUrl":"https:\/\/www.ifplants.eu\/wp-content\/uploads\/2021\/03\/logo.png","width":116,"height":70,"caption":"ifplants"},"image":{"@id":"https:\/\/www.ifplants.eu\/de\/#\/schema\/logo\/image\/"},"sameAs":["https:\/\/www.facebook.com\/ifplantspepinieres\/","https:\/\/www.instagram.com\/ifplants\/","https:\/\/www.linkedin.com\/company\/if-plants\/","https:\/\/youtube.com\/channel\/UC69COSViXsi8cJQuMQlWRew"]}]}},"_links":{"self":[{"href":"https:\/\/www.ifplants.eu\/de\/wp-json\/wp\/v2\/pages\/56729","targetHints":{"allow":["GET"]}}],"collection":[{"href":"https:\/\/www.ifplants.eu\/de\/wp-json\/wp\/v2\/pages"}],"about":[{"href":"https:\/\/www.ifplants.eu\/de\/wp-json\/wp\/v2\/types\/page"}],"author":[{"embeddable":true,"href":"https:\/\/www.ifplants.eu\/de\/wp-json\/wp\/v2\/users\/1"}],"replies":[{"embeddable":true,"href":"https:\/\/www.ifplants.eu\/de\/wp-json\/wp\/v2\/comments?post=56729"}],"version-history":[{"count":4,"href":"https:\/\/www.ifplants.eu\/de\/wp-json\/wp\/v2\/pages\/56729\/revisions"}],"predecessor-version":[{"id":59650,"href":"https:\/\/www.ifplants.eu\/de\/wp-json\/wp\/v2\/pages\/56729\/revisions\/59650"}],"wp:attachment":[{"href":"https:\/\/www.ifplants.eu\/de\/wp-json\/wp\/v2\/media?parent=56729"}],"curies":[{"name":"wp","href":"https:\/\/api.w.org\/{rel}","templated":true}]}}