{"id":50574,"date":"2025-10-23T10:36:09","date_gmt":"2025-10-23T08:36:09","guid":{"rendered":"https:\/\/www.ifplants.eu\/if-plants-su-socio-para-gestionar-la-compra-de-plantas-en-espana\/"},"modified":"2025-10-23T16:46:10","modified_gmt":"2025-10-23T14:46:10","slug":"if-plants-su-socio-para-gestionar-la-compra-de-plantas-en-espana","status":"publish","type":"page","link":"https:\/\/www.ifplants.eu\/es\/","title":{"rendered":"If Plants | Su socio para gestionar la compra de plantas en Espa\u00f1a"},"content":{"rendered":"<div class=\"wpb-content-wrapper\"><p>[vc_row][vc_column][rev_slider_vc alias=\u00bbhome-es\u00bb][\/vc_column][\/vc_row][vc_row css=\u00bb.vc_custom_1614676183862{background-color: #ffffff !important;}\u00bb][vc_column]\t<div class=\"jws-logo text-center lolo-defaul  wpb_animate_when_almost_visible wpb_0 0\">\r\n      <div class=\"\">\r\n                  <div class=\"item-logo col-md-3 col-sm-6 col-xs-12\"><img decoding=\"async\" src=\"https:\/\/www.ifplants.eu\/wp-content\/uploads\/2021\/03\/paysalia-logo.png\" alt=\"logo\"><\/div>         <div class=\"item-logo col-md-3 col-sm-6 col-xs-12\"><img decoding=\"async\" src=\"https:\/\/www.ifplants.eu\/wp-content\/uploads\/2021\/03\/Landscape-Logo-Industry.jpg\" alt=\"logo\"><\/div>         <div class=\"item-logo col-md-3 col-sm-6 col-xs-12\"><img decoding=\"async\" src=\"https:\/\/www.ifplants.eu\/wp-content\/uploads\/2024\/05\/ipm-china.png\" alt=\"logo\"><\/div>         <div class=\"item-logo col-md-3 col-sm-6 col-xs-12\"><img decoding=\"async\" src=\"https:\/\/www.ifplants.eu\/wp-content\/uploads\/2021\/03\/Fepex-logo-web.jpg\" alt=\"logo\"><\/div>         <div class=\"item-logo col-md-3 col-sm-6 col-xs-12\"><img decoding=\"async\" src=\"https:\/\/www.ifplants.eu\/wp-content\/uploads\/2021\/03\/1Horiz.jpg\" alt=\"logo\"><\/div>      <\/div>\r\n\t<\/div>\r\n\r\n[\/vc_column][\/vc_row][vc_row css=\u00bb.vc_custom_1675644308995{padding-top: 30px !important;padding-bottom: 10px !important;background-color: #e2e8e8 !important;}\u00bb][vc_column][vc_column_text]<\/p>\n<h4 style=\"text-align: center;\">Obtenga precio y disponibilidad en menos de 48 horas<\/h4>\n<p>[\/vc_column_text][vc_column_text]<\/p>\n<h2 style=\"text-align: center;\"><strong><span style=\"color: #333333;\">Ventajas<\/span><\/strong><\/h2>\n<p>[\/vc_column_text][vc_empty_space height=\u00bb42px\u00bb]        <div class=\"service clearfix service-carousel  hidden-dots service-carousel service-carousel4\">\r\n            <div class=\"list-service  owl-carousel\">\r\n                                    <div class=\"service-item \" style=\"animation-delay: 0s;\" >\r\n                        <div>\r\n                            \r\n                                <div class=\"thumbnail-service\">\r\n                                    <img decoding=\"async\" class=\"img-responsive \" src=\"https:\/\/www.ifplants.eu\/wp-content\/uploads\/2021\/03\/if-plants-LOGISTIQUE-370x270.jpeg\" width=\"370\" height=\"270\" alt=\"if-plants-LOGISTIQUE\" title=\"if-plants-LOGISTIQUE\" loading=\"lazy\" \/>                                <\/div>\r\n                                                                <div class=\"content\">\r\n                                                                        <a href=\"https:\/\/www.ifplants.eu\/es\/porque-if-plants\/logistica\/\"><h4 class=\"title\">Log\u00edstica<\/h4><\/a>\r\n                                    <div class=\"description\">Somos especialistas en el transporte de plantas y \u00e1rboles a granel, en pal\u00e9s o en CC.<\/div>\r\n                                    <a class=\"btn-see-more\" href=\"https:\/\/www.ifplants.eu\/es\/porque-if-plants\/logistica\/\"><span>saber m\u00e1s <i class=\"ion-android-arrow-forward\"><\/i><\/span> <\/a>\r\n                                <\/div>\r\n\r\n\r\n                                                    <\/div>\r\n                    <\/div>\r\n                                        <div class=\"service-item \" style=\"animation-delay: 0.1s;\" >\r\n                        <div>\r\n                            \r\n                                <div class=\"thumbnail-service\">\r\n                                    <img decoding=\"async\" class=\"img-responsive \" src=\"https:\/\/www.ifplants.eu\/wp-content\/uploads\/2021\/03\/Qualite.jpg\" width=\"370\" height=\"270\" alt=\"Qualite\" title=\"Qualite\" loading=\"lazy\" \/>                                <\/div>\r\n                                                                <div class=\"content\">\r\n                                                                        <a href=\"https:\/\/www.ifplants.eu\/es\/porque-if-plants\/control-de-calidad\/\"><h4 class=\"title\">Control de calidad<\/h4><\/a>\r\n                                    <div class=\"description\">Aseguramos un nivel de calidad intachable gracias a nuestra presencia in situ.<\/div>\r\n                                    <a class=\"btn-see-more\" href=\"https:\/\/www.ifplants.eu\/es\/porque-if-plants\/control-de-calidad\/\"><span>saber m\u00e1s <i class=\"ion-android-arrow-forward\"><\/i><\/span> <\/a>\r\n                                <\/div>\r\n\r\n\r\n                                                    <\/div>\r\n                    <\/div>\r\n                                        <div class=\"service-item \" style=\"animation-delay: 0.2s;\" >\r\n                        <div>\r\n                            \r\n                                <div class=\"thumbnail-service\">\r\n                                    <img decoding=\"async\" class=\"img-responsive \" src=\"https:\/\/www.ifplants.eu\/wp-content\/uploads\/2023\/05\/centralized-370x270.jpeg\" width=\"370\" height=\"270\" alt=\"centralized\" title=\"centralized\" loading=\"lazy\" \/>                                <\/div>\r\n                                                                <div class=\"content\">\r\n                                                                        <a href=\"https:\/\/www.ifplants.eu\/es\/porque-if-plants\/centralizacion-de-las-compras\/\"><h4 class=\"title\">Centralizaci\u00f3n de las compras<\/h4><\/a>\r\n                                    <div class=\"description\">Un \u00fanico interlocutor para todas sus necesidades, para una gesti\u00f3n de pedidos sencilla y eficaz.<\/div>\r\n                                    <a class=\"btn-see-more\" href=\"https:\/\/www.ifplants.eu\/es\/porque-if-plants\/centralizacion-de-las-compras\/\"><span>saber m\u00e1s <i class=\"ion-android-arrow-forward\"><\/i><\/span> <\/a>\r\n                                <\/div>\r\n\r\n\r\n                                                    <\/div>\r\n                    <\/div>\r\n                                        <div class=\"service-item \" style=\"animation-delay: 0.3s;\" >\r\n                        <div>\r\n                            \r\n                                <div class=\"thumbnail-service\">\r\n                                    <img decoding=\"async\" class=\"img-responsive \" src=\"https:\/\/www.ifplants.eu\/wp-content\/uploads\/2021\/03\/if-plants-LOCALIZATION-RAPIDE-370x270.jpeg\" width=\"370\" height=\"270\" alt=\"if-plants-LOCALIZATION-RAPIDE\" title=\"if-plants-LOCALIZATION-RAPIDE\" loading=\"lazy\" \/>                                <\/div>\r\n                                                                <div class=\"content\">\r\n                                                                        <a href=\"https:\/\/www.ifplants.eu\/es\/porque-if-plants\/localizacion-rapida\/\"><h4 class=\"title\">Localizaci\u00f3n r\u00e1pida<\/h4><\/a>\r\n                                    <div class=\"description\">Obtenga los precios y la disponibilidad de m\u00e1s de 3000 plantas en menos de 48 horas.<\/div>\r\n                                    <a class=\"btn-see-more\" href=\"https:\/\/www.ifplants.eu\/es\/porque-if-plants\/localizacion-rapida\/\"><span>saber m\u00e1s <i class=\"ion-android-arrow-forward\"><\/i><\/span> <\/a>\r\n                                <\/div>\r\n\r\n\r\n                                                    <\/div>\r\n                    <\/div>\r\n                                        <div class=\"service-item \" style=\"animation-delay: 0.4s;\" >\r\n                        <div>\r\n                            \r\n                                <div class=\"thumbnail-service\">\r\n                                    <img decoding=\"async\" class=\"img-responsive \" src=\"https:\/\/www.ifplants.eu\/wp-content\/uploads\/2018\/08\/if-plants-avantages-370x270.jpg\" width=\"370\" height=\"270\" alt=\"if-plants-avantages\" title=\"if-plants-avantages\" loading=\"lazy\" \/>                                <\/div>\r\n                                                                <div class=\"content\">\r\n                                                                        <a href=\"https:\/\/www.ifplants.eu\/es\/porque-if-plants\/ventajas\/\"><h4 class=\"title\">Ventajas<\/h4><\/a>\r\n                                    <div class=\"description\">Somos el exportador de referencia para los profesionales del sector vegetal.<\/div>\r\n                                    <a class=\"btn-see-more\" href=\"https:\/\/www.ifplants.eu\/es\/porque-if-plants\/ventajas\/\"><span>saber m\u00e1s <i class=\"ion-android-arrow-forward\"><\/i><\/span> <\/a>\r\n                                <\/div>\r\n\r\n\r\n                                                    <\/div>\r\n                    <\/div>\r\n                                        <div class=\"service-item \" style=\"animation-delay: 0.5s;\" >\r\n                        <div>\r\n                            \r\n                                <div class=\"thumbnail-service\">\r\n                                    <img decoding=\"async\" class=\"img-responsive \" src=\"https:\/\/www.ifplants.eu\/wp-content\/uploads\/2018\/08\/exportateur-plantes-exterieur-ifplants-370x270.jpg\" width=\"370\" height=\"270\" alt=\"exportateur-plantes-exterieur-ifplants\" title=\"exportateur-plantes-exterieur-ifplants\" loading=\"lazy\" \/>                                <\/div>\r\n                                                                <div class=\"content\">\r\n                                                                        <a href=\"https:\/\/www.ifplants.eu\/es\/porque-if-plants\/nuestra-solidaridad\/\"><h4 class=\"title\">Nuestra Solidaridad<\/h4><\/a>\r\n                                    <div class=\"description\">IF PLANTS contribuye a la comunidad local desde 2015. Cada a\u00f1o, financiamos una ONG local.  <\/div>\r\n                                    <a class=\"btn-see-more\" href=\"https:\/\/www.ifplants.eu\/es\/porque-if-plants\/nuestra-solidaridad\/\"><span>saber m\u00e1s <i class=\"ion-android-arrow-forward\"><\/i><\/span> <\/a>\r\n                                <\/div>\r\n\r\n\r\n                                                    <\/div>\r\n                    <\/div>\r\n                                    <\/div>\r\n            <\/div>\r\n            [\/vc_column][\/vc_row][vc_row css=\u00bb.vc_custom_1632908084356{padding-top: 30px !important;padding-bottom: 30px !important;}\u00bb][vc_column][vc_column_text]<\/p>\n<h2 style=\"text-align: center;\"><strong>Nuestras plantas<\/strong><\/h2>\n<p>[\/vc_column_text]\t\t\t<div id=\"tb-list-project\" class=\"project-wrapper layout-default hidden-nav hidden-dots \">\r\n\t\t\t\t<ul class=\"controls-filter text-center hidden\">\r\n\t\t\t\t<li class=\"filter active\"  data-filter=\"*\"><a href=\"javascript:void(0);\">all<\/a><\/li>\r\n\t\t\t\t\t\t\t\t\t\t\t<li class=\"filter\"  data-filter=\".amplia-gama-de-plantas-excepcionales\"><a href=\"javascript:void(0);\">Amplia gama de plantas excepcionales<\/a><\/li>\r\n\t\t\t\t\t\t\t\t\t\t\t\t\t<li class=\"filter\"  data-filter=\".arbustos-de-flores-y-de-seto-de-todas-las-medidas\"><a href=\"javascript:void(0);\">Arbustos de flores y de seto de todas las medidas<\/a><\/li>\r\n\t\t\t\t\t\t\t\t\t\t\t\t\t<li class=\"filter\"  data-filter=\".chamareops-phoenix-trachycarpus-washingtonia-y-otras-especies\"><a href=\"javascript:void(0);\">Chamareops, Phoenix, Trachycarpus, Washingtonia y otras especies<\/a><\/li>\r\n\t\t\t\t\t\t\t\t\t\t\t\t\t<li class=\"filter\"  data-filter=\".de-cultivo-y-recuperacion\"><a href=\"javascript:void(0);\">De cultivo y recuperaci\u00f3n<\/a><\/li>\r\n\t\t\t\t\t\t\t\t\t\t\t\t\t<li class=\"filter\"  data-filter=\".de-todas-las-variedades-y-tamanos\"><a href=\"javascript:void(0);\">De todas las variedades y tama\u00f1os.<\/a><\/li>\r\n\t\t\t\t\t\t\t\t\t\t\t\t\t<li class=\"filter\"  data-filter=\".mas-de-250-referencias\"><a href=\"javascript:void(0);\">M\u00e1s de 250 referencias<\/a><\/li>\r\n\t\t\t\t\t\t\t\t\t\t\t\t\t<li class=\"filter\"  data-filter=\".olivos-jovenes-centenarios-y-milenarios\"><a href=\"javascript:void(0);\">Olivos j\u00f3venes, centenarios y milenarios<\/a><\/li>\r\n\t\t\t\t\t\t\t\t\t\t\t\t\t<li class=\"filter\"  data-filter=\".perennes-y-caducos\"><a href=\"javascript:void(0);\">Perennes y caducos<\/a><\/li>\r\n\t\t\t\t\t\t\t\t\t\t\t\t\t<li class=\"filter\"  data-filter=\".todas-las-formas-y-variedades\"><a href=\"javascript:void(0);\">Todas las formas y variedades<\/a><\/li>\r\n\t\t\t\t\t\t\t\t\t\t<\/ul>\r\n\t\t\t\t<div id=\"block-project\" class=\"project   layout-isotop row\">\r\n\t\t\t\t\t<div class=\"grid-sizer col-xs-12 col-sm-6 col-md-4 col-lg-4\"><\/div>\t\t\t\t\t\r\n\t\t\t\t\t<div class=\"item  col-xs-12 col-sm-6 col-md-4 col-lg-4  effect-1\">\r\n\t<div class=\"item-port\">\r\n\t\t\t\t\t<div class=\"thumb\">\r\n\t\t\t\t<img decoding=\"async\" class=\"img-responsive \" src=\"https:\/\/www.ifplants.eu\/wp-content\/uploads\/2021\/04\/photo-1520931674431-de5b4b2cc562-740x540-1.jpg\" width=\"740\" height=\"540\" alt=\"photo-1520931674431-de5b4b2cc562-740x540\" title=\"photo-1520931674431-de5b4b2cc562-740x540\" loading=\"lazy\" \/>\t\t\t\t\t\t\t\t<div class=\"content effect-1\">\r\n\t\t\t\t\t<div class=\"info\">\r\n\t\t\t\t\t\t<a href=\"https:\/\/www.ifplants.eu\/es\/mayoristas-plantas-arboles-espana\/arboles-en-contenedor-y-en-cepellon\/arboles-en-maceta\/\"><h4 class=\"title\">\u00c1rboles en maceta<\/h4><\/a>\r\n\t\t\t\t\t\t<span class=\"skill\"><\/span>\r\n\t\t\t\t\t<\/div>\r\n\t\t\t\t<\/div>\r\n\t\t\t\t\t\t\t<\/div>\r\n\t\t\t\t<div class=\"content effect-1\">\r\n\t\t\t<div class=\"info\">\r\n\t\t\t\t<a href=\"https:\/\/www.ifplants.eu\/es\/mayoristas-plantas-arboles-espana\/arboles-en-contenedor-y-en-cepellon\/arboles-en-maceta\/\"><h4 class=\"title\">\u00c1rboles en maceta<\/h4><\/a>\r\n\t\t\t\t<span class=\"skill\"><\/span>\r\n\t\t\t<\/div>\r\n\t\t\t<a href=\"https:\/\/www.ifplants.eu\/es\/mayoristas-plantas-arboles-espana\/arboles-en-contenedor-y-en-cepellon\/arboles-en-maceta\/\" class=\"btn-see-more\"><span>saber m\u00e1s <i class=\"ion-android-arrow-forward\"><\/i><\/span><\/a>\r\n\t\t<\/div>\r\n\t<\/div>\r\n<\/div><div class=\"item  col-xs-12 col-sm-6 col-md-4 col-lg-4  effect-1\">\r\n\t<div class=\"item-port\">\r\n\t\t\t\t\t<div class=\"thumb\">\r\n\t\t\t\t<img decoding=\"async\" class=\"img-responsive \" src=\"https:\/\/www.ifplants.eu\/wp-content\/uploads\/2021\/04\/photo-1520931674431-de5b4b2cc562-740x540-1.jpg\" width=\"740\" height=\"540\" alt=\"photo-1520931674431-de5b4b2cc562-740x540\" title=\"photo-1520931674431-de5b4b2cc562-740x540\" loading=\"lazy\" \/>\t\t\t\t\t\t\t\t<div class=\"content effect-1\">\r\n\t\t\t\t\t<div class=\"info\">\r\n\t\t\t\t\t\t<a href=\"https:\/\/www.ifplants.eu\/es\/mayoristas-plantas-arboles-espana\/arboles-en-contenedor-y-en-cepellon\/arboles-en-campo\/\"><h4 class=\"title\">\u00c1rboles en campo<\/h4><\/a>\r\n\t\t\t\t\t\t<span class=\"skill\"><\/span>\r\n\t\t\t\t\t<\/div>\r\n\t\t\t\t<\/div>\r\n\t\t\t\t\t\t\t<\/div>\r\n\t\t\t\t<div class=\"content effect-1\">\r\n\t\t\t<div class=\"info\">\r\n\t\t\t\t<a href=\"https:\/\/www.ifplants.eu\/es\/mayoristas-plantas-arboles-espana\/arboles-en-contenedor-y-en-cepellon\/arboles-en-campo\/\"><h4 class=\"title\">\u00c1rboles en campo<\/h4><\/a>\r\n\t\t\t\t<span class=\"skill\"><\/span>\r\n\t\t\t<\/div>\r\n\t\t\t<a href=\"https:\/\/www.ifplants.eu\/es\/mayoristas-plantas-arboles-espana\/arboles-en-contenedor-y-en-cepellon\/arboles-en-campo\/\" class=\"btn-see-more\"><span>saber m\u00e1s <i class=\"ion-android-arrow-forward\"><\/i><\/span><\/a>\r\n\t\t<\/div>\r\n\t<\/div>\r\n<\/div><div class=\"item  col-xs-12 col-sm-6 col-md-4 col-lg-4  effect-1\">\r\n\t<div class=\"item-port\">\r\n\t\t\t\t\t<div class=\"thumb\">\r\n\t\t\t\t<img decoding=\"async\" class=\"img-responsive \" src=\"https:\/\/www.ifplants.eu\/wp-content\/uploads\/2021\/04\/photo-1520931674431-de5b4b2cc562-740x540-1.jpg\" width=\"740\" height=\"540\" alt=\"photo-1520931674431-de5b4b2cc562-740x540\" title=\"photo-1520931674431-de5b4b2cc562-740x540\" loading=\"lazy\" \/>\t\t\t\t\t\t\t\t<div class=\"content effect-1\">\r\n\t\t\t\t\t<div class=\"info\">\r\n\t\t\t\t\t\t<a href=\"https:\/\/www.ifplants.eu\/es\/mayoristas-plantas-arboles-espana\/palmeras\/palmeras-chamaerops-de-espana\/\"><h4 class=\"title\">Palmeras Chamaerops de Espa\u00f1a<\/h4><\/a>\r\n\t\t\t\t\t\t<span class=\"skill\"><\/span>\r\n\t\t\t\t\t<\/div>\r\n\t\t\t\t<\/div>\r\n\t\t\t\t\t\t\t<\/div>\r\n\t\t\t\t<div class=\"content effect-1\">\r\n\t\t\t<div class=\"info\">\r\n\t\t\t\t<a href=\"https:\/\/www.ifplants.eu\/es\/mayoristas-plantas-arboles-espana\/palmeras\/palmeras-chamaerops-de-espana\/\"><h4 class=\"title\">Palmeras Chamaerops de Espa\u00f1a<\/h4><\/a>\r\n\t\t\t\t<span class=\"skill\"><\/span>\r\n\t\t\t<\/div>\r\n\t\t\t<a href=\"https:\/\/www.ifplants.eu\/es\/mayoristas-plantas-arboles-espana\/palmeras\/palmeras-chamaerops-de-espana\/\" class=\"btn-see-more\"><span>saber m\u00e1s <i class=\"ion-android-arrow-forward\"><\/i><\/span><\/a>\r\n\t\t<\/div>\r\n\t<\/div>\r\n<\/div><div class=\"item  col-xs-12 col-sm-6 col-md-4 col-lg-4  effect-1\">\r\n\t<div class=\"item-port\">\r\n\t\t\t\t\t<div class=\"thumb\">\r\n\t\t\t\t<img decoding=\"async\" class=\"img-responsive \" src=\"https:\/\/www.ifplants.eu\/wp-content\/uploads\/2021\/04\/photo-1520931674431-de5b4b2cc562-740x540-1.jpg\" width=\"740\" height=\"540\" alt=\"photo-1520931674431-de5b4b2cc562-740x540\" title=\"photo-1520931674431-de5b4b2cc562-740x540\" loading=\"lazy\" \/>\t\t\t\t\t\t\t\t<div class=\"content effect-1\">\r\n\t\t\t\t\t<div class=\"info\">\r\n\t\t\t\t\t\t<a href=\"https:\/\/www.ifplants.eu\/es\/mayoristas-plantas-arboles-espana\/palmeras\/otras-palmeras-de-espana\/\"><h4 class=\"title\">Otras Palmeras de Espa\u00f1a<\/h4><\/a>\r\n\t\t\t\t\t\t<span class=\"skill\"><\/span>\r\n\t\t\t\t\t<\/div>\r\n\t\t\t\t<\/div>\r\n\t\t\t\t\t\t\t<\/div>\r\n\t\t\t\t<div class=\"content effect-1\">\r\n\t\t\t<div class=\"info\">\r\n\t\t\t\t<a href=\"https:\/\/www.ifplants.eu\/es\/mayoristas-plantas-arboles-espana\/palmeras\/otras-palmeras-de-espana\/\"><h4 class=\"title\">Otras Palmeras de Espa\u00f1a<\/h4><\/a>\r\n\t\t\t\t<span class=\"skill\"><\/span>\r\n\t\t\t<\/div>\r\n\t\t\t<a href=\"https:\/\/www.ifplants.eu\/es\/mayoristas-plantas-arboles-espana\/palmeras\/otras-palmeras-de-espana\/\" class=\"btn-see-more\"><span>saber m\u00e1s <i class=\"ion-android-arrow-forward\"><\/i><\/span><\/a>\r\n\t\t<\/div>\r\n\t<\/div>\r\n<\/div><div class=\"item  col-xs-12 col-sm-6 col-md-4 col-lg-4  effect-1\">\r\n\t<div class=\"item-port\">\r\n\t\t\t\t\t<div class=\"thumb\">\r\n\t\t\t\t<img decoding=\"async\" class=\"img-responsive \" src=\"https:\/\/www.ifplants.eu\/wp-content\/uploads\/2021\/04\/photo-1520931674431-de5b4b2cc562-740x540-1.jpg\" width=\"740\" height=\"540\" alt=\"photo-1520931674431-de5b4b2cc562-740x540\" title=\"photo-1520931674431-de5b4b2cc562-740x540\" loading=\"lazy\" \/>\t\t\t\t\t\t\t\t<div class=\"content effect-1\">\r\n\t\t\t\t\t<div class=\"info\">\r\n\t\t\t\t\t\t<a href=\"https:\/\/www.ifplants.eu\/es\/mayoristas-plantas-arboles-espana\/palmeras\/palmeras-trachycarpus-de-espana\/\"><h4 class=\"title\">Palmeras Trachycarpus de Espa\u00f1a<\/h4><\/a>\r\n\t\t\t\t\t\t<span class=\"skill\"><\/span>\r\n\t\t\t\t\t<\/div>\r\n\t\t\t\t<\/div>\r\n\t\t\t\t\t\t\t<\/div>\r\n\t\t\t\t<div class=\"content effect-1\">\r\n\t\t\t<div class=\"info\">\r\n\t\t\t\t<a href=\"https:\/\/www.ifplants.eu\/es\/mayoristas-plantas-arboles-espana\/palmeras\/palmeras-trachycarpus-de-espana\/\"><h4 class=\"title\">Palmeras Trachycarpus de Espa\u00f1a<\/h4><\/a>\r\n\t\t\t\t<span class=\"skill\"><\/span>\r\n\t\t\t<\/div>\r\n\t\t\t<a href=\"https:\/\/www.ifplants.eu\/es\/mayoristas-plantas-arboles-espana\/palmeras\/palmeras-trachycarpus-de-espana\/\" class=\"btn-see-more\"><span>saber m\u00e1s <i class=\"ion-android-arrow-forward\"><\/i><\/span><\/a>\r\n\t\t<\/div>\r\n\t<\/div>\r\n<\/div><div class=\"item  col-xs-12 col-sm-6 col-md-4 col-lg-4  effect-1\">\r\n\t<div class=\"item-port\">\r\n\t\t\t\t\t<div class=\"thumb\">\r\n\t\t\t\t<img decoding=\"async\" class=\"img-responsive \" src=\"https:\/\/www.ifplants.eu\/wp-content\/uploads\/2021\/04\/photo-1520931674431-de5b4b2cc562-740x540-1.jpg\" width=\"740\" height=\"540\" alt=\"photo-1520931674431-de5b4b2cc562-740x540\" title=\"photo-1520931674431-de5b4b2cc562-740x540\" loading=\"lazy\" \/>\t\t\t\t\t\t\t\t<div class=\"content effect-1\">\r\n\t\t\t\t\t<div class=\"info\">\r\n\t\t\t\t\t\t<a href=\"https:\/\/www.ifplants.eu\/es\/mayoristas-plantas-arboles-espana\/palmeras\/palmeras-phoenix-de-espana\/\"><h4 class=\"title\">Palmeras Phoenix de Espa\u00f1a<\/h4><\/a>\r\n\t\t\t\t\t\t<span class=\"skill\"><\/span>\r\n\t\t\t\t\t<\/div>\r\n\t\t\t\t<\/div>\r\n\t\t\t\t\t\t\t<\/div>\r\n\t\t\t\t<div class=\"content effect-1\">\r\n\t\t\t<div class=\"info\">\r\n\t\t\t\t<a href=\"https:\/\/www.ifplants.eu\/es\/mayoristas-plantas-arboles-espana\/palmeras\/palmeras-phoenix-de-espana\/\"><h4 class=\"title\">Palmeras Phoenix de Espa\u00f1a<\/h4><\/a>\r\n\t\t\t\t<span class=\"skill\"><\/span>\r\n\t\t\t<\/div>\r\n\t\t\t<a href=\"https:\/\/www.ifplants.eu\/es\/mayoristas-plantas-arboles-espana\/palmeras\/palmeras-phoenix-de-espana\/\" class=\"btn-see-more\"><span>saber m\u00e1s <i class=\"ion-android-arrow-forward\"><\/i><\/span><\/a>\r\n\t\t<\/div>\r\n\t<\/div>\r\n<\/div><div class=\"item  col-xs-12 col-sm-6 col-md-4 col-lg-4  effect-1\">\r\n\t<div class=\"item-port\">\r\n\t\t\t\t\t<div class=\"thumb\">\r\n\t\t\t\t<img decoding=\"async\" class=\"img-responsive \" src=\"https:\/\/www.ifplants.eu\/wp-content\/uploads\/2021\/04\/photo-1520931674431-de5b4b2cc562-740x540-1.jpg\" width=\"740\" height=\"540\" alt=\"photo-1520931674431-de5b4b2cc562-740x540\" title=\"photo-1520931674431-de5b4b2cc562-740x540\" loading=\"lazy\" \/>\t\t\t\t\t\t\t\t<div class=\"content effect-1\">\r\n\t\t\t\t\t<div class=\"info\">\r\n\t\t\t\t\t\t<a href=\"https:\/\/www.ifplants.eu\/es\/mayoristas-plantas-arboles-espana\/palmeras\/palmeras-washingtonia-de-espana\/\"><h4 class=\"title\">Palmeras Washingtonia de Espa\u00f1a<\/h4><\/a>\r\n\t\t\t\t\t\t<span class=\"skill\"><\/span>\r\n\t\t\t\t\t<\/div>\r\n\t\t\t\t<\/div>\r\n\t\t\t\t\t\t\t<\/div>\r\n\t\t\t\t<div class=\"content effect-1\">\r\n\t\t\t<div class=\"info\">\r\n\t\t\t\t<a href=\"https:\/\/www.ifplants.eu\/es\/mayoristas-plantas-arboles-espana\/palmeras\/palmeras-washingtonia-de-espana\/\"><h4 class=\"title\">Palmeras Washingtonia de Espa\u00f1a<\/h4><\/a>\r\n\t\t\t\t<span class=\"skill\"><\/span>\r\n\t\t\t<\/div>\r\n\t\t\t<a href=\"https:\/\/www.ifplants.eu\/es\/mayoristas-plantas-arboles-espana\/palmeras\/palmeras-washingtonia-de-espana\/\" class=\"btn-see-more\"><span>saber m\u00e1s <i class=\"ion-android-arrow-forward\"><\/i><\/span><\/a>\r\n\t\t<\/div>\r\n\t<\/div>\r\n<\/div><div class=\"item  col-xs-12 col-sm-6 col-md-4 col-lg-4 mas-de-250-referencias effect-1\">\r\n\t<div class=\"item-port\">\r\n\t\t\t\t\t<div class=\"thumb\">\r\n\t\t\t\t<img decoding=\"async\" class=\"img-responsive \" src=\"https:\/\/www.ifplants.eu\/wp-content\/uploads\/2021\/02\/if-plants-CACTUS-740x540.jpeg\" width=\"740\" height=\"540\" alt=\"if-plants-CACTUS\" title=\"if-plants-CACTUS\" loading=\"lazy\" \/>\t\t\t\t\t\t\t\t<div class=\"content effect-1\">\r\n\t\t\t\t\t<div class=\"info\">\r\n\t\t\t\t\t\t<a href=\"https:\/\/www.ifplants.eu\/es\/mayoristas-plantas-arboles-espana\/yucca-cactus-suculentas\/\"><h4 class=\"title\">Yucca | Cactus | Suculentas<\/h4><\/a>\r\n\t\t\t\t\t\t<span class=\"skill\">M\u00e1s de 250 referencias<\/span>\r\n\t\t\t\t\t<\/div>\r\n\t\t\t\t<\/div>\r\n\t\t\t\t\t\t\t<\/div>\r\n\t\t\t\t<div class=\"content effect-1\">\r\n\t\t\t<div class=\"info\">\r\n\t\t\t\t<a href=\"https:\/\/www.ifplants.eu\/es\/mayoristas-plantas-arboles-espana\/yucca-cactus-suculentas\/\"><h4 class=\"title\">Yucca | Cactus | Suculentas<\/h4><\/a>\r\n\t\t\t\t<span class=\"skill\">M\u00e1s de 250 referencias<\/span>\r\n\t\t\t<\/div>\r\n\t\t\t<a href=\"https:\/\/www.ifplants.eu\/es\/mayoristas-plantas-arboles-espana\/yucca-cactus-suculentas\/\" class=\"btn-see-more\"><span>saber m\u00e1s <i class=\"ion-android-arrow-forward\"><\/i><\/span><\/a>\r\n\t\t<\/div>\r\n\t<\/div>\r\n<\/div><div class=\"item  col-xs-12 col-sm-6 col-md-4 col-lg-4 amplia-gama-de-plantas-excepcionales effect-1\">\r\n\t<div class=\"item-port\">\r\n\t\t\t\t\t<div class=\"thumb\">\r\n\t\t\t\t<img decoding=\"async\" class=\"img-responsive \" src=\"https:\/\/www.ifplants.eu\/wp-content\/uploads\/2018\/08\/if-plants-OLIVIERS-740x540.jpg\" width=\"740\" height=\"540\" alt=\"if-plants-OLIVOS\" title=\"if-plants-OLIVOS\" loading=\"lazy\" \/>\t\t\t\t\t\t\t\t<div class=\"content effect-1\">\r\n\t\t\t\t\t<div class=\"info\">\r\n\t\t\t\t\t\t<a href=\"https:\/\/www.ifplants.eu\/es\/mayoristas-plantas-arboles-espana\/especimenes-y-ejemplares\/\"><h4 class=\"title\">Espec\u00edmenes y Ejemplares<\/h4><\/a>\r\n\t\t\t\t\t\t<span class=\"skill\">Amplia gama de plantas excepcionales<\/span>\r\n\t\t\t\t\t<\/div>\r\n\t\t\t\t<\/div>\r\n\t\t\t\t\t\t\t<\/div>\r\n\t\t\t\t<div class=\"content effect-1\">\r\n\t\t\t<div class=\"info\">\r\n\t\t\t\t<a href=\"https:\/\/www.ifplants.eu\/es\/mayoristas-plantas-arboles-espana\/especimenes-y-ejemplares\/\"><h4 class=\"title\">Espec\u00edmenes y Ejemplares<\/h4><\/a>\r\n\t\t\t\t<span class=\"skill\">Amplia gama de plantas excepcionales<\/span>\r\n\t\t\t<\/div>\r\n\t\t\t<a href=\"https:\/\/www.ifplants.eu\/es\/mayoristas-plantas-arboles-espana\/especimenes-y-ejemplares\/\" class=\"btn-see-more\"><span>saber m\u00e1s <i class=\"ion-android-arrow-forward\"><\/i><\/span><\/a>\r\n\t\t<\/div>\r\n\t<\/div>\r\n<\/div><div class=\"item  col-xs-12 col-sm-6 col-md-4 col-lg-4  effect-1\">\r\n\t<div class=\"item-port\">\r\n\t\t\t\t\t<div class=\"thumb\">\r\n\t\t\t\t<img decoding=\"async\" class=\"img-responsive \" src=\"https:\/\/www.ifplants.eu\/wp-content\/uploads\/2021\/04\/photo-1520931674431-de5b4b2cc562-740x540-1.jpg\" width=\"740\" height=\"540\" alt=\"photo-1520931674431-de5b4b2cc562-740x540\" title=\"photo-1520931674431-de5b4b2cc562-740x540\" loading=\"lazy\" \/>\t\t\t\t\t\t\t\t<div class=\"content effect-1\">\r\n\t\t\t\t\t<div class=\"info\">\r\n\t\t\t\t\t\t<a href=\"https:\/\/www.ifplants.eu\/es\/mayoristas-plantas-arboles-espana\/olivos\/olivos-jovenes-de-espana\/\"><h4 class=\"title\">Olivos J\u00f3venes de Espa\u00f1a<\/h4><\/a>\r\n\t\t\t\t\t\t<span class=\"skill\"><\/span>\r\n\t\t\t\t\t<\/div>\r\n\t\t\t\t<\/div>\r\n\t\t\t\t\t\t\t<\/div>\r\n\t\t\t\t<div class=\"content effect-1\">\r\n\t\t\t<div class=\"info\">\r\n\t\t\t\t<a href=\"https:\/\/www.ifplants.eu\/es\/mayoristas-plantas-arboles-espana\/olivos\/olivos-jovenes-de-espana\/\"><h4 class=\"title\">Olivos J\u00f3venes de Espa\u00f1a<\/h4><\/a>\r\n\t\t\t\t<span class=\"skill\"><\/span>\r\n\t\t\t<\/div>\r\n\t\t\t<a href=\"https:\/\/www.ifplants.eu\/es\/mayoristas-plantas-arboles-espana\/olivos\/olivos-jovenes-de-espana\/\" class=\"btn-see-more\"><span>saber m\u00e1s <i class=\"ion-android-arrow-forward\"><\/i><\/span><\/a>\r\n\t\t<\/div>\r\n\t<\/div>\r\n<\/div><div class=\"item  col-xs-12 col-sm-6 col-md-4 col-lg-4  effect-1\">\r\n\t<div class=\"item-port\">\r\n\t\t\t\t\t<div class=\"thumb\">\r\n\t\t\t\t<img decoding=\"async\" class=\"img-responsive \" src=\"https:\/\/www.ifplants.eu\/wp-content\/uploads\/2021\/04\/photo-1520931674431-de5b4b2cc562-740x540-1.jpg\" width=\"740\" height=\"540\" alt=\"photo-1520931674431-de5b4b2cc562-740x540\" title=\"photo-1520931674431-de5b4b2cc562-740x540\" loading=\"lazy\" \/>\t\t\t\t\t\t\t\t<div class=\"content effect-1\">\r\n\t\t\t\t\t<div class=\"info\">\r\n\t\t\t\t\t\t<a href=\"https:\/\/www.ifplants.eu\/es\/mayoristas-plantas-arboles-espana\/olivos\/olivos-milenarios-espana\/\"><h4 class=\"title\">Olivos Milenarios Espa\u00f1a<\/h4><\/a>\r\n\t\t\t\t\t\t<span class=\"skill\"><\/span>\r\n\t\t\t\t\t<\/div>\r\n\t\t\t\t<\/div>\r\n\t\t\t\t\t\t\t<\/div>\r\n\t\t\t\t<div class=\"content effect-1\">\r\n\t\t\t<div class=\"info\">\r\n\t\t\t\t<a href=\"https:\/\/www.ifplants.eu\/es\/mayoristas-plantas-arboles-espana\/olivos\/olivos-milenarios-espana\/\"><h4 class=\"title\">Olivos Milenarios Espa\u00f1a<\/h4><\/a>\r\n\t\t\t\t<span class=\"skill\"><\/span>\r\n\t\t\t<\/div>\r\n\t\t\t<a href=\"https:\/\/www.ifplants.eu\/es\/mayoristas-plantas-arboles-espana\/olivos\/olivos-milenarios-espana\/\" class=\"btn-see-more\"><span>saber m\u00e1s <i class=\"ion-android-arrow-forward\"><\/i><\/span><\/a>\r\n\t\t<\/div>\r\n\t<\/div>\r\n<\/div><div class=\"item  col-xs-12 col-sm-6 col-md-4 col-lg-4 de-cultivo-y-recuperacion effect-1\">\r\n\t<div class=\"item-port\">\r\n\t\t\t\t\t<div class=\"thumb\">\r\n\t\t\t\t<img decoding=\"async\" class=\"img-responsive \" src=\"https:\/\/www.ifplants.eu\/wp-content\/uploads\/2021\/02\/if-plants-AGRUMES-ET-ARBRES-FRUITIERS-740x540.jpeg\" width=\"740\" height=\"540\" alt=\"if-plants-CITRICOS-Y-ARBOLES-FRUTALES\" title=\"if-plants-CITRICOS-Y-ARBOLES-FRUTALES\" loading=\"lazy\" \/>\t\t\t\t\t\t\t\t<div class=\"content effect-1\">\r\n\t\t\t\t\t<div class=\"info\">\r\n\t\t\t\t\t\t<a href=\"https:\/\/www.ifplants.eu\/es\/mayoristas-plantas-arboles-espana\/citricos-y-arboles-frutales\/\"><h4 class=\"title\">C\u00edtricos y \u00c1rboles Frutales<\/h4><\/a>\r\n\t\t\t\t\t\t<span class=\"skill\">De cultivo y recuperaci\u00f3n<\/span>\r\n\t\t\t\t\t<\/div>\r\n\t\t\t\t<\/div>\r\n\t\t\t\t\t\t\t<\/div>\r\n\t\t\t\t<div class=\"content effect-1\">\r\n\t\t\t<div class=\"info\">\r\n\t\t\t\t<a href=\"https:\/\/www.ifplants.eu\/es\/mayoristas-plantas-arboles-espana\/citricos-y-arboles-frutales\/\"><h4 class=\"title\">C\u00edtricos y \u00c1rboles Frutales<\/h4><\/a>\r\n\t\t\t\t<span class=\"skill\">De cultivo y recuperaci\u00f3n<\/span>\r\n\t\t\t<\/div>\r\n\t\t\t<a href=\"https:\/\/www.ifplants.eu\/es\/mayoristas-plantas-arboles-espana\/citricos-y-arboles-frutales\/\" class=\"btn-see-more\"><span>saber m\u00e1s <i class=\"ion-android-arrow-forward\"><\/i><\/span><\/a>\r\n\t\t<\/div>\r\n\t<\/div>\r\n<\/div><div class=\"item  col-xs-12 col-sm-6 col-md-4 col-lg-4  effect-1\">\r\n\t<div class=\"item-port\">\r\n\t\t\t\t\t<div class=\"thumb\">\r\n\t\t\t\t<img decoding=\"async\" class=\"img-responsive \" src=\"https:\/\/www.ifplants.eu\/wp-content\/uploads\/2021\/04\/photo-1520931674431-de5b4b2cc562-740x540-1.jpg\" width=\"740\" height=\"540\" alt=\"photo-1520931674431-de5b4b2cc562-740x540\" title=\"photo-1520931674431-de5b4b2cc562-740x540\" loading=\"lazy\" \/>\t\t\t\t\t\t\t\t<div class=\"content effect-1\">\r\n\t\t\t\t\t<div class=\"info\">\r\n\t\t\t\t\t\t<a href=\"https:\/\/www.ifplants.eu\/es\/mayoristas-plantas-arboles-espana\/olivos\/olivos-centenarios-espana\/\"><h4 class=\"title\">Olivos Centenarios Espa\u00f1a<\/h4><\/a>\r\n\t\t\t\t\t\t<span class=\"skill\"><\/span>\r\n\t\t\t\t\t<\/div>\r\n\t\t\t\t<\/div>\r\n\t\t\t\t\t\t\t<\/div>\r\n\t\t\t\t<div class=\"content effect-1\">\r\n\t\t\t<div class=\"info\">\r\n\t\t\t\t<a href=\"https:\/\/www.ifplants.eu\/es\/mayoristas-plantas-arboles-espana\/olivos\/olivos-centenarios-espana\/\"><h4 class=\"title\">Olivos Centenarios Espa\u00f1a<\/h4><\/a>\r\n\t\t\t\t<span class=\"skill\"><\/span>\r\n\t\t\t<\/div>\r\n\t\t\t<a href=\"https:\/\/www.ifplants.eu\/es\/mayoristas-plantas-arboles-espana\/olivos\/olivos-centenarios-espana\/\" class=\"btn-see-more\"><span>saber m\u00e1s <i class=\"ion-android-arrow-forward\"><\/i><\/span><\/a>\r\n\t\t<\/div>\r\n\t<\/div>\r\n<\/div><div class=\"item  col-xs-12 col-sm-6 col-md-4 col-lg-4 todas-las-formas-y-variedades effect-1\">\r\n\t<div class=\"item-port\">\r\n\t\t\t\t\t<div class=\"thumb\">\r\n\t\t\t\t<img decoding=\"async\" class=\"img-responsive \" src=\"https:\/\/www.ifplants.eu\/wp-content\/uploads\/2018\/08\/if-plants-topiary-plantes-tailles-740x540.jpeg\" width=\"740\" height=\"540\" alt=\"if-plants-TOPIARY-PLANTES-TAILLE\u0301S\" title=\"if-plants-TOPIARY-PLANTES-TAILLE\u0301S\" loading=\"lazy\" \/>\t\t\t\t\t\t\t\t<div class=\"content effect-1\">\r\n\t\t\t\t\t<div class=\"info\">\r\n\t\t\t\t\t\t<a href=\"https:\/\/www.ifplants.eu\/es\/mayoristas-plantas-arboles-espana\/topiario-plantas-podadas\/\"><h4 class=\"title\">Topiario | Plantas podadas<\/h4><\/a>\r\n\t\t\t\t\t\t<span class=\"skill\">Todas las formas y variedades<\/span>\r\n\t\t\t\t\t<\/div>\r\n\t\t\t\t<\/div>\r\n\t\t\t\t\t\t\t<\/div>\r\n\t\t\t\t<div class=\"content effect-1\">\r\n\t\t\t<div class=\"info\">\r\n\t\t\t\t<a href=\"https:\/\/www.ifplants.eu\/es\/mayoristas-plantas-arboles-espana\/topiario-plantas-podadas\/\"><h4 class=\"title\">Topiario | Plantas podadas<\/h4><\/a>\r\n\t\t\t\t<span class=\"skill\">Todas las formas y variedades<\/span>\r\n\t\t\t<\/div>\r\n\t\t\t<a href=\"https:\/\/www.ifplants.eu\/es\/mayoristas-plantas-arboles-espana\/topiario-plantas-podadas\/\" class=\"btn-see-more\"><span>saber m\u00e1s <i class=\"ion-android-arrow-forward\"><\/i><\/span><\/a>\r\n\t\t<\/div>\r\n\t<\/div>\r\n<\/div><div class=\"item  col-xs-12 col-sm-6 col-md-4 col-lg-4 arbustos-de-flores-y-de-seto-de-todas-las-medidas effect-1\">\r\n\t<div class=\"item-port\">\r\n\t\t\t\t\t<div class=\"thumb\">\r\n\t\t\t\t<img decoding=\"async\" class=\"img-responsive \" src=\"https:\/\/www.ifplants.eu\/wp-content\/uploads\/2018\/08\/if-plants-ARBUSTES-740x540.jpeg\" width=\"740\" height=\"540\" alt=\"if-plants-ARBUSTES\" title=\"if-plants-ARBUSTES\" loading=\"lazy\" \/>\t\t\t\t\t\t\t\t<div class=\"content effect-1\">\r\n\t\t\t\t\t<div class=\"info\">\r\n\t\t\t\t\t\t<a href=\"https:\/\/www.ifplants.eu\/es\/mayoristas-plantas-arboles-espana\/arbustos\/\"><h4 class=\"title\">Arbustos<\/h4><\/a>\r\n\t\t\t\t\t\t<span class=\"skill\">Arbustos de flores y de seto de todas las medidas<\/span>\r\n\t\t\t\t\t<\/div>\r\n\t\t\t\t<\/div>\r\n\t\t\t\t\t\t\t<\/div>\r\n\t\t\t\t<div class=\"content effect-1\">\r\n\t\t\t<div class=\"info\">\r\n\t\t\t\t<a href=\"https:\/\/www.ifplants.eu\/es\/mayoristas-plantas-arboles-espana\/arbustos\/\"><h4 class=\"title\">Arbustos<\/h4><\/a>\r\n\t\t\t\t<span class=\"skill\">Arbustos de flores y de seto de todas las medidas<\/span>\r\n\t\t\t<\/div>\r\n\t\t\t<a href=\"https:\/\/www.ifplants.eu\/es\/mayoristas-plantas-arboles-espana\/arbustos\/\" class=\"btn-see-more\"><span>saber m\u00e1s <i class=\"ion-android-arrow-forward\"><\/i><\/span><\/a>\r\n\t\t<\/div>\r\n\t<\/div>\r\n<\/div>\t\t\t\t\t<\/div>\r\n\t\t\t\t\t<div class=\"tb-project-footer text-center\">\r\n\t\t\t\t\t\t\t\t\t\t\t<\/div>\r\n\t\t\t\t<\/div>\r\n\t\t\t\t[\/vc_column][\/vc_row][vc_row css=\u00bb.vc_custom_1680174250766{background-image: url(https:\/\/www.ifplants.eu\/wp-content\/uploads\/2023\/02\/if-plants-objetifs-1-scaled.jpg?id=4661) !important;background-position: center !important;background-repeat: no-repeat !important;background-size: cover !important;}\u00bb el_class=\u00bbcounter-info\u00bb][vc_column width=\u00bb1\/5&#8243; offset=\u00bbvc_col-sm-offset-0&#8243;]\t<div class=\"counter counter-tpl2   text-center\">\r\n\t\t\t\t\t<div class=\"icon\"><img decoding=\"async\" src=\"https:\/\/www.ifplants.eu\/wp-content\/uploads\/2023\/02\/if-plants-HECTARES.png\" alt=\"background\"  class=\"img-responsive\"><\/div><p>Hect\u00e1reas en producci\u00f3n<\/p><h3 class=\"number font-2\">3000<\/h3>\t<\/div>\r\n\t[\/vc_column][vc_column width=\u00bb1\/5&#8243;]\t<div class=\"counter counter-tpl2   text-center\">\r\n\t\t\t\t\t<div class=\"icon\"><img decoding=\"async\" src=\"https:\/\/www.ifplants.eu\/wp-content\/uploads\/2023\/02\/if-plants-pepienieres.png\" alt=\"background\"  class=\"img-responsive\"><\/div><p>Viveros asociados<\/p><h3 class=\"number font-2\">50<\/h3>\t<\/div>\r\n\t[\/vc_column][vc_column width=\u00bb1\/5&#8243;]\t<div class=\"counter counter-tpl2   text-center\">\r\n\t\t\t\t\t<div class=\"icon\"><img decoding=\"async\" src=\"https:\/\/www.ifplants.eu\/wp-content\/uploads\/2023\/02\/if-plants-PLANTES.png\" alt=\"background\"  class=\"img-responsive\"><\/div><p>Plantas entregadas en 2024<\/p><h3 class=\"number font-2\">154.203<\/h3>\t<\/div>\r\n\t[\/vc_column][vc_column width=\u00bb1\/5&#8243;]\t<div class=\"counter counter-tpl2   text-center\">\r\n\t\t\t\t\t<div class=\"icon\"><img decoding=\"async\" src=\"https:\/\/www.ifplants.eu\/wp-content\/uploads\/2023\/02\/if-plants-CLIENTS.png\" alt=\"background\"  class=\"img-responsive\"><\/div><p>Clientes<\/p><h3 class=\"number font-2\">1450<\/h3>\t<\/div>\r\n\t[\/vc_column][vc_column width=\u00bb1\/5&#8243;]\t<div class=\"counter counter-tpl2   text-center\">\r\n\t\t\t\t\t<div class=\"icon\"><img decoding=\"async\" src=\"https:\/\/www.ifplants.eu\/wp-content\/uploads\/2023\/02\/if-plants-PAYS.png\" alt=\"background\"  class=\"img-responsive\"><\/div><p>Pa\u00edses<\/p><h3 class=\"number font-2\">30<\/h3>\t<\/div>\r\n\t[\/vc_column][vc_column][\/vc_column][\/vc_row][vc_row css=\u00bb.vc_custom_1686750485070{background: #e2e8e8 url(https:\/\/www.ifplants.eu\/wp-content\/uploads\/2023\/06\/if-plants-oliviers-en-vedette-ole-europaea-1200&#215;500-1.jpg?id=7906) !important;background-position: center !important;background-repeat: no-repeat !important;background-size: cover !important;}\u00bb el_class=\u00bbbox-team\u00bb][vc_column][vc_column_text]<\/p>\n<h2 style=\"text-align: center;\"><span style=\"color: #ffffff;\"><strong>Especialistas en la distribuci\u00f3n de olivos<\/strong><\/span><\/h2>\n<p>[\/vc_column_text][vc_column_text]<\/p>\n<h4 style=\"text-align: center;\"><span style=\"color: #ffffff;\">La exportaci\u00f3n de \u00e1rboles vivos requiere un nivel importante de conocimientos y atenci\u00f3n al detalle. Acompa\u00f1amos a nuestros clientes a lo largo de todo el proceso de compra: desde la selecci\u00f3n de la variedad de olivo adecuada hasta la documentaci\u00f3n indispensable para exportarlo al extranjero, pasando por todos los permisos y certificados necesarios. <\/span><\/h4>\n<p>[\/vc_column_text][vc_btn title=\u00bbSABER M\u00c1S\u00bb style=\u00bboutline-custom\u00bb outline_custom_color=\u00bb#648184&#8243; outline_custom_hover_background=\u00bb#648184&#8243; outline_custom_hover_text=\u00bb#ffffff\u00bb shape=\u00bbround\u00bb align=\u00bbcenter\u00bb i_align=\u00bbright\u00bb i_icon_fontawesome=\u00bbfas fa-arrow-right\u00bb add_icon=\u00bbtrue\u00bb link=\u00bburl:https%3A%2F%2Fwww.ifplants.eu%2Ffr%2Foliviers-en-vedette%2F|title:Olivos%20destacados|\u00bb][\/vc_column][\/vc_row][vc_row el_class=\u00bbbox-contact text-center ct-contact\u00bb][vc_column][vc_column_text]<\/p>\n<h2 style=\"text-align: center;\"><span style=\"color: #648184;\">Cont\u00e1ctenos<\/span><\/h2>\n<p>[\/vc_column_text][vc_empty_space height=\u00bb42px\u00bb]\n<div class=\"wpcf7 no-js\" id=\"wpcf7-f50705-o1\" lang=\"es-ES\" dir=\"ltr\" data-wpcf7-id=\"50705\">\n<div class=\"screen-reader-response\"><p role=\"status\" aria-live=\"polite\" aria-atomic=\"true\"><\/p> <ul><\/ul><\/div>\n<form action=\"\/es\/wp-json\/wp\/v2\/pages\/50574#wpcf7-f50705-o1\" method=\"post\" class=\"wpcf7-form init\" aria-label=\"Formulario de contacto\" novalidate=\"novalidate\" data-status=\"init\">\n<fieldset class=\"hidden-fields-container\"><input type=\"hidden\" name=\"_wpcf7\" value=\"50705\" \/><input type=\"hidden\" name=\"_wpcf7_version\" value=\"6.1.5\" \/><input type=\"hidden\" name=\"_wpcf7_locale\" value=\"es_ES\" \/><input type=\"hidden\" name=\"_wpcf7_unit_tag\" value=\"wpcf7-f50705-o1\" \/><input type=\"hidden\" name=\"_wpcf7_container_post\" value=\"0\" \/><input type=\"hidden\" name=\"_wpcf7_posted_data_hash\" value=\"\" \/><input type=\"hidden\" name=\"_wpcf7_recaptcha_response\" value=\"\" \/>\n<\/fieldset>\n<div class=\"row\">\n\t<div class=\"col-md-4\"><span class=\"wpcf7-form-control-wrap\" data-name=\"your-name\"><input size=\"40\" maxlength=\"400\" class=\"wpcf7-form-control wpcf7-text wpcf7-validates-as-required name\" id=\"name\" aria-required=\"true\" aria-invalid=\"false\" placeholder=\"NOMBRE\" value=\"\" type=\"text\" name=\"your-name\" \/><\/span><\/div ><div class=\"col-md-4 col-sm-12\"><span class=\"wpcf7-form-control-wrap\" data-name=\"your-company\"><input size=\"40\" maxlength=\"400\" class=\"wpcf7-form-control wpcf7-text\" id=\"company\" aria-invalid=\"false\" placeholder=\"NOMBRE DE EMPRESA\" value=\"\" type=\"text\" name=\"your-company\" \/><\/span><\/div><div class=\"col-md-4 col-sm-12\"><span class=\"wpcf7-form-control-wrap\" data-name=\"your-country\"><input size=\"40\" class=\"wpcf7-form-control wpcf7-countrytext wpcf7-validates-as-required wpcf7-text wpcf7-validates-as-countrytext\" id=\"country\" aria-required=\"true\" aria-invalid=\"false\" placeholder=\"PA\u00cdS\" value=\"\" type=\"text\" name=\"your-country\" \/><\/span><\/div >\n<\/div>\n<div class=\"row\">\n\t<div class=\"col-md-4\"><span class=\"wpcf7-form-control-wrap\" data-name=\"your-activity\"><select class=\"wpcf7-form-control wpcf7-select wpcf7-validates-as-required\" id=\"activity\" aria-required=\"true\" aria-invalid=\"false\" name=\"your-activity\"><option value=\"ACTIVIDAD PRINCIPAL\">ACTIVIDAD PRINCIPAL<\/option><option value=\"Mayorista\">Mayorista<\/option><option value=\"Punto de venta \/ Revendedor\">Punto de venta \/ Revendedor<\/option><option value=\"Productor\/viverista\">Productor\/viverista<\/option><option value=\"Paisajista\">Paisajista<\/option><option value=\"Espacios verdes\">Espacios verdes<\/option><option value=\"Centro de jardiner\u00eda\">Centro de jardiner\u00eda<\/option><option value=\"Centro de compras\">Centro de compras<\/option><\/select><\/span><\/div ><div class=\"col-md-4 col-sm-12\"><span class=\"wpcf7-form-control-wrap\" data-name=\"your-email\"><input size=\"40\" maxlength=\"400\" class=\"wpcf7-form-control wpcf7-email wpcf7-validates-as-required wpcf7-text wpcf7-validates-as-email email\" id=\"email\" aria-required=\"true\" aria-invalid=\"false\" placeholder=\"EMAIL\" value=\"\" type=\"email\" name=\"your-email\" \/><\/span><\/div ><div class=\"col-md-4 col-sm-12\"><span class=\"wpcf7-form-control-wrap\" data-name=\"your-phone\"><input size=\"40\" class=\"wpcf7-form-control wpcf7-phonetext wpcf7-validates-as-required wpcf7-text wpcf7-validates-as-phonetext\" aria-required=\"true\" aria-invalid=\"false\" placeholder=\"TEL\u00c9FONO\" value=\"\" type=\"text\" name=\"your-phone\" \/><input type=\"hidden\" name=\"your-phone-country-code\" class=\"wpcf7-phonetext-country-code\" \/><\/span><\/div >\n<\/div>\n<div class=\"row\">\n\t<div class=\"col-md-12\"><span class=\"wpcf7-form-control-wrap\" data-name=\"your-message\"><textarea cols=\"40\" rows=\"10\" maxlength=\"2000\" class=\"wpcf7-form-control wpcf7-textarea wpcf7-validates-as-required message\" id=\"message\" aria-required=\"true\" aria-invalid=\"false\" placeholder=\"ESCRIBE TU MENSAJE AQU\u00cd\" name=\"your-message\"><\/textarea><\/span><\/div >\n<\/div>\n<div class=\"row\">\n\t<div class=\"col-md-12\"><span class=\"wpcf7-form-control-wrap\" data-name=\"legal-check\"><span class=\"wpcf7-form-control wpcf7-checkbox wpcf7-validates-as-required\" id=\"legal\"><span class=\"wpcf7-list-item first last\"><label><input type=\"checkbox\" name=\"legal-check[]\" value=\"He le\u00eddo y acepto la\" \/><span class=\"wpcf7-list-item-label\">He le\u00eddo y acepto la<\/span><\/label><\/span><\/span><\/span> <a href=\"https:\/\/www.ifplants.eu\/es\/politica-de-privacidad\/\" target=\"_blank\">Pol\u00edtica de privacidad<\/a><\/div >\n<\/div>\n<div class=\"row\">\n\t<div class=\"col-md-12\"><div class=\"btn-submit\"><input class=\"wpcf7-form-control wpcf7-submit has-spinner submit\" id=\"submit\" type=\"submit\" value=\"Enviar\" \/><i class=\"ion-android-arrow-forward\"><\/i><\/div><\/div >\n<\/div><div class=\"wpcf7-response-output\" aria-hidden=\"true\"><\/div>\n<\/form>\n<\/div>\n[\/vc_column][\/vc_row]<\/p>\n<\/div>","protected":false},"excerpt":{"rendered":"<p>[vc_row][vc_column][rev_slider_vc alias=\u00bbhome-es\u00bb][\/vc_column][\/vc_row][vc_row css=\u00bb.vc_custom_1614676183862{background-color: #ffffff !important;}\u00bb][vc_column][\/vc_column][\/vc_row][vc_row css=\u00bb.vc_custom_1675644308995{padding-top: 30px !important;padding-bottom: 10px !important;background-color: #e2e8e8 !important;}\u00bb][vc_column][vc_column_text] Obtenga precio y disponibilidad en menos de 48 horas [\/vc_column_text][vc_column_text] Ventajas [\/vc_column_text][vc_empty_space height=\u00bb42px\u00bb][\/vc_column][\/vc_row][vc_row css=\u00bb.vc_custom_1632908084356{padding-top: 30px !important;padding-bottom: 30px !important;}\u00bb][vc_column][vc_column_text] Nuestras plantas [\/vc_column_text][\/vc_column][\/vc_row][vc_row css=\u00bb.vc_custom_1680174250766{background-image: url(https:\/\/www.ifplants.eu\/wp-content\/uploads\/2023\/02\/if-plants-objetifs-1-scaled.jpg?id=4661) !important;background-position: center !important;background-repeat: no-repeat !important;background-size: cover !important;}\u00bb el_class=\u00bbcounter-info\u00bb][vc_column width=\u00bb1\/5&#8243; offset=\u00bbvc_col-sm-offset-0&#8243;][\/vc_column][vc_column width=\u00bb1\/5&#8243;][\/vc_column][vc_column width=\u00bb1\/5&#8243;][\/vc_column][vc_column width=\u00bb1\/5&#8243;][\/vc_column][vc_column width=\u00bb1\/5&#8243;][\/vc_column][vc_column][\/vc_column][\/vc_row][vc_row css=\u00bb.vc_custom_1686750485070{background: #e2e8e8 url(https:\/\/www.ifplants.eu\/wp-content\/uploads\/2023\/06\/if-plants-oliviers-en-vedette-ole-europaea-1200&#215;500-1.jpg?id=7906) !important;background-position: center !important;background-repeat: [&hellip;]<\/p>\n","protected":false},"author":1,"featured_media":0,"parent":0,"menu_order":0,"comment_status":"closed","ping_status":"closed","template":"","meta":{"_joinchat":[],"footnotes":""},"class_list":["post-50574","page","type-page","status-publish","hentry"],"yoast_head":"<!-- This site is optimized with the Yoast SEO plugin v27.5 - https:\/\/yoast.com\/product\/yoast-seo-wordpress\/ -->\n<title>If Plants | Su socio para gestionar la compra de plantas en Espa\u00f1a<\/title>\n<meta name=\"description\" content=\"Vivero en Espa\u00f1a con la gama m\u00e1s amplia de plantas. Productor de plantas de calidad excepcional.\" \/>\n<meta name=\"robots\" content=\"index, follow, max-snippet:-1, max-image-preview:large, max-video-preview:-1\" \/>\n<link rel=\"canonical\" href=\"https:\/\/www.ifplants.eu\/es\/\" \/>\n<meta property=\"og:locale\" content=\"es_ES\" \/>\n<meta property=\"og:type\" content=\"article\" \/>\n<meta property=\"og:title\" content=\"If Plants | Su socio para gestionar la compra de plantas en Espa\u00f1a\" \/>\n<meta property=\"og:description\" content=\"Vivero en Espa\u00f1a con la gama m\u00e1s amplia de plantas. Productor de plantas de calidad excepcional.\" \/>\n<meta property=\"og:url\" content=\"https:\/\/www.ifplants.eu\/es\/\" \/>\n<meta property=\"og:site_name\" content=\"IF Plants\" \/>\n<meta property=\"article:publisher\" content=\"https:\/\/www.facebook.com\/ifplantspepinieres\/\" \/>\n<meta property=\"article:modified_time\" content=\"2025-10-23T14:46:10+00:00\" \/>\n<meta name=\"twitter:card\" content=\"summary_large_image\" \/>\n<meta name=\"twitter:label1\" content=\"Tiempo de lectura\" \/>\n\t<meta name=\"twitter:data1\" content=\"1 minuto\" \/>\n<script type=\"application\/ld+json\" class=\"yoast-schema-graph\">{\"@context\":\"https:\\\/\\\/schema.org\",\"@graph\":[{\"@type\":\"WebPage\",\"@id\":\"https:\\\/\\\/www.ifplants.eu\\\/es\\\/\",\"url\":\"https:\\\/\\\/www.ifplants.eu\\\/es\\\/\",\"name\":\"If Plants | Su socio para gestionar la compra de plantas en Espa\u00f1a\",\"isPartOf\":{\"@id\":\"https:\\\/\\\/www.ifplants.eu\\\/es\\\/#website\"},\"datePublished\":\"2025-10-23T08:36:09+00:00\",\"dateModified\":\"2025-10-23T14:46:10+00:00\",\"description\":\"Vivero en Espa\u00f1a con la gama m\u00e1s amplia de plantas. Productor de plantas de calidad excepcional.\",\"breadcrumb\":{\"@id\":\"https:\\\/\\\/www.ifplants.eu\\\/es\\\/#breadcrumb\"},\"inLanguage\":\"es\",\"potentialAction\":[{\"@type\":\"ReadAction\",\"target\":[\"https:\\\/\\\/www.ifplants.eu\\\/es\\\/\"]}]},{\"@type\":\"BreadcrumbList\",\"@id\":\"https:\\\/\\\/www.ifplants.eu\\\/es\\\/#breadcrumb\",\"itemListElement\":[{\"@type\":\"ListItem\",\"position\":1,\"name\":\"Inicio\",\"item\":\"https:\\\/\\\/www.ifplants.eu\\\/es\\\/\"},{\"@type\":\"ListItem\",\"position\":2,\"name\":\"If Plants | Su socio para gestionar la compra de plantas en Espa\u00f1a\"}]},{\"@type\":\"WebSite\",\"@id\":\"https:\\\/\\\/www.ifplants.eu\\\/es\\\/#website\",\"url\":\"https:\\\/\\\/www.ifplants.eu\\\/es\\\/\",\"name\":\"IF Plants\",\"description\":\"Otro sitio realizado con WordPress\",\"publisher\":{\"@id\":\"https:\\\/\\\/www.ifplants.eu\\\/es\\\/#organization\"},\"potentialAction\":[{\"@type\":\"SearchAction\",\"target\":{\"@type\":\"EntryPoint\",\"urlTemplate\":\"https:\\\/\\\/www.ifplants.eu\\\/es\\\/?s={search_term_string}\"},\"query-input\":{\"@type\":\"PropertyValueSpecification\",\"valueRequired\":true,\"valueName\":\"search_term_string\"}}],\"inLanguage\":\"es\"},{\"@type\":\"Organization\",\"@id\":\"https:\\\/\\\/www.ifplants.eu\\\/es\\\/#organization\",\"name\":\"ifplants\",\"url\":\"https:\\\/\\\/www.ifplants.eu\\\/es\\\/\",\"logo\":{\"@type\":\"ImageObject\",\"inLanguage\":\"es\",\"@id\":\"https:\\\/\\\/www.ifplants.eu\\\/es\\\/#\\\/schema\\\/logo\\\/image\\\/\",\"url\":\"https:\\\/\\\/www.ifplants.eu\\\/wp-content\\\/uploads\\\/2021\\\/03\\\/logo.png\",\"contentUrl\":\"https:\\\/\\\/www.ifplants.eu\\\/wp-content\\\/uploads\\\/2021\\\/03\\\/logo.png\",\"width\":116,\"height\":70,\"caption\":\"ifplants\"},\"image\":{\"@id\":\"https:\\\/\\\/www.ifplants.eu\\\/es\\\/#\\\/schema\\\/logo\\\/image\\\/\"},\"sameAs\":[\"https:\\\/\\\/www.facebook.com\\\/ifplantspepinieres\\\/\",\"https:\\\/\\\/www.instagram.com\\\/ifplants\\\/\",\"https:\\\/\\\/www.linkedin.com\\\/company\\\/if-plants\\\/\",\"https:\\\/\\\/youtube.com\\\/channel\\\/UC69COSViXsi8cJQuMQlWRew\"]}]}<\/script>\n<!-- \/ Yoast SEO plugin. -->","yoast_head_json":{"title":"If Plants | Su socio para gestionar la compra de plantas en Espa\u00f1a","description":"Vivero en Espa\u00f1a con la gama m\u00e1s amplia de plantas. Productor de plantas de calidad excepcional.","robots":{"index":"index","follow":"follow","max-snippet":"max-snippet:-1","max-image-preview":"max-image-preview:large","max-video-preview":"max-video-preview:-1"},"canonical":"https:\/\/www.ifplants.eu\/es\/","og_locale":"es_ES","og_type":"article","og_title":"If Plants | Su socio para gestionar la compra de plantas en Espa\u00f1a","og_description":"Vivero en Espa\u00f1a con la gama m\u00e1s amplia de plantas. Productor de plantas de calidad excepcional.","og_url":"https:\/\/www.ifplants.eu\/es\/","og_site_name":"IF Plants","article_publisher":"https:\/\/www.facebook.com\/ifplantspepinieres\/","article_modified_time":"2025-10-23T14:46:10+00:00","twitter_card":"summary_large_image","twitter_misc":{"Tiempo de lectura":"1 minuto"},"schema":{"@context":"https:\/\/schema.org","@graph":[{"@type":"WebPage","@id":"https:\/\/www.ifplants.eu\/es\/","url":"https:\/\/www.ifplants.eu\/es\/","name":"If Plants | Su socio para gestionar la compra de plantas en Espa\u00f1a","isPartOf":{"@id":"https:\/\/www.ifplants.eu\/es\/#website"},"datePublished":"2025-10-23T08:36:09+00:00","dateModified":"2025-10-23T14:46:10+00:00","description":"Vivero en Espa\u00f1a con la gama m\u00e1s amplia de plantas. Productor de plantas de calidad excepcional.","breadcrumb":{"@id":"https:\/\/www.ifplants.eu\/es\/#breadcrumb"},"inLanguage":"es","potentialAction":[{"@type":"ReadAction","target":["https:\/\/www.ifplants.eu\/es\/"]}]},{"@type":"BreadcrumbList","@id":"https:\/\/www.ifplants.eu\/es\/#breadcrumb","itemListElement":[{"@type":"ListItem","position":1,"name":"Inicio","item":"https:\/\/www.ifplants.eu\/es\/"},{"@type":"ListItem","position":2,"name":"If Plants | Su socio para gestionar la compra de plantas en Espa\u00f1a"}]},{"@type":"WebSite","@id":"https:\/\/www.ifplants.eu\/es\/#website","url":"https:\/\/www.ifplants.eu\/es\/","name":"IF Plants","description":"Otro sitio realizado con WordPress","publisher":{"@id":"https:\/\/www.ifplants.eu\/es\/#organization"},"potentialAction":[{"@type":"SearchAction","target":{"@type":"EntryPoint","urlTemplate":"https:\/\/www.ifplants.eu\/es\/?s={search_term_string}"},"query-input":{"@type":"PropertyValueSpecification","valueRequired":true,"valueName":"search_term_string"}}],"inLanguage":"es"},{"@type":"Organization","@id":"https:\/\/www.ifplants.eu\/es\/#organization","name":"ifplants","url":"https:\/\/www.ifplants.eu\/es\/","logo":{"@type":"ImageObject","inLanguage":"es","@id":"https:\/\/www.ifplants.eu\/es\/#\/schema\/logo\/image\/","url":"https:\/\/www.ifplants.eu\/wp-content\/uploads\/2021\/03\/logo.png","contentUrl":"https:\/\/www.ifplants.eu\/wp-content\/uploads\/2021\/03\/logo.png","width":116,"height":70,"caption":"ifplants"},"image":{"@id":"https:\/\/www.ifplants.eu\/es\/#\/schema\/logo\/image\/"},"sameAs":["https:\/\/www.facebook.com\/ifplantspepinieres\/","https:\/\/www.instagram.com\/ifplants\/","https:\/\/www.linkedin.com\/company\/if-plants\/","https:\/\/youtube.com\/channel\/UC69COSViXsi8cJQuMQlWRew"]}]}},"_links":{"self":[{"href":"https:\/\/www.ifplants.eu\/es\/wp-json\/wp\/v2\/pages\/50574","targetHints":{"allow":["GET"]}}],"collection":[{"href":"https:\/\/www.ifplants.eu\/es\/wp-json\/wp\/v2\/pages"}],"about":[{"href":"https:\/\/www.ifplants.eu\/es\/wp-json\/wp\/v2\/types\/page"}],"author":[{"embeddable":true,"href":"https:\/\/www.ifplants.eu\/es\/wp-json\/wp\/v2\/users\/1"}],"replies":[{"embeddable":true,"href":"https:\/\/www.ifplants.eu\/es\/wp-json\/wp\/v2\/comments?post=50574"}],"version-history":[{"count":11,"href":"https:\/\/www.ifplants.eu\/es\/wp-json\/wp\/v2\/pages\/50574\/revisions"}],"predecessor-version":[{"id":50857,"href":"https:\/\/www.ifplants.eu\/es\/wp-json\/wp\/v2\/pages\/50574\/revisions\/50857"}],"wp:attachment":[{"href":"https:\/\/www.ifplants.eu\/es\/wp-json\/wp\/v2\/media?parent=50574"}],"curies":[{"name":"wp","href":"https:\/\/api.w.org\/{rel}","templated":true}]}}