{"id":50593,"date":"2025-10-23T10:38:41","date_gmt":"2025-10-23T08:38:41","guid":{"rendered":"https:\/\/www.ifplants.eu\/productor-mayorista-de-plantas-y-arboles-en-espana\/"},"modified":"2025-10-23T10:38:42","modified_gmt":"2025-10-23T08:38:42","slug":"productor-mayorista-de-plantas-y-arboles-en-espana","status":"publish","type":"page","link":"https:\/\/www.ifplants.eu\/es\/productor-mayorista-de-plantas-y-arboles-en-espana\/","title":{"rendered":"Productor Mayorista de Plantas y \u00c1rboles en Espa\u00f1a"},"content":{"rendered":"<div class=\"wpb-content-wrapper\"><p>[vc_row css=\u00bb.vc_custom_1536561033548{padding-bottom: 50px !important;}\u00bb][vc_column]\t\t\t<div id=\"tb-list-project\" class=\"project-wrapper layout-default hidden-nav hidden-dots \">\r\n\t\t\t\t<ul class=\"controls-filter text-center hidden\">\r\n\t\t\t\t<li class=\"filter active\"  data-filter=\"*\"><a href=\"javascript:void(0);\">all<\/a><\/li>\r\n\t\t\t\t\t\t\t\t\t\t\t<li class=\"filter\"  data-filter=\".amplia-gama-de-plantas-excepcionales\"><a href=\"javascript:void(0);\">Amplia gama de plantas excepcionales<\/a><\/li>\r\n\t\t\t\t\t\t\t\t\t\t\t\t\t<li class=\"filter\"  data-filter=\".arbustos-de-flores-y-de-seto-de-todas-las-medidas\"><a href=\"javascript:void(0);\">Arbustos de flores y de seto de todas las medidas<\/a><\/li>\r\n\t\t\t\t\t\t\t\t\t\t\t\t\t<li class=\"filter\"  data-filter=\".chamareops-phoenix-trachycarpus-washingtonia-y-otras-especies\"><a href=\"javascript:void(0);\">Chamareops, Phoenix, Trachycarpus, Washingtonia y otras especies<\/a><\/li>\r\n\t\t\t\t\t\t\t\t\t\t\t\t\t<li class=\"filter\"  data-filter=\".de-cultivo-y-recuperacion\"><a href=\"javascript:void(0);\">De cultivo y recuperaci\u00f3n<\/a><\/li>\r\n\t\t\t\t\t\t\t\t\t\t\t\t\t<li class=\"filter\"  data-filter=\".de-todas-las-variedades-y-tamanos\"><a href=\"javascript:void(0);\">De todas las variedades y tama\u00f1os.<\/a><\/li>\r\n\t\t\t\t\t\t\t\t\t\t\t\t\t<li class=\"filter\"  data-filter=\".mas-de-250-referencias\"><a href=\"javascript:void(0);\">M\u00e1s de 250 referencias<\/a><\/li>\r\n\t\t\t\t\t\t\t\t\t\t\t\t\t<li class=\"filter\"  data-filter=\".olivos-jovenes-centenarios-y-milenarios\"><a href=\"javascript:void(0);\">Olivos j\u00f3venes, centenarios y milenarios<\/a><\/li>\r\n\t\t\t\t\t\t\t\t\t\t\t\t\t<li class=\"filter\"  data-filter=\".perennes-y-caducos\"><a href=\"javascript:void(0);\">Perennes y caducos<\/a><\/li>\r\n\t\t\t\t\t\t\t\t\t\t\t\t\t<li class=\"filter\"  data-filter=\".todas-las-formas-y-variedades\"><a href=\"javascript:void(0);\">Todas las formas y variedades<\/a><\/li>\r\n\t\t\t\t\t\t\t\t\t\t<\/ul>\r\n\t\t\t\t<div id=\"block-project\" class=\"project   layout-isotop row\">\r\n\t\t\t\t\t<div class=\"grid-sizer col-xs-12 col-sm-6 col-md-4 col-lg-4\"><\/div>\t\t\t\t\t\r\n\t\t\t\t\t<div class=\"item  col-xs-12 col-sm-6 col-md-4 col-lg-4  effect-1\">\r\n\t<div class=\"item-port\">\r\n\t\t\t\t\t<div class=\"thumb\">\r\n\t\t\t\t<img decoding=\"async\" class=\"img-responsive \" src=\"https:\/\/www.ifplants.eu\/wp-content\/uploads\/2021\/04\/photo-1520931674431-de5b4b2cc562-740x540-1.jpg\" width=\"740\" height=\"540\" alt=\"photo-1520931674431-de5b4b2cc562-740x540\" title=\"photo-1520931674431-de5b4b2cc562-740x540\" loading=\"lazy\" \/>\t\t\t\t\t\t\t\t<div class=\"content effect-1\">\r\n\t\t\t\t\t<div class=\"info\">\r\n\t\t\t\t\t\t<a href=\"https:\/\/www.ifplants.eu\/es\/mayoristas-plantas-arboles-espana\/arboles-en-contenedor-y-en-cepellon\/arboles-en-maceta\/\"><h4 class=\"title\">\u00c1rboles en maceta<\/h4><\/a>\r\n\t\t\t\t\t\t<span class=\"skill\"><\/span>\r\n\t\t\t\t\t<\/div>\r\n\t\t\t\t<\/div>\r\n\t\t\t\t\t\t\t<\/div>\r\n\t\t\t\t<div class=\"content effect-1\">\r\n\t\t\t<div class=\"info\">\r\n\t\t\t\t<a href=\"https:\/\/www.ifplants.eu\/es\/mayoristas-plantas-arboles-espana\/arboles-en-contenedor-y-en-cepellon\/arboles-en-maceta\/\"><h4 class=\"title\">\u00c1rboles en maceta<\/h4><\/a>\r\n\t\t\t\t<span class=\"skill\"><\/span>\r\n\t\t\t<\/div>\r\n\t\t\t<a href=\"https:\/\/www.ifplants.eu\/es\/mayoristas-plantas-arboles-espana\/arboles-en-contenedor-y-en-cepellon\/arboles-en-maceta\/\" class=\"btn-see-more\"><span>saber m\u00e1s <i class=\"ion-android-arrow-forward\"><\/i><\/span><\/a>\r\n\t\t<\/div>\r\n\t<\/div>\r\n<\/div><div class=\"item  col-xs-12 col-sm-6 col-md-4 col-lg-4  effect-1\">\r\n\t<div class=\"item-port\">\r\n\t\t\t\t\t<div class=\"thumb\">\r\n\t\t\t\t<img decoding=\"async\" class=\"img-responsive \" src=\"https:\/\/www.ifplants.eu\/wp-content\/uploads\/2021\/04\/photo-1520931674431-de5b4b2cc562-740x540-1.jpg\" width=\"740\" height=\"540\" alt=\"photo-1520931674431-de5b4b2cc562-740x540\" title=\"photo-1520931674431-de5b4b2cc562-740x540\" loading=\"lazy\" \/>\t\t\t\t\t\t\t\t<div class=\"content effect-1\">\r\n\t\t\t\t\t<div class=\"info\">\r\n\t\t\t\t\t\t<a href=\"https:\/\/www.ifplants.eu\/es\/mayoristas-plantas-arboles-espana\/arboles-en-contenedor-y-en-cepellon\/arboles-en-campo\/\"><h4 class=\"title\">\u00c1rboles en campo<\/h4><\/a>\r\n\t\t\t\t\t\t<span class=\"skill\"><\/span>\r\n\t\t\t\t\t<\/div>\r\n\t\t\t\t<\/div>\r\n\t\t\t\t\t\t\t<\/div>\r\n\t\t\t\t<div class=\"content effect-1\">\r\n\t\t\t<div class=\"info\">\r\n\t\t\t\t<a href=\"https:\/\/www.ifplants.eu\/es\/mayoristas-plantas-arboles-espana\/arboles-en-contenedor-y-en-cepellon\/arboles-en-campo\/\"><h4 class=\"title\">\u00c1rboles en campo<\/h4><\/a>\r\n\t\t\t\t<span class=\"skill\"><\/span>\r\n\t\t\t<\/div>\r\n\t\t\t<a href=\"https:\/\/www.ifplants.eu\/es\/mayoristas-plantas-arboles-espana\/arboles-en-contenedor-y-en-cepellon\/arboles-en-campo\/\" class=\"btn-see-more\"><span>saber m\u00e1s <i class=\"ion-android-arrow-forward\"><\/i><\/span><\/a>\r\n\t\t<\/div>\r\n\t<\/div>\r\n<\/div><div class=\"item  col-xs-12 col-sm-6 col-md-4 col-lg-4  effect-1\">\r\n\t<div class=\"item-port\">\r\n\t\t\t\t\t<div class=\"thumb\">\r\n\t\t\t\t<img decoding=\"async\" class=\"img-responsive \" src=\"https:\/\/www.ifplants.eu\/wp-content\/uploads\/2021\/04\/photo-1520931674431-de5b4b2cc562-740x540-1.jpg\" width=\"740\" height=\"540\" alt=\"photo-1520931674431-de5b4b2cc562-740x540\" title=\"photo-1520931674431-de5b4b2cc562-740x540\" loading=\"lazy\" \/>\t\t\t\t\t\t\t\t<div class=\"content effect-1\">\r\n\t\t\t\t\t<div class=\"info\">\r\n\t\t\t\t\t\t<a href=\"https:\/\/www.ifplants.eu\/es\/mayoristas-plantas-arboles-espana\/palmeras\/palmeras-chamaerops-de-espana\/\"><h4 class=\"title\">Palmeras Chamaerops de Espa\u00f1a<\/h4><\/a>\r\n\t\t\t\t\t\t<span class=\"skill\"><\/span>\r\n\t\t\t\t\t<\/div>\r\n\t\t\t\t<\/div>\r\n\t\t\t\t\t\t\t<\/div>\r\n\t\t\t\t<div class=\"content effect-1\">\r\n\t\t\t<div class=\"info\">\r\n\t\t\t\t<a href=\"https:\/\/www.ifplants.eu\/es\/mayoristas-plantas-arboles-espana\/palmeras\/palmeras-chamaerops-de-espana\/\"><h4 class=\"title\">Palmeras Chamaerops de Espa\u00f1a<\/h4><\/a>\r\n\t\t\t\t<span class=\"skill\"><\/span>\r\n\t\t\t<\/div>\r\n\t\t\t<a href=\"https:\/\/www.ifplants.eu\/es\/mayoristas-plantas-arboles-espana\/palmeras\/palmeras-chamaerops-de-espana\/\" class=\"btn-see-more\"><span>saber m\u00e1s <i class=\"ion-android-arrow-forward\"><\/i><\/span><\/a>\r\n\t\t<\/div>\r\n\t<\/div>\r\n<\/div><div class=\"item  col-xs-12 col-sm-6 col-md-4 col-lg-4  effect-1\">\r\n\t<div class=\"item-port\">\r\n\t\t\t\t\t<div class=\"thumb\">\r\n\t\t\t\t<img decoding=\"async\" class=\"img-responsive \" src=\"https:\/\/www.ifplants.eu\/wp-content\/uploads\/2021\/04\/photo-1520931674431-de5b4b2cc562-740x540-1.jpg\" width=\"740\" height=\"540\" alt=\"photo-1520931674431-de5b4b2cc562-740x540\" title=\"photo-1520931674431-de5b4b2cc562-740x540\" loading=\"lazy\" \/>\t\t\t\t\t\t\t\t<div class=\"content effect-1\">\r\n\t\t\t\t\t<div class=\"info\">\r\n\t\t\t\t\t\t<a href=\"https:\/\/www.ifplants.eu\/es\/mayoristas-plantas-arboles-espana\/palmeras\/otras-palmeras-de-espana\/\"><h4 class=\"title\">Otras Palmeras de Espa\u00f1a<\/h4><\/a>\r\n\t\t\t\t\t\t<span class=\"skill\"><\/span>\r\n\t\t\t\t\t<\/div>\r\n\t\t\t\t<\/div>\r\n\t\t\t\t\t\t\t<\/div>\r\n\t\t\t\t<div class=\"content effect-1\">\r\n\t\t\t<div class=\"info\">\r\n\t\t\t\t<a href=\"https:\/\/www.ifplants.eu\/es\/mayoristas-plantas-arboles-espana\/palmeras\/otras-palmeras-de-espana\/\"><h4 class=\"title\">Otras Palmeras de Espa\u00f1a<\/h4><\/a>\r\n\t\t\t\t<span class=\"skill\"><\/span>\r\n\t\t\t<\/div>\r\n\t\t\t<a href=\"https:\/\/www.ifplants.eu\/es\/mayoristas-plantas-arboles-espana\/palmeras\/otras-palmeras-de-espana\/\" class=\"btn-see-more\"><span>saber m\u00e1s <i class=\"ion-android-arrow-forward\"><\/i><\/span><\/a>\r\n\t\t<\/div>\r\n\t<\/div>\r\n<\/div><div class=\"item  col-xs-12 col-sm-6 col-md-4 col-lg-4  effect-1\">\r\n\t<div class=\"item-port\">\r\n\t\t\t\t\t<div class=\"thumb\">\r\n\t\t\t\t<img decoding=\"async\" class=\"img-responsive \" src=\"https:\/\/www.ifplants.eu\/wp-content\/uploads\/2021\/04\/photo-1520931674431-de5b4b2cc562-740x540-1.jpg\" width=\"740\" height=\"540\" alt=\"photo-1520931674431-de5b4b2cc562-740x540\" title=\"photo-1520931674431-de5b4b2cc562-740x540\" loading=\"lazy\" \/>\t\t\t\t\t\t\t\t<div class=\"content effect-1\">\r\n\t\t\t\t\t<div class=\"info\">\r\n\t\t\t\t\t\t<a href=\"https:\/\/www.ifplants.eu\/es\/mayoristas-plantas-arboles-espana\/palmeras\/palmeras-trachycarpus-de-espana\/\"><h4 class=\"title\">Palmeras Trachycarpus de Espa\u00f1a<\/h4><\/a>\r\n\t\t\t\t\t\t<span class=\"skill\"><\/span>\r\n\t\t\t\t\t<\/div>\r\n\t\t\t\t<\/div>\r\n\t\t\t\t\t\t\t<\/div>\r\n\t\t\t\t<div class=\"content effect-1\">\r\n\t\t\t<div class=\"info\">\r\n\t\t\t\t<a href=\"https:\/\/www.ifplants.eu\/es\/mayoristas-plantas-arboles-espana\/palmeras\/palmeras-trachycarpus-de-espana\/\"><h4 class=\"title\">Palmeras Trachycarpus de Espa\u00f1a<\/h4><\/a>\r\n\t\t\t\t<span class=\"skill\"><\/span>\r\n\t\t\t<\/div>\r\n\t\t\t<a href=\"https:\/\/www.ifplants.eu\/es\/mayoristas-plantas-arboles-espana\/palmeras\/palmeras-trachycarpus-de-espana\/\" class=\"btn-see-more\"><span>saber m\u00e1s <i class=\"ion-android-arrow-forward\"><\/i><\/span><\/a>\r\n\t\t<\/div>\r\n\t<\/div>\r\n<\/div><div class=\"item  col-xs-12 col-sm-6 col-md-4 col-lg-4  effect-1\">\r\n\t<div class=\"item-port\">\r\n\t\t\t\t\t<div class=\"thumb\">\r\n\t\t\t\t<img decoding=\"async\" class=\"img-responsive \" src=\"https:\/\/www.ifplants.eu\/wp-content\/uploads\/2021\/04\/photo-1520931674431-de5b4b2cc562-740x540-1.jpg\" width=\"740\" height=\"540\" alt=\"photo-1520931674431-de5b4b2cc562-740x540\" title=\"photo-1520931674431-de5b4b2cc562-740x540\" loading=\"lazy\" \/>\t\t\t\t\t\t\t\t<div class=\"content effect-1\">\r\n\t\t\t\t\t<div class=\"info\">\r\n\t\t\t\t\t\t<a href=\"https:\/\/www.ifplants.eu\/es\/mayoristas-plantas-arboles-espana\/palmeras\/palmeras-phoenix-de-espana\/\"><h4 class=\"title\">Palmeras Phoenix de Espa\u00f1a<\/h4><\/a>\r\n\t\t\t\t\t\t<span class=\"skill\"><\/span>\r\n\t\t\t\t\t<\/div>\r\n\t\t\t\t<\/div>\r\n\t\t\t\t\t\t\t<\/div>\r\n\t\t\t\t<div class=\"content effect-1\">\r\n\t\t\t<div class=\"info\">\r\n\t\t\t\t<a href=\"https:\/\/www.ifplants.eu\/es\/mayoristas-plantas-arboles-espana\/palmeras\/palmeras-phoenix-de-espana\/\"><h4 class=\"title\">Palmeras Phoenix de Espa\u00f1a<\/h4><\/a>\r\n\t\t\t\t<span class=\"skill\"><\/span>\r\n\t\t\t<\/div>\r\n\t\t\t<a href=\"https:\/\/www.ifplants.eu\/es\/mayoristas-plantas-arboles-espana\/palmeras\/palmeras-phoenix-de-espana\/\" class=\"btn-see-more\"><span>saber m\u00e1s <i class=\"ion-android-arrow-forward\"><\/i><\/span><\/a>\r\n\t\t<\/div>\r\n\t<\/div>\r\n<\/div><div class=\"item  col-xs-12 col-sm-6 col-md-4 col-lg-4  effect-1\">\r\n\t<div class=\"item-port\">\r\n\t\t\t\t\t<div class=\"thumb\">\r\n\t\t\t\t<img decoding=\"async\" class=\"img-responsive \" src=\"https:\/\/www.ifplants.eu\/wp-content\/uploads\/2021\/04\/photo-1520931674431-de5b4b2cc562-740x540-1.jpg\" width=\"740\" height=\"540\" alt=\"photo-1520931674431-de5b4b2cc562-740x540\" title=\"photo-1520931674431-de5b4b2cc562-740x540\" loading=\"lazy\" \/>\t\t\t\t\t\t\t\t<div class=\"content effect-1\">\r\n\t\t\t\t\t<div class=\"info\">\r\n\t\t\t\t\t\t<a href=\"https:\/\/www.ifplants.eu\/es\/mayoristas-plantas-arboles-espana\/palmeras\/palmeras-washingtonia-de-espana\/\"><h4 class=\"title\">Palmeras Washingtonia de Espa\u00f1a<\/h4><\/a>\r\n\t\t\t\t\t\t<span class=\"skill\"><\/span>\r\n\t\t\t\t\t<\/div>\r\n\t\t\t\t<\/div>\r\n\t\t\t\t\t\t\t<\/div>\r\n\t\t\t\t<div class=\"content effect-1\">\r\n\t\t\t<div class=\"info\">\r\n\t\t\t\t<a href=\"https:\/\/www.ifplants.eu\/es\/mayoristas-plantas-arboles-espana\/palmeras\/palmeras-washingtonia-de-espana\/\"><h4 class=\"title\">Palmeras Washingtonia de Espa\u00f1a<\/h4><\/a>\r\n\t\t\t\t<span class=\"skill\"><\/span>\r\n\t\t\t<\/div>\r\n\t\t\t<a href=\"https:\/\/www.ifplants.eu\/es\/mayoristas-plantas-arboles-espana\/palmeras\/palmeras-washingtonia-de-espana\/\" class=\"btn-see-more\"><span>saber m\u00e1s <i class=\"ion-android-arrow-forward\"><\/i><\/span><\/a>\r\n\t\t<\/div>\r\n\t<\/div>\r\n<\/div><div class=\"item  col-xs-12 col-sm-6 col-md-4 col-lg-4 mas-de-250-referencias effect-1\">\r\n\t<div class=\"item-port\">\r\n\t\t\t\t\t<div class=\"thumb\">\r\n\t\t\t\t<img decoding=\"async\" class=\"img-responsive \" src=\"https:\/\/www.ifplants.eu\/wp-content\/uploads\/2021\/02\/if-plants-CACTUS-740x540.jpeg\" width=\"740\" height=\"540\" alt=\"if-plants-CACTUS\" title=\"if-plants-CACTUS\" loading=\"lazy\" \/>\t\t\t\t\t\t\t\t<div class=\"content effect-1\">\r\n\t\t\t\t\t<div class=\"info\">\r\n\t\t\t\t\t\t<a href=\"https:\/\/www.ifplants.eu\/es\/mayoristas-plantas-arboles-espana\/yucca-cactus-suculentas\/\"><h4 class=\"title\">Yucca | Cactus | Suculentas<\/h4><\/a>\r\n\t\t\t\t\t\t<span class=\"skill\">M\u00e1s de 250 referencias<\/span>\r\n\t\t\t\t\t<\/div>\r\n\t\t\t\t<\/div>\r\n\t\t\t\t\t\t\t<\/div>\r\n\t\t\t\t<div class=\"content effect-1\">\r\n\t\t\t<div class=\"info\">\r\n\t\t\t\t<a href=\"https:\/\/www.ifplants.eu\/es\/mayoristas-plantas-arboles-espana\/yucca-cactus-suculentas\/\"><h4 class=\"title\">Yucca | Cactus | Suculentas<\/h4><\/a>\r\n\t\t\t\t<span class=\"skill\">M\u00e1s de 250 referencias<\/span>\r\n\t\t\t<\/div>\r\n\t\t\t<a href=\"https:\/\/www.ifplants.eu\/es\/mayoristas-plantas-arboles-espana\/yucca-cactus-suculentas\/\" class=\"btn-see-more\"><span>saber m\u00e1s <i class=\"ion-android-arrow-forward\"><\/i><\/span><\/a>\r\n\t\t<\/div>\r\n\t<\/div>\r\n<\/div><div class=\"item  col-xs-12 col-sm-6 col-md-4 col-lg-4 amplia-gama-de-plantas-excepcionales effect-1\">\r\n\t<div class=\"item-port\">\r\n\t\t\t\t\t<div class=\"thumb\">\r\n\t\t\t\t<img decoding=\"async\" class=\"img-responsive \" src=\"https:\/\/www.ifplants.eu\/wp-content\/uploads\/2018\/08\/if-plants-OLIVIERS-740x540.jpg\" width=\"740\" height=\"540\" alt=\"if-plants-OLIVOS\" title=\"if-plants-OLIVOS\" loading=\"lazy\" \/>\t\t\t\t\t\t\t\t<div class=\"content effect-1\">\r\n\t\t\t\t\t<div class=\"info\">\r\n\t\t\t\t\t\t<a href=\"https:\/\/www.ifplants.eu\/es\/mayoristas-plantas-arboles-espana\/especimenes-y-ejemplares\/\"><h4 class=\"title\">Espec\u00edmenes y Ejemplares<\/h4><\/a>\r\n\t\t\t\t\t\t<span class=\"skill\">Amplia gama de plantas excepcionales<\/span>\r\n\t\t\t\t\t<\/div>\r\n\t\t\t\t<\/div>\r\n\t\t\t\t\t\t\t<\/div>\r\n\t\t\t\t<div class=\"content effect-1\">\r\n\t\t\t<div class=\"info\">\r\n\t\t\t\t<a href=\"https:\/\/www.ifplants.eu\/es\/mayoristas-plantas-arboles-espana\/especimenes-y-ejemplares\/\"><h4 class=\"title\">Espec\u00edmenes y Ejemplares<\/h4><\/a>\r\n\t\t\t\t<span class=\"skill\">Amplia gama de plantas excepcionales<\/span>\r\n\t\t\t<\/div>\r\n\t\t\t<a href=\"https:\/\/www.ifplants.eu\/es\/mayoristas-plantas-arboles-espana\/especimenes-y-ejemplares\/\" class=\"btn-see-more\"><span>saber m\u00e1s <i class=\"ion-android-arrow-forward\"><\/i><\/span><\/a>\r\n\t\t<\/div>\r\n\t<\/div>\r\n<\/div><div class=\"item  col-xs-12 col-sm-6 col-md-4 col-lg-4  effect-1\">\r\n\t<div class=\"item-port\">\r\n\t\t\t\t\t<div class=\"thumb\">\r\n\t\t\t\t<img decoding=\"async\" class=\"img-responsive \" src=\"https:\/\/www.ifplants.eu\/wp-content\/uploads\/2021\/04\/photo-1520931674431-de5b4b2cc562-740x540-1.jpg\" width=\"740\" height=\"540\" alt=\"photo-1520931674431-de5b4b2cc562-740x540\" title=\"photo-1520931674431-de5b4b2cc562-740x540\" loading=\"lazy\" \/>\t\t\t\t\t\t\t\t<div class=\"content effect-1\">\r\n\t\t\t\t\t<div class=\"info\">\r\n\t\t\t\t\t\t<a href=\"https:\/\/www.ifplants.eu\/es\/mayoristas-plantas-arboles-espana\/olivos\/olivos-jovenes-de-espana\/\"><h4 class=\"title\">Olivos J\u00f3venes de Espa\u00f1a<\/h4><\/a>\r\n\t\t\t\t\t\t<span class=\"skill\"><\/span>\r\n\t\t\t\t\t<\/div>\r\n\t\t\t\t<\/div>\r\n\t\t\t\t\t\t\t<\/div>\r\n\t\t\t\t<div class=\"content effect-1\">\r\n\t\t\t<div class=\"info\">\r\n\t\t\t\t<a href=\"https:\/\/www.ifplants.eu\/es\/mayoristas-plantas-arboles-espana\/olivos\/olivos-jovenes-de-espana\/\"><h4 class=\"title\">Olivos J\u00f3venes de Espa\u00f1a<\/h4><\/a>\r\n\t\t\t\t<span class=\"skill\"><\/span>\r\n\t\t\t<\/div>\r\n\t\t\t<a href=\"https:\/\/www.ifplants.eu\/es\/mayoristas-plantas-arboles-espana\/olivos\/olivos-jovenes-de-espana\/\" class=\"btn-see-more\"><span>saber m\u00e1s <i class=\"ion-android-arrow-forward\"><\/i><\/span><\/a>\r\n\t\t<\/div>\r\n\t<\/div>\r\n<\/div><div class=\"item  col-xs-12 col-sm-6 col-md-4 col-lg-4  effect-1\">\r\n\t<div class=\"item-port\">\r\n\t\t\t\t\t<div class=\"thumb\">\r\n\t\t\t\t<img decoding=\"async\" class=\"img-responsive \" src=\"https:\/\/www.ifplants.eu\/wp-content\/uploads\/2021\/04\/photo-1520931674431-de5b4b2cc562-740x540-1.jpg\" width=\"740\" height=\"540\" alt=\"photo-1520931674431-de5b4b2cc562-740x540\" title=\"photo-1520931674431-de5b4b2cc562-740x540\" loading=\"lazy\" \/>\t\t\t\t\t\t\t\t<div class=\"content effect-1\">\r\n\t\t\t\t\t<div class=\"info\">\r\n\t\t\t\t\t\t<a href=\"https:\/\/www.ifplants.eu\/es\/mayoristas-plantas-arboles-espana\/olivos\/olivos-milenarios-espana\/\"><h4 class=\"title\">Olivos Milenarios Espa\u00f1a<\/h4><\/a>\r\n\t\t\t\t\t\t<span class=\"skill\"><\/span>\r\n\t\t\t\t\t<\/div>\r\n\t\t\t\t<\/div>\r\n\t\t\t\t\t\t\t<\/div>\r\n\t\t\t\t<div class=\"content effect-1\">\r\n\t\t\t<div class=\"info\">\r\n\t\t\t\t<a href=\"https:\/\/www.ifplants.eu\/es\/mayoristas-plantas-arboles-espana\/olivos\/olivos-milenarios-espana\/\"><h4 class=\"title\">Olivos Milenarios Espa\u00f1a<\/h4><\/a>\r\n\t\t\t\t<span class=\"skill\"><\/span>\r\n\t\t\t<\/div>\r\n\t\t\t<a href=\"https:\/\/www.ifplants.eu\/es\/mayoristas-plantas-arboles-espana\/olivos\/olivos-milenarios-espana\/\" class=\"btn-see-more\"><span>saber m\u00e1s <i class=\"ion-android-arrow-forward\"><\/i><\/span><\/a>\r\n\t\t<\/div>\r\n\t<\/div>\r\n<\/div><div class=\"item  col-xs-12 col-sm-6 col-md-4 col-lg-4 de-cultivo-y-recuperacion effect-1\">\r\n\t<div class=\"item-port\">\r\n\t\t\t\t\t<div class=\"thumb\">\r\n\t\t\t\t<img decoding=\"async\" class=\"img-responsive \" src=\"https:\/\/www.ifplants.eu\/wp-content\/uploads\/2021\/02\/if-plants-AGRUMES-ET-ARBRES-FRUITIERS-740x540.jpeg\" width=\"740\" height=\"540\" alt=\"if-plants-CITRICOS-Y-ARBOLES-FRUTALES\" title=\"if-plants-CITRICOS-Y-ARBOLES-FRUTALES\" loading=\"lazy\" \/>\t\t\t\t\t\t\t\t<div class=\"content effect-1\">\r\n\t\t\t\t\t<div class=\"info\">\r\n\t\t\t\t\t\t<a href=\"https:\/\/www.ifplants.eu\/es\/mayoristas-plantas-arboles-espana\/citricos-y-arboles-frutales\/\"><h4 class=\"title\">C\u00edtricos y \u00c1rboles Frutales<\/h4><\/a>\r\n\t\t\t\t\t\t<span class=\"skill\">De cultivo y recuperaci\u00f3n<\/span>\r\n\t\t\t\t\t<\/div>\r\n\t\t\t\t<\/div>\r\n\t\t\t\t\t\t\t<\/div>\r\n\t\t\t\t<div class=\"content effect-1\">\r\n\t\t\t<div class=\"info\">\r\n\t\t\t\t<a href=\"https:\/\/www.ifplants.eu\/es\/mayoristas-plantas-arboles-espana\/citricos-y-arboles-frutales\/\"><h4 class=\"title\">C\u00edtricos y \u00c1rboles Frutales<\/h4><\/a>\r\n\t\t\t\t<span class=\"skill\">De cultivo y recuperaci\u00f3n<\/span>\r\n\t\t\t<\/div>\r\n\t\t\t<a href=\"https:\/\/www.ifplants.eu\/es\/mayoristas-plantas-arboles-espana\/citricos-y-arboles-frutales\/\" class=\"btn-see-more\"><span>saber m\u00e1s <i class=\"ion-android-arrow-forward\"><\/i><\/span><\/a>\r\n\t\t<\/div>\r\n\t<\/div>\r\n<\/div><div class=\"item  col-xs-12 col-sm-6 col-md-4 col-lg-4  effect-1\">\r\n\t<div class=\"item-port\">\r\n\t\t\t\t\t<div class=\"thumb\">\r\n\t\t\t\t<img decoding=\"async\" class=\"img-responsive \" src=\"https:\/\/www.ifplants.eu\/wp-content\/uploads\/2021\/04\/photo-1520931674431-de5b4b2cc562-740x540-1.jpg\" width=\"740\" height=\"540\" alt=\"photo-1520931674431-de5b4b2cc562-740x540\" title=\"photo-1520931674431-de5b4b2cc562-740x540\" loading=\"lazy\" \/>\t\t\t\t\t\t\t\t<div class=\"content effect-1\">\r\n\t\t\t\t\t<div class=\"info\">\r\n\t\t\t\t\t\t<a href=\"https:\/\/www.ifplants.eu\/es\/mayoristas-plantas-arboles-espana\/olivos\/olivos-centenarios-espana\/\"><h4 class=\"title\">Olivos Centenarios Espa\u00f1a<\/h4><\/a>\r\n\t\t\t\t\t\t<span class=\"skill\"><\/span>\r\n\t\t\t\t\t<\/div>\r\n\t\t\t\t<\/div>\r\n\t\t\t\t\t\t\t<\/div>\r\n\t\t\t\t<div class=\"content effect-1\">\r\n\t\t\t<div class=\"info\">\r\n\t\t\t\t<a href=\"https:\/\/www.ifplants.eu\/es\/mayoristas-plantas-arboles-espana\/olivos\/olivos-centenarios-espana\/\"><h4 class=\"title\">Olivos Centenarios Espa\u00f1a<\/h4><\/a>\r\n\t\t\t\t<span class=\"skill\"><\/span>\r\n\t\t\t<\/div>\r\n\t\t\t<a href=\"https:\/\/www.ifplants.eu\/es\/mayoristas-plantas-arboles-espana\/olivos\/olivos-centenarios-espana\/\" class=\"btn-see-more\"><span>saber m\u00e1s <i class=\"ion-android-arrow-forward\"><\/i><\/span><\/a>\r\n\t\t<\/div>\r\n\t<\/div>\r\n<\/div><div class=\"item  col-xs-12 col-sm-6 col-md-4 col-lg-4 todas-las-formas-y-variedades effect-1\">\r\n\t<div class=\"item-port\">\r\n\t\t\t\t\t<div class=\"thumb\">\r\n\t\t\t\t<img decoding=\"async\" class=\"img-responsive \" src=\"https:\/\/www.ifplants.eu\/wp-content\/uploads\/2018\/08\/if-plants-topiary-plantes-tailles-740x540.jpeg\" width=\"740\" height=\"540\" alt=\"if-plants-TOPIARY-PLANTES-TAILLE\u0301S\" title=\"if-plants-TOPIARY-PLANTES-TAILLE\u0301S\" loading=\"lazy\" \/>\t\t\t\t\t\t\t\t<div class=\"content effect-1\">\r\n\t\t\t\t\t<div class=\"info\">\r\n\t\t\t\t\t\t<a href=\"https:\/\/www.ifplants.eu\/es\/mayoristas-plantas-arboles-espana\/topiario-plantas-podadas\/\"><h4 class=\"title\">Topiario | Plantas podadas<\/h4><\/a>\r\n\t\t\t\t\t\t<span class=\"skill\">Todas las formas y variedades<\/span>\r\n\t\t\t\t\t<\/div>\r\n\t\t\t\t<\/div>\r\n\t\t\t\t\t\t\t<\/div>\r\n\t\t\t\t<div class=\"content effect-1\">\r\n\t\t\t<div class=\"info\">\r\n\t\t\t\t<a href=\"https:\/\/www.ifplants.eu\/es\/mayoristas-plantas-arboles-espana\/topiario-plantas-podadas\/\"><h4 class=\"title\">Topiario | Plantas podadas<\/h4><\/a>\r\n\t\t\t\t<span class=\"skill\">Todas las formas y variedades<\/span>\r\n\t\t\t<\/div>\r\n\t\t\t<a href=\"https:\/\/www.ifplants.eu\/es\/mayoristas-plantas-arboles-espana\/topiario-plantas-podadas\/\" class=\"btn-see-more\"><span>saber m\u00e1s <i class=\"ion-android-arrow-forward\"><\/i><\/span><\/a>\r\n\t\t<\/div>\r\n\t<\/div>\r\n<\/div><div class=\"item  col-xs-12 col-sm-6 col-md-4 col-lg-4 arbustos-de-flores-y-de-seto-de-todas-las-medidas effect-1\">\r\n\t<div class=\"item-port\">\r\n\t\t\t\t\t<div class=\"thumb\">\r\n\t\t\t\t<img decoding=\"async\" class=\"img-responsive \" src=\"https:\/\/www.ifplants.eu\/wp-content\/uploads\/2018\/08\/if-plants-ARBUSTES-740x540.jpeg\" width=\"740\" height=\"540\" alt=\"if-plants-ARBUSTES\" title=\"if-plants-ARBUSTES\" loading=\"lazy\" \/>\t\t\t\t\t\t\t\t<div class=\"content effect-1\">\r\n\t\t\t\t\t<div class=\"info\">\r\n\t\t\t\t\t\t<a href=\"https:\/\/www.ifplants.eu\/es\/mayoristas-plantas-arboles-espana\/arbustos\/\"><h4 class=\"title\">Arbustos<\/h4><\/a>\r\n\t\t\t\t\t\t<span class=\"skill\">Arbustos de flores y de seto de todas las medidas<\/span>\r\n\t\t\t\t\t<\/div>\r\n\t\t\t\t<\/div>\r\n\t\t\t\t\t\t\t<\/div>\r\n\t\t\t\t<div class=\"content effect-1\">\r\n\t\t\t<div class=\"info\">\r\n\t\t\t\t<a href=\"https:\/\/www.ifplants.eu\/es\/mayoristas-plantas-arboles-espana\/arbustos\/\"><h4 class=\"title\">Arbustos<\/h4><\/a>\r\n\t\t\t\t<span class=\"skill\">Arbustos de flores y de seto de todas las medidas<\/span>\r\n\t\t\t<\/div>\r\n\t\t\t<a href=\"https:\/\/www.ifplants.eu\/es\/mayoristas-plantas-arboles-espana\/arbustos\/\" class=\"btn-see-more\"><span>saber m\u00e1s <i class=\"ion-android-arrow-forward\"><\/i><\/span><\/a>\r\n\t\t<\/div>\r\n\t<\/div>\r\n<\/div>\t\t\t\t\t<\/div>\r\n\t\t\t\t\t<div class=\"tb-project-footer text-center\">\r\n\t\t\t\t\t\t\t\t\t\t\t<\/div>\r\n\t\t\t\t<\/div>\r\n\t\t\t\t[\/vc_column][\/vc_row]<\/p>\n<\/div>","protected":false},"excerpt":{"rendered":"<p>[vc_row css=\u00bb.vc_custom_1536561033548{padding-bottom: 50px !important;}\u00bb][vc_column][\/vc_column][\/vc_row]<\/p>\n","protected":false},"author":1,"featured_media":0,"parent":0,"menu_order":0,"comment_status":"closed","ping_status":"closed","template":"","meta":{"_joinchat":[],"footnotes":""},"class_list":["post-50593","page","type-page","status-publish","hentry"],"yoast_head":"<!-- This site is optimized with the Yoast SEO plugin v27.5 - https:\/\/yoast.com\/product\/yoast-seo-wordpress\/ -->\n<title>Productor Mayorista de Plantas \/ \u00c1rboles en Espa\u00f1a | IF Plants<\/title>\n<meta name=\"description\" content=\"Descubra el cat\u00e1logo de plantas y \u00e1rboles de IF Plants, su mayorista de plantas en Espa\u00f1a. Explore la amplia selecci\u00f3n de plantas y \u00e1rboles ofrecida por IF Plants, mayorista de plantas en Espa\u00f1a. Disfrute de precios competitivos, disponibilidad en 48 horas y el cat\u00e1logo de plantas m\u00e1s grande para satisfacer todas sus necesidades profesionales en horticultura.\" \/>\n<meta name=\"robots\" content=\"index, follow, max-snippet:-1, max-image-preview:large, max-video-preview:-1\" \/>\n<link rel=\"canonical\" href=\"https:\/\/www.ifplants.eu\/es\/productor-mayorista-de-plantas-y-arboles-en-espana\/\" \/>\n<meta property=\"og:locale\" content=\"es_ES\" \/>\n<meta property=\"og:type\" content=\"article\" \/>\n<meta property=\"og:title\" content=\"Productor Mayorista de Plantas \/ \u00c1rboles en Espa\u00f1a | IF Plants\" \/>\n<meta property=\"og:description\" content=\"Descubra el cat\u00e1logo de plantas y \u00e1rboles de IF Plants, su mayorista de plantas en Espa\u00f1a. Explore la amplia selecci\u00f3n de plantas y \u00e1rboles ofrecida por IF Plants, mayorista de plantas en Espa\u00f1a. Disfrute de precios competitivos, disponibilidad en 48 horas y el cat\u00e1logo de plantas m\u00e1s grande para satisfacer todas sus necesidades profesionales en horticultura.\" \/>\n<meta property=\"og:url\" content=\"https:\/\/www.ifplants.eu\/es\/productor-mayorista-de-plantas-y-arboles-en-espana\/\" \/>\n<meta property=\"og:site_name\" content=\"IF Plants\" \/>\n<meta property=\"article:publisher\" content=\"https:\/\/www.facebook.com\/ifplantspepinieres\/\" \/>\n<meta property=\"article:modified_time\" content=\"2025-10-23T08:38:42+00:00\" \/>\n<meta name=\"twitter:card\" content=\"summary_large_image\" \/>\n<script type=\"application\/ld+json\" class=\"yoast-schema-graph\">{\"@context\":\"https:\\\/\\\/schema.org\",\"@graph\":[{\"@type\":\"WebPage\",\"@id\":\"https:\\\/\\\/www.ifplants.eu\\\/es\\\/productor-mayorista-de-plantas-y-arboles-en-espana\\\/\",\"url\":\"https:\\\/\\\/www.ifplants.eu\\\/es\\\/productor-mayorista-de-plantas-y-arboles-en-espana\\\/\",\"name\":\"Productor Mayorista de Plantas \\\/ \u00c1rboles en Espa\u00f1a | IF Plants\",\"isPartOf\":{\"@id\":\"https:\\\/\\\/www.ifplants.eu\\\/es\\\/#website\"},\"datePublished\":\"2025-10-23T08:38:41+00:00\",\"dateModified\":\"2025-10-23T08:38:42+00:00\",\"description\":\"Descubra el cat\u00e1logo de plantas y \u00e1rboles de IF Plants, su mayorista de plantas en Espa\u00f1a. Explore la amplia selecci\u00f3n de plantas y \u00e1rboles ofrecida por IF Plants, mayorista de plantas en Espa\u00f1a. Disfrute de precios competitivos, disponibilidad en 48 horas y el cat\u00e1logo de plantas m\u00e1s grande para satisfacer todas sus necesidades profesionales en horticultura.\",\"breadcrumb\":{\"@id\":\"https:\\\/\\\/www.ifplants.eu\\\/es\\\/productor-mayorista-de-plantas-y-arboles-en-espana\\\/#breadcrumb\"},\"inLanguage\":\"es\",\"potentialAction\":[{\"@type\":\"ReadAction\",\"target\":[\"https:\\\/\\\/www.ifplants.eu\\\/es\\\/productor-mayorista-de-plantas-y-arboles-en-espana\\\/\"]}]},{\"@type\":\"BreadcrumbList\",\"@id\":\"https:\\\/\\\/www.ifplants.eu\\\/es\\\/productor-mayorista-de-plantas-y-arboles-en-espana\\\/#breadcrumb\",\"itemListElement\":[{\"@type\":\"ListItem\",\"position\":1,\"name\":\"Inicio\",\"item\":\"https:\\\/\\\/www.ifplants.eu\\\/es\\\/\"},{\"@type\":\"ListItem\",\"position\":2,\"name\":\"Productor Mayorista de Plantas y \u00c1rboles en Espa\u00f1a\"}]},{\"@type\":\"WebSite\",\"@id\":\"https:\\\/\\\/www.ifplants.eu\\\/es\\\/#website\",\"url\":\"https:\\\/\\\/www.ifplants.eu\\\/es\\\/\",\"name\":\"IF Plants\",\"description\":\"Otro sitio realizado con WordPress\",\"publisher\":{\"@id\":\"https:\\\/\\\/www.ifplants.eu\\\/es\\\/#organization\"},\"potentialAction\":[{\"@type\":\"SearchAction\",\"target\":{\"@type\":\"EntryPoint\",\"urlTemplate\":\"https:\\\/\\\/www.ifplants.eu\\\/es\\\/?s={search_term_string}\"},\"query-input\":{\"@type\":\"PropertyValueSpecification\",\"valueRequired\":true,\"valueName\":\"search_term_string\"}}],\"inLanguage\":\"es\"},{\"@type\":\"Organization\",\"@id\":\"https:\\\/\\\/www.ifplants.eu\\\/es\\\/#organization\",\"name\":\"ifplants\",\"url\":\"https:\\\/\\\/www.ifplants.eu\\\/es\\\/\",\"logo\":{\"@type\":\"ImageObject\",\"inLanguage\":\"es\",\"@id\":\"https:\\\/\\\/www.ifplants.eu\\\/es\\\/#\\\/schema\\\/logo\\\/image\\\/\",\"url\":\"https:\\\/\\\/www.ifplants.eu\\\/wp-content\\\/uploads\\\/2021\\\/03\\\/logo.png\",\"contentUrl\":\"https:\\\/\\\/www.ifplants.eu\\\/wp-content\\\/uploads\\\/2021\\\/03\\\/logo.png\",\"width\":116,\"height\":70,\"caption\":\"ifplants\"},\"image\":{\"@id\":\"https:\\\/\\\/www.ifplants.eu\\\/es\\\/#\\\/schema\\\/logo\\\/image\\\/\"},\"sameAs\":[\"https:\\\/\\\/www.facebook.com\\\/ifplantspepinieres\\\/\",\"https:\\\/\\\/www.instagram.com\\\/ifplants\\\/\",\"https:\\\/\\\/www.linkedin.com\\\/company\\\/if-plants\\\/\",\"https:\\\/\\\/youtube.com\\\/channel\\\/UC69COSViXsi8cJQuMQlWRew\"]}]}<\/script>\n<!-- \/ Yoast SEO plugin. -->","yoast_head_json":{"title":"Productor Mayorista de Plantas \/ \u00c1rboles en Espa\u00f1a | IF Plants","description":"Descubra el cat\u00e1logo de plantas y \u00e1rboles de IF Plants, su mayorista de plantas en Espa\u00f1a. Explore la amplia selecci\u00f3n de plantas y \u00e1rboles ofrecida por IF Plants, mayorista de plantas en Espa\u00f1a. Disfrute de precios competitivos, disponibilidad en 48 horas y el cat\u00e1logo de plantas m\u00e1s grande para satisfacer todas sus necesidades profesionales en horticultura.","robots":{"index":"index","follow":"follow","max-snippet":"max-snippet:-1","max-image-preview":"max-image-preview:large","max-video-preview":"max-video-preview:-1"},"canonical":"https:\/\/www.ifplants.eu\/es\/productor-mayorista-de-plantas-y-arboles-en-espana\/","og_locale":"es_ES","og_type":"article","og_title":"Productor Mayorista de Plantas \/ \u00c1rboles en Espa\u00f1a | IF Plants","og_description":"Descubra el cat\u00e1logo de plantas y \u00e1rboles de IF Plants, su mayorista de plantas en Espa\u00f1a. Explore la amplia selecci\u00f3n de plantas y \u00e1rboles ofrecida por IF Plants, mayorista de plantas en Espa\u00f1a. Disfrute de precios competitivos, disponibilidad en 48 horas y el cat\u00e1logo de plantas m\u00e1s grande para satisfacer todas sus necesidades profesionales en horticultura.","og_url":"https:\/\/www.ifplants.eu\/es\/productor-mayorista-de-plantas-y-arboles-en-espana\/","og_site_name":"IF Plants","article_publisher":"https:\/\/www.facebook.com\/ifplantspepinieres\/","article_modified_time":"2025-10-23T08:38:42+00:00","twitter_card":"summary_large_image","schema":{"@context":"https:\/\/schema.org","@graph":[{"@type":"WebPage","@id":"https:\/\/www.ifplants.eu\/es\/productor-mayorista-de-plantas-y-arboles-en-espana\/","url":"https:\/\/www.ifplants.eu\/es\/productor-mayorista-de-plantas-y-arboles-en-espana\/","name":"Productor Mayorista de Plantas \/ \u00c1rboles en Espa\u00f1a | IF Plants","isPartOf":{"@id":"https:\/\/www.ifplants.eu\/es\/#website"},"datePublished":"2025-10-23T08:38:41+00:00","dateModified":"2025-10-23T08:38:42+00:00","description":"Descubra el cat\u00e1logo de plantas y \u00e1rboles de IF Plants, su mayorista de plantas en Espa\u00f1a. Explore la amplia selecci\u00f3n de plantas y \u00e1rboles ofrecida por IF Plants, mayorista de plantas en Espa\u00f1a. Disfrute de precios competitivos, disponibilidad en 48 horas y el cat\u00e1logo de plantas m\u00e1s grande para satisfacer todas sus necesidades profesionales en horticultura.","breadcrumb":{"@id":"https:\/\/www.ifplants.eu\/es\/productor-mayorista-de-plantas-y-arboles-en-espana\/#breadcrumb"},"inLanguage":"es","potentialAction":[{"@type":"ReadAction","target":["https:\/\/www.ifplants.eu\/es\/productor-mayorista-de-plantas-y-arboles-en-espana\/"]}]},{"@type":"BreadcrumbList","@id":"https:\/\/www.ifplants.eu\/es\/productor-mayorista-de-plantas-y-arboles-en-espana\/#breadcrumb","itemListElement":[{"@type":"ListItem","position":1,"name":"Inicio","item":"https:\/\/www.ifplants.eu\/es\/"},{"@type":"ListItem","position":2,"name":"Productor Mayorista de Plantas y \u00c1rboles en Espa\u00f1a"}]},{"@type":"WebSite","@id":"https:\/\/www.ifplants.eu\/es\/#website","url":"https:\/\/www.ifplants.eu\/es\/","name":"IF Plants","description":"Otro sitio realizado con WordPress","publisher":{"@id":"https:\/\/www.ifplants.eu\/es\/#organization"},"potentialAction":[{"@type":"SearchAction","target":{"@type":"EntryPoint","urlTemplate":"https:\/\/www.ifplants.eu\/es\/?s={search_term_string}"},"query-input":{"@type":"PropertyValueSpecification","valueRequired":true,"valueName":"search_term_string"}}],"inLanguage":"es"},{"@type":"Organization","@id":"https:\/\/www.ifplants.eu\/es\/#organization","name":"ifplants","url":"https:\/\/www.ifplants.eu\/es\/","logo":{"@type":"ImageObject","inLanguage":"es","@id":"https:\/\/www.ifplants.eu\/es\/#\/schema\/logo\/image\/","url":"https:\/\/www.ifplants.eu\/wp-content\/uploads\/2021\/03\/logo.png","contentUrl":"https:\/\/www.ifplants.eu\/wp-content\/uploads\/2021\/03\/logo.png","width":116,"height":70,"caption":"ifplants"},"image":{"@id":"https:\/\/www.ifplants.eu\/es\/#\/schema\/logo\/image\/"},"sameAs":["https:\/\/www.facebook.com\/ifplantspepinieres\/","https:\/\/www.instagram.com\/ifplants\/","https:\/\/www.linkedin.com\/company\/if-plants\/","https:\/\/youtube.com\/channel\/UC69COSViXsi8cJQuMQlWRew"]}]}},"_links":{"self":[{"href":"https:\/\/www.ifplants.eu\/es\/wp-json\/wp\/v2\/pages\/50593","targetHints":{"allow":["GET"]}}],"collection":[{"href":"https:\/\/www.ifplants.eu\/es\/wp-json\/wp\/v2\/pages"}],"about":[{"href":"https:\/\/www.ifplants.eu\/es\/wp-json\/wp\/v2\/types\/page"}],"author":[{"embeddable":true,"href":"https:\/\/www.ifplants.eu\/es\/wp-json\/wp\/v2\/users\/1"}],"replies":[{"embeddable":true,"href":"https:\/\/www.ifplants.eu\/es\/wp-json\/wp\/v2\/comments?post=50593"}],"version-history":[{"count":1,"href":"https:\/\/www.ifplants.eu\/es\/wp-json\/wp\/v2\/pages\/50593\/revisions"}],"predecessor-version":[{"id":50597,"href":"https:\/\/www.ifplants.eu\/es\/wp-json\/wp\/v2\/pages\/50593\/revisions\/50597"}],"wp:attachment":[{"href":"https:\/\/www.ifplants.eu\/es\/wp-json\/wp\/v2\/media?parent=50593"}],"curies":[{"name":"wp","href":"https:\/\/api.w.org\/{rel}","templated":true}]}}