{"id":382,"date":"2018-08-17T02:25:24","date_gmt":"2018-08-17T02:25:24","guid":{"rendered":"http:\/\/zoenix.jwsuperthemes.com\/?page_id=382"},"modified":"2026-03-23T12:06:51","modified_gmt":"2026-03-23T11:06:51","slug":"notre-equipe","status":"publish","type":"page","link":"https:\/\/www.ifplants.eu\/fr\/notre-equipe\/","title":{"rendered":"Notre Equipe"},"content":{"rendered":"<div class=\"wpb-content-wrapper\"><p>[vc_row css=\u00a0\u00bb.vc_custom_1633446316254{background-position: center !important;background-repeat: no-repeat !important;background-size: cover !important;}\u00a0\u00bb][vc_column][vc_column_text css=\u00a0\u00bb\u00a0\u00bb]Une \u00e9quipe passionn\u00e9e de plantes au service de votre croissance<\/p>\n<p>Chez IF PLANTS, notre plus grande force, c\u2019est notre \u00e9quipe d\u2019experts en plantes et horticulture. Compos\u00e9e de professionnels aux profils vari\u00e9s, notre \u00e9quipe partage une m\u00eame passion : les v\u00e9g\u00e9taux et la satisfaction client.<\/p>\n<p>Chaque jour, nous mettons notre savoir-faire au service de nos clients pour leur offrir les meilleures plantes d\u2019Espagne, soigneusement s\u00e9lectionn\u00e9es pour leur qualit\u00e9 et leur beaut\u00e9. Gr\u00e2ce \u00e0 notre exp\u00e9rience combin\u00e9e \u2013 plus de 200 ans d\u2019expertise horticole \u2013 nous accompagnons les entreprises, jardineries et paysagistes dans le d\u00e9veloppement de leur activit\u00e9 verte.<\/p>\n<p>Nous croyons que l\u2019effort et la passion font la diff\u00e9rence. C\u2019est pourquoi nous travaillons dur pour garantir un service client personnalis\u00e9, r\u00e9actif et professionnel.<\/p>\n<p>\ud83c\udf31 Contactez-nous d\u00e8s aujourd\u2019hui pour d\u00e9couvrir comment notre \u00e9quipe peut vous aider \u00e0 enrichir votre catalogue v\u00e9g\u00e9tal et \u00e0 faire cro\u00eetre votre entreprise naturellement.[\/vc_column_text][vc_media_grid element_width=\u00a0\u00bb2&Prime; css=\u00a0\u00bb\u00a0\u00bb grid_id=\u00a0\u00bbvc_gid:1774263845034-3f13da07-a09e-8&Prime; include=\u00a0\u00bb50472,50442,50433,50451,50469,50454,50475,50466,50463,50457,50448,50445,50439,50925,59838,59847,60204&Prime;][\/vc_column][\/vc_row][vc_row css=\u00a0\u00bb.vc_custom_1535430089214{padding-bottom: 70px !important;}\u00a0\u00bb][vc_column][vc_column_text css=\u00a0\u00bb\u00a0\u00bb]<\/p>\n<h4 style=\"text-align: center;\"><\/h4>\n<p>&nbsp;<\/p>\n<p>Une \u00e9quipe passionn\u00e9e qui fait fleurir vos projets<\/p>\n<p>Notre mission ? Inspirer nos clients \u00e0 peindre le monde en vert \u2014 \u00e0 travers des v\u00e9g\u00e9taux de qualit\u00e9, un service client exceptionnel et une approche durable de l\u2019horticulture.<\/p>\n<p>\ud83c\udf31 Rejoignez l\u2019exp\u00e9rience If Plants et d\u00e9couvrez comment notre \u00e9quipe d\u2019experts peut transformer vos espaces et vos id\u00e9es en une explosion de verdure et de vie.[\/vc_column_text][vc_single_image image=\u00a0\u00bb50428&Prime; img_size=\u00a0\u00bb2500&#215;600&Prime; css=\u00a0\u00bb\u00a0\u00bb][\/vc_column][\/vc_row]<\/p>\n<\/div>","protected":false},"excerpt":{"rendered":"<p>[vc_row css=\u00a0\u00bb.vc_custom_1633446316254{background-position: center !important;background-repeat: no-repeat !important;background-size: cover !important;}\u00a0\u00bb][vc_column][vc_column_text css=\u00a0\u00bb\u00a0\u00bb]Une \u00e9quipe passionn\u00e9e de plantes au service de votre croissance Chez IF PLANTS, notre plus grande force, c\u2019est notre \u00e9quipe d\u2019experts en plantes et horticulture. Compos\u00e9e de professionnels aux profils vari\u00e9s, notre \u00e9quipe partage une m\u00eame passion : les v\u00e9g\u00e9taux et la satisfaction client. Chaque jour, nous [&hellip;]<\/p>\n","protected":false},"author":1,"featured_media":0,"parent":0,"menu_order":0,"comment_status":"closed","ping_status":"closed","template":"","meta":{"_joinchat":[],"footnotes":""},"class_list":["post-382","page","type-page","status-publish","hentry"],"yoast_head":"<!-- This site is optimized with the Yoast SEO plugin v27.5 - https:\/\/yoast.com\/product\/yoast-seo-wordpress\/ -->\n<title>Notre Equipe | IF Plants<\/title>\n<meta name=\"description\" content=\"\u00c9quipe d\u2019experts chez IF Plants. Solutions v\u00e9g\u00e9tales sur mesure, qualit\u00e9 premium et accompagnement professionnel.\" \/>\n<meta name=\"robots\" content=\"index, follow, max-snippet:-1, max-image-preview:large, max-video-preview:-1\" \/>\n<link rel=\"canonical\" href=\"https:\/\/www.ifplants.eu\/fr\/notre-equipe\/\" \/>\n<meta property=\"og:locale\" content=\"fr_FR\" \/>\n<meta property=\"og:type\" content=\"article\" \/>\n<meta property=\"og:title\" content=\"Notre Equipe | IF Plants\" \/>\n<meta property=\"og:description\" content=\"\u00c9quipe d\u2019experts chez IF Plants. Solutions v\u00e9g\u00e9tales sur mesure, qualit\u00e9 premium et accompagnement professionnel.\" \/>\n<meta property=\"og:url\" content=\"https:\/\/www.ifplants.eu\/fr\/notre-equipe\/\" \/>\n<meta property=\"og:site_name\" content=\"IF Plants\" \/>\n<meta property=\"article:publisher\" content=\"https:\/\/www.facebook.com\/ifplantspepinieres\/\" \/>\n<meta property=\"article:modified_time\" content=\"2026-03-23T11:06:51+00:00\" \/>\n<meta name=\"twitter:card\" content=\"summary_large_image\" \/>\n<meta name=\"twitter:label1\" content=\"Dur\u00e9e de lecture estim\u00e9e\" \/>\n\t<meta name=\"twitter:data1\" content=\"2 minutes\" \/>\n<script type=\"application\/ld+json\" class=\"yoast-schema-graph\">{\"@context\":\"https:\\\/\\\/schema.org\",\"@graph\":[{\"@type\":\"WebPage\",\"@id\":\"https:\\\/\\\/www.ifplants.eu\\\/fr\\\/notre-equipe\\\/\",\"url\":\"https:\\\/\\\/www.ifplants.eu\\\/fr\\\/notre-equipe\\\/\",\"name\":\"Notre Equipe | IF Plants\",\"isPartOf\":{\"@id\":\"https:\\\/\\\/www.ifplants.eu\\\/fr\\\/#website\"},\"datePublished\":\"2018-08-17T02:25:24+00:00\",\"dateModified\":\"2026-03-23T11:06:51+00:00\",\"description\":\"\u00c9quipe d\u2019experts chez IF Plants. Solutions v\u00e9g\u00e9tales sur mesure, qualit\u00e9 premium et accompagnement professionnel.\",\"breadcrumb\":{\"@id\":\"https:\\\/\\\/www.ifplants.eu\\\/fr\\\/notre-equipe\\\/#breadcrumb\"},\"inLanguage\":\"fr-FR\",\"potentialAction\":[{\"@type\":\"ReadAction\",\"target\":[\"https:\\\/\\\/www.ifplants.eu\\\/fr\\\/notre-equipe\\\/\"]}]},{\"@type\":\"BreadcrumbList\",\"@id\":\"https:\\\/\\\/www.ifplants.eu\\\/fr\\\/notre-equipe\\\/#breadcrumb\",\"itemListElement\":[{\"@type\":\"ListItem\",\"position\":1,\"name\":\"Accueil\",\"item\":\"https:\\\/\\\/www.ifplants.eu\\\/fr\\\/\"},{\"@type\":\"ListItem\",\"position\":2,\"name\":\"Notre Equipe\"}]},{\"@type\":\"WebSite\",\"@id\":\"https:\\\/\\\/www.ifplants.eu\\\/fr\\\/#website\",\"url\":\"https:\\\/\\\/www.ifplants.eu\\\/fr\\\/\",\"name\":\"IF Plants\",\"description\":\"Otro sitio realizado con WordPress\",\"publisher\":{\"@id\":\"https:\\\/\\\/www.ifplants.eu\\\/fr\\\/#organization\"},\"potentialAction\":[{\"@type\":\"SearchAction\",\"target\":{\"@type\":\"EntryPoint\",\"urlTemplate\":\"https:\\\/\\\/www.ifplants.eu\\\/fr\\\/?s={search_term_string}\"},\"query-input\":{\"@type\":\"PropertyValueSpecification\",\"valueRequired\":true,\"valueName\":\"search_term_string\"}}],\"inLanguage\":\"fr-FR\"},{\"@type\":\"Organization\",\"@id\":\"https:\\\/\\\/www.ifplants.eu\\\/fr\\\/#organization\",\"name\":\"ifplants\",\"url\":\"https:\\\/\\\/www.ifplants.eu\\\/fr\\\/\",\"logo\":{\"@type\":\"ImageObject\",\"inLanguage\":\"fr-FR\",\"@id\":\"https:\\\/\\\/www.ifplants.eu\\\/fr\\\/#\\\/schema\\\/logo\\\/image\\\/\",\"url\":\"https:\\\/\\\/www.ifplants.eu\\\/wp-content\\\/uploads\\\/2021\\\/03\\\/logo.png\",\"contentUrl\":\"https:\\\/\\\/www.ifplants.eu\\\/wp-content\\\/uploads\\\/2021\\\/03\\\/logo.png\",\"width\":116,\"height\":70,\"caption\":\"ifplants\"},\"image\":{\"@id\":\"https:\\\/\\\/www.ifplants.eu\\\/fr\\\/#\\\/schema\\\/logo\\\/image\\\/\"},\"sameAs\":[\"https:\\\/\\\/www.facebook.com\\\/ifplantspepinieres\\\/\",\"https:\\\/\\\/www.instagram.com\\\/ifplants\\\/\",\"https:\\\/\\\/www.linkedin.com\\\/company\\\/if-plants\\\/\",\"https:\\\/\\\/youtube.com\\\/channel\\\/UC69COSViXsi8cJQuMQlWRew\"]}]}<\/script>\n<!-- \/ Yoast SEO plugin. -->","yoast_head_json":{"title":"Notre Equipe | IF Plants","description":"\u00c9quipe d\u2019experts chez IF Plants. Solutions v\u00e9g\u00e9tales sur mesure, qualit\u00e9 premium et accompagnement professionnel.","robots":{"index":"index","follow":"follow","max-snippet":"max-snippet:-1","max-image-preview":"max-image-preview:large","max-video-preview":"max-video-preview:-1"},"canonical":"https:\/\/www.ifplants.eu\/fr\/notre-equipe\/","og_locale":"fr_FR","og_type":"article","og_title":"Notre Equipe | IF Plants","og_description":"\u00c9quipe d\u2019experts chez IF Plants. Solutions v\u00e9g\u00e9tales sur mesure, qualit\u00e9 premium et accompagnement professionnel.","og_url":"https:\/\/www.ifplants.eu\/fr\/notre-equipe\/","og_site_name":"IF Plants","article_publisher":"https:\/\/www.facebook.com\/ifplantspepinieres\/","article_modified_time":"2026-03-23T11:06:51+00:00","twitter_card":"summary_large_image","twitter_misc":{"Dur\u00e9e de lecture estim\u00e9e":"2 minutes"},"schema":{"@context":"https:\/\/schema.org","@graph":[{"@type":"WebPage","@id":"https:\/\/www.ifplants.eu\/fr\/notre-equipe\/","url":"https:\/\/www.ifplants.eu\/fr\/notre-equipe\/","name":"Notre Equipe | IF Plants","isPartOf":{"@id":"https:\/\/www.ifplants.eu\/fr\/#website"},"datePublished":"2018-08-17T02:25:24+00:00","dateModified":"2026-03-23T11:06:51+00:00","description":"\u00c9quipe d\u2019experts chez IF Plants. Solutions v\u00e9g\u00e9tales sur mesure, qualit\u00e9 premium et accompagnement professionnel.","breadcrumb":{"@id":"https:\/\/www.ifplants.eu\/fr\/notre-equipe\/#breadcrumb"},"inLanguage":"fr-FR","potentialAction":[{"@type":"ReadAction","target":["https:\/\/www.ifplants.eu\/fr\/notre-equipe\/"]}]},{"@type":"BreadcrumbList","@id":"https:\/\/www.ifplants.eu\/fr\/notre-equipe\/#breadcrumb","itemListElement":[{"@type":"ListItem","position":1,"name":"Accueil","item":"https:\/\/www.ifplants.eu\/fr\/"},{"@type":"ListItem","position":2,"name":"Notre Equipe"}]},{"@type":"WebSite","@id":"https:\/\/www.ifplants.eu\/fr\/#website","url":"https:\/\/www.ifplants.eu\/fr\/","name":"IF Plants","description":"Otro sitio realizado con WordPress","publisher":{"@id":"https:\/\/www.ifplants.eu\/fr\/#organization"},"potentialAction":[{"@type":"SearchAction","target":{"@type":"EntryPoint","urlTemplate":"https:\/\/www.ifplants.eu\/fr\/?s={search_term_string}"},"query-input":{"@type":"PropertyValueSpecification","valueRequired":true,"valueName":"search_term_string"}}],"inLanguage":"fr-FR"},{"@type":"Organization","@id":"https:\/\/www.ifplants.eu\/fr\/#organization","name":"ifplants","url":"https:\/\/www.ifplants.eu\/fr\/","logo":{"@type":"ImageObject","inLanguage":"fr-FR","@id":"https:\/\/www.ifplants.eu\/fr\/#\/schema\/logo\/image\/","url":"https:\/\/www.ifplants.eu\/wp-content\/uploads\/2021\/03\/logo.png","contentUrl":"https:\/\/www.ifplants.eu\/wp-content\/uploads\/2021\/03\/logo.png","width":116,"height":70,"caption":"ifplants"},"image":{"@id":"https:\/\/www.ifplants.eu\/fr\/#\/schema\/logo\/image\/"},"sameAs":["https:\/\/www.facebook.com\/ifplantspepinieres\/","https:\/\/www.instagram.com\/ifplants\/","https:\/\/www.linkedin.com\/company\/if-plants\/","https:\/\/youtube.com\/channel\/UC69COSViXsi8cJQuMQlWRew"]}]}},"_links":{"self":[{"href":"https:\/\/www.ifplants.eu\/fr\/wp-json\/wp\/v2\/pages\/382","targetHints":{"allow":["GET"]}}],"collection":[{"href":"https:\/\/www.ifplants.eu\/fr\/wp-json\/wp\/v2\/pages"}],"about":[{"href":"https:\/\/www.ifplants.eu\/fr\/wp-json\/wp\/v2\/types\/page"}],"author":[{"embeddable":true,"href":"https:\/\/www.ifplants.eu\/fr\/wp-json\/wp\/v2\/users\/1"}],"replies":[{"embeddable":true,"href":"https:\/\/www.ifplants.eu\/fr\/wp-json\/wp\/v2\/comments?post=382"}],"version-history":[{"count":102,"href":"https:\/\/www.ifplants.eu\/fr\/wp-json\/wp\/v2\/pages\/382\/revisions"}],"predecessor-version":[{"id":60591,"href":"https:\/\/www.ifplants.eu\/fr\/wp-json\/wp\/v2\/pages\/382\/revisions\/60591"}],"wp:attachment":[{"href":"https:\/\/www.ifplants.eu\/fr\/wp-json\/wp\/v2\/media?parent=382"}],"curies":[{"name":"wp","href":"https:\/\/api.w.org\/{rel}","templated":true}]}}